{"file_id":"F40","vid":"V3150","name":"P6330","var_intrvl":"discrete","var_dcml":"0","var_wgt":null,"var_is_wgt":null,"loc_start_pos":"104","loc_end_pos":"104","loc_width":"1","loc_rec_seg_no":"1","labl":"Despu\u00e9s de su \u00faltimo empleo, \u00bf\u2026..ha hecho alguna diligencia para conseguir trabajo o instalar un negocio?","var_imputation":null,"var_security":"El acceso a microdatos y Mam-up se considera como de tratamiento especial respecto a la reserva estad\u00edstica por tanto estar\u00e1 sujeto a la reglamentaci\u00f3n que para el efecto defina el Comit\u00e9 de Aseguramiento de la reserva estad\u00edstica. Resoluci\u00f3n 173 de 2008.","var_resp_unit":"Informante Directo","var_analysis_unit":null,"var_qstn_preqtxt":"Durante los \u00faltimos 12 MESES(\u00faltimas 52 semanas) \u00bf\u2026trabaj\u00f3 por lo menos 2 semanas consecutivas?\n\n1. S\u00ed\n2. No","var_qstn_qstnlit":"Despu\u00e9s de su \u00faltimo empleo, \u00bf\u2026..ha hecho alguna diligencia para conseguir trabajo o instalar un negocio?\n\n1. S\u00ed\n2. No","var_qstn_postqtxt":"Durante los \u00faltimos 12 MESES (\u00faltimas 52 semanas)  \u00bf\u2026ha hecho alguna diligencia para conseguir trabajo o instalar un negocio?\n\n1. S\u00ed\n2. No","var_qstn_ivuinstr":"Esta pregunta va dirigida a las personas que realizaron alg\u00fan trabajo por lo menos durante dos semanas consecutivas en los \u00faltimos doce meses, y pretende determinar si despu\u00e9s de su \u00faltimo trabajo, han realizado diligencias para conseguir trabajo.\n\n\nNota: Debe aclararse que el criterio de b\u00fasqueda de empleo para las personas que han trabajado por lo menos dos semanas consecutivas, solo se refiere a la b\u00fasqueda despu\u00e9s de este \u00faltimo trabajo. Por tal raz\u00f3n si una persona busc\u00f3 empleo en los meses de julio a octubre de 2010 trabaj\u00f3 desde el 1\u00ba de noviembre de 2010 hasta el 15 de diciembre 2010 y despu\u00e9s de ese \u00faltimo trabajo no ha hecho diligencias para conseguir empleo quedar\u00e1 registrado con c\u00f3digo 2.","var_universe":"El universo para la ECV est\u00e1 conformado por la poblaci\u00f3n civil no institucional resi\u00addente en todo el territorio nacional.\n\nEste cap\u00edtulo va dirigido a personas de 12 a\u00f1os y m\u00e1s.","var_universe_clusion":"I","var_sumstat":[{"value":"2075","type":"vald","wgtd":null},{"value":"68217","type":"invd","wgtd":null},{"value":"1","type":"min","wgtd":null},{"value":"2","type":"max","wgtd":null},{"value":"1.761","type":"mean","wgtd":null},{"value":"0.426","type":"stdev","wgtd":null}],"var_txt":null,"var_catgry":[{"value":"2","labl":"No","is_missing":null,"stats":[{"value":"1580","type":"freq","wgtd":null}]},{"value":"1","labl":"S\u00ed","is_missing":null,"stats":[{"value":"495","type":"freq","wgtd":null}]},{"value":"Sysmiss","labl":null,"is_missing":"Y","stats":[{"value":"68217","type":"freq","wgtd":null}]}],"var_codinstr":null,"var_concept":[],"var_format":{"type":"numeric","schema":"other","category":null,"name":null},"var_notes":null,"var_val_range":{"min":null,"max":null},"fid":"F40","sid":"196","survey_idno":"DANE-DIRPEN-ENCV-2011"}