{"file_id":"F40","vid":"V3160","name":"P6422","var_intrvl":"discrete","var_dcml":"0","var_wgt":null,"var_is_wgt":null,"loc_start_pos":"120","loc_end_pos":"120","loc_width":"1","loc_rec_seg_no":"1","labl":"\u00bfEsta..... conforme con el tipo de contrato que tiene? (De planta, por prestaci\u00f3n de servicios, por labor terminada, etc.)","var_imputation":null,"var_security":"El acceso a microdatos y Mam-up se considera como de tratamiento especial respecto a la reserva estad\u00edstica por tanto estar\u00e1 sujeto a la reglamentaci\u00f3n que para el efecto defina el Comit\u00e9 de Aseguramiento de la reserva estad\u00edstica. Resoluci\u00f3n 173 de 2008.","var_resp_unit":"Informante Directo","var_analysis_unit":null,"var_qstn_preqtxt":"\u00bfEl contrato de trabajo es a t\u00e9rmino indefinido o a t\u00e9rmino fijo? \n\n- N\u00famero de meses","var_qstn_qstnlit":"\u00bfEsta..... conforme con el tipo de contrato que tiene? (De planta, por prestaci\u00f3n de servicios, por labor terminada, etc.)\n\n1. S\u00ed\n2. No","var_qstn_postqtxt":"\u00bfCu\u00e1nto mese lleva trabajando en esta empresa, negocio, industria, oficina, firma o finca de manera continua?\n\n- Meses","var_qstn_ivuinstr":"Con esta pregunta se espera conocer si la persona se encuentra conforme o no con el tipo de contrato que tiene.","var_universe":"El universo para la ECV est\u00e1 conformado por la poblaci\u00f3n civil no institucional resi\u00addente en todo el territorio nacional.\n\nEste cap\u00edtulo va dirigido a personas de 12 a\u00f1os y m\u00e1s.","var_universe_clusion":"I","var_sumstat":[{"value":"17088","type":"vald","wgtd":null},{"value":"53204","type":"invd","wgtd":null},{"value":"1","type":"min","wgtd":null},{"value":"2","type":"max","wgtd":null},{"value":"1.207","type":"mean","wgtd":null},{"value":"0.405","type":"stdev","wgtd":null}],"var_txt":null,"var_catgry":[{"value":"1","labl":"S\u00ed","is_missing":null,"stats":[{"value":"13544","type":"freq","wgtd":null}]},{"value":"2","labl":"No","is_missing":null,"stats":[{"value":"3544","type":"freq","wgtd":null}]},{"value":"Sysmiss","labl":null,"is_missing":"Y","stats":[{"value":"53204","type":"freq","wgtd":null}]}],"var_codinstr":null,"var_concept":[],"var_format":{"type":"numeric","schema":"other","category":null,"name":null},"var_notes":null,"var_val_range":{"min":null,"max":null},"fid":"F40","sid":"196","survey_idno":"DANE-DIRPEN-ENCV-2011"}