{"file_id":"F40","vid":"V3162","name":"P6990","var_intrvl":"discrete","var_dcml":"0","var_wgt":null,"var_is_wgt":null,"loc_start_pos":"124","loc_end_pos":"124","loc_width":"1","loc_rec_seg_no":"1","labl":"\u00bfEst\u00e1 afiliado por una empresa o individualmente a una Aseguradora de Riesgos Profesionales (ARP) (por accidentes de trabajo, enfermedad profesional et)?","var_imputation":null,"var_security":"El acceso a microdatos y Mam-up se considera como de tratamiento especial respecto a la reserva estad\u00edstica por tanto estar\u00e1 sujeto a la reglamentaci\u00f3n que para el efecto defina el Comit\u00e9 de Aseguramiento de la reserva estad\u00edstica. Resoluci\u00f3n 173 de 2008.","var_resp_unit":"Informante Directo","var_analysis_unit":null,"var_qstn_preqtxt":"\u00bfCu\u00e1nto meses lleva trabajando en esta empresa, negocio, industria, oficina, firma o finca de manera continua?\n\n- Meses","var_qstn_qstnlit":"\u00bfEst\u00e1 afiliado por una empresa o individualmente a una Aseguradora de Riesgos Profesionales (ARP) (por accidentes de trabajo, enfermedad profesional et)?\n\n1\tS\u00ed\n2\tNo\n9\tNo sabe, no informa","var_qstn_postqtxt":"\u00bfLa empresa donde trabaja le suministra elementos de protecci\u00f3n personal para la realizaci\u00f3n de su trabajo?\n\n1. S\u00ed\n2. No\n3. No necesita","var_qstn_ivuinstr":null,"var_universe":"El universo para la ECV est\u00e1 conformado por la poblaci\u00f3n civil no institucional resi\u00addente en todo el territorio nacional.\n\nEste cap\u00edtulo va dirigido a personas de 12 a\u00f1os y m\u00e1s.","var_universe_clusion":"I","var_sumstat":[{"value":"15784","type":"vald","wgtd":null},{"value":"54508","type":"invd","wgtd":null},{"value":"1","type":"min","wgtd":null},{"value":"9","type":"max","wgtd":null},{"value":"1.655","type":"mean","wgtd":null},{"value":"1.023","type":"stdev","wgtd":null}],"var_txt":"Tenga en cuenta lo siguiente:\nAdministradora de riesgos profesionales (A.R.P): Son entidades p\u00fablicas o privadas destinadas a prevenir, proteger, y atender a los trabajadores por enfermedades y accidentes que puedan ocurrir como consecuencia de la actividad laboral.","var_catgry":[{"value":"1","labl":"S\u00ed","is_missing":null,"stats":[{"value":"7064","type":"freq","wgtd":null}]},{"value":"2","labl":"No","is_missing":null,"stats":[{"value":"8489","type":"freq","wgtd":null}]},{"value":"9","labl":"No sabe, no informa","is_missing":null,"stats":[{"value":"231","type":"freq","wgtd":null}]},{"value":"Sysmiss","labl":null,"is_missing":"Y","stats":[{"value":"54508","type":"freq","wgtd":null}]}],"var_codinstr":null,"var_concept":[],"var_format":{"type":"numeric","schema":"other","category":null,"name":null},"var_notes":null,"var_val_range":{"min":"1","max":"9"},"fid":"F40","sid":"196","survey_idno":"DANE-DIRPEN-ENCV-2011"}