{"file_id":"F40","vid":"V3200","name":"P6830","var_intrvl":"discrete","var_dcml":"0","var_wgt":null,"var_is_wgt":null,"loc_start_pos":"273","loc_end_pos":"273","loc_width":"1","loc_rec_seg_no":"1","labl":"\u00bfPor qu\u00e9 raz\u00f3n, de las horas que normalmente trabaja,  hubo algunas que no trabaj\u00f3 la semana pasada?","var_imputation":null,"var_security":"El acceso a microdatos y Mam-up se considera como de tratamiento especial respecto a la reserva estad\u00edstica por tanto estar\u00e1 sujeto a la reglamentaci\u00f3n que para el efecto defina el Comit\u00e9 de Aseguramiento de la reserva estad\u00edstica. Resoluci\u00f3n 173 de 2008.","var_resp_unit":"Informante Directo","var_analysis_unit":null,"var_qstn_preqtxt":"\u00bfCu\u00e1ntas Horas Trabaj\u00f3 Durante La Semana Pasada En Este Trabajo?","var_qstn_qstnlit":"\u00bfPor qu\u00e9 raz\u00f3n, de las horas que normalmente trabaja,  hubo algunas que no trabaj\u00f3 la semana pasada?\n\na. Enfermedad, permiso o licencia\nb. Festivos\nc. Vacaciones\nd. Capacitaci\u00f3n\ne. Suspensi\u00f3n o terminaci\u00f3n del empleo\nf. Reducci\u00f3n de la actividad econ\u00f3mica de la empresa\ng. Otro, \u00bfcu\u00e1l?","var_qstn_postqtxt":"\u00bfPor qu\u00e9 raz\u00f3n, de las horas que normalmente trabaja,  hubo algunas que no trabaj\u00f3 la semana pasada?\n\ncual?","var_qstn_ivuinstr":"Esta pregunta solo se les realiza a las personas que dijeron trabajar menos horas de las que normalmente trabajan. \nTenga en cuenta que una persona que trabaja normalmente 30 horas a la semana, si en pregunta 40 dice que trabaj\u00f3 menos horas que esas 30 que normalmente trabaja se le debe realizar la pregunta 41.","var_universe":"El universo para la ECV est\u00e1 conformado por la poblaci\u00f3n civil no institucional resi\u00addente en todo el territorio nacional.\n\nEste cap\u00edtulo va dirigido a personas de 12 a\u00f1os y m\u00e1s.","var_universe_clusion":"I","var_sumstat":[{"value":"2457","type":"vald","wgtd":null},{"value":"67835","type":"invd","wgtd":null},{"value":"1","type":"min","wgtd":null},{"value":"7","type":"max","wgtd":null},{"value":"5.086","type":"mean","wgtd":null},{"value":"2.166","type":"stdev","wgtd":null}],"var_txt":null,"var_catgry":[{"value":"6","labl":"Reducci\u00f3n de la actividad \u00e9conomica de la empresa","is_missing":null,"stats":[{"value":"1104","type":"freq","wgtd":null}]},{"value":"7","labl":"Otra, \u00bfcu\u00e1l?","is_missing":null,"stats":[{"value":"617","type":"freq","wgtd":null}]},{"value":"1","labl":"Enfermedad, permiso o licencia","is_missing":null,"stats":[{"value":"460","type":"freq","wgtd":null}]},{"value":"5","labl":"Suspensi\u00f3n o terminaci\u00f3n del empleo","is_missing":null,"stats":[{"value":"126","type":"freq","wgtd":null}]},{"value":"3","labl":"Vacaciones","is_missing":null,"stats":[{"value":"90","type":"freq","wgtd":null}]},{"value":"4","labl":"Capacitaci\u00f3n","is_missing":null,"stats":[{"value":"37","type":"freq","wgtd":null}]},{"value":"2","labl":"Festivos","is_missing":null,"stats":[{"value":"23","type":"freq","wgtd":null}]},{"value":"Sysmiss","labl":null,"is_missing":"Y","stats":[{"value":"67835","type":"freq","wgtd":null}]}],"var_codinstr":null,"var_concept":[],"var_format":{"type":"numeric","schema":"other","category":null,"name":null},"var_notes":null,"var_val_range":{"min":null,"max":null},"fid":"F40","sid":"196","survey_idno":"DANE-DIRPEN-ENCV-2011"}