{"file_id":"F40","vid":"V3202","name":"P8636","var_intrvl":"discrete","var_dcml":"0","var_wgt":null,"var_is_wgt":null,"loc_start_pos":"354","loc_end_pos":"354","loc_width":"1","loc_rec_seg_no":"1","labl":"Adem\u00e1s de su ocupaci\u00f3n u oficio principal,  \u00bf.... El mes pasado tuvo otros trabajos o negocios por los cuales recibi\u00f3 ingresos?","var_imputation":null,"var_security":"El acceso a microdatos y Mam-up se considera como de tratamiento especial respecto a la reserva estad\u00edstica por tanto estar\u00e1 sujeto a la reglamentaci\u00f3n que para el efecto defina el Comit\u00e9 de Aseguramiento de la reserva estad\u00edstica. Resoluci\u00f3n 173 de 2008.","var_resp_unit":"Informante Directo","var_analysis_unit":null,"var_qstn_preqtxt":"\u00bfPor qu\u00e9 raz\u00f3n, de las horas que normalmente trabaja,  hubo algunas que no trabaj\u00f3 la semana pasada?\n\ncual?","var_qstn_qstnlit":"Adem\u00e1s de su ocupaci\u00f3n u oficio principal,  \u00bf.... El mes pasado tuvo otros trabajos o negocios por los cuales recibi\u00f3 ingresos?\n\n1. S\u00ed\n2. No","var_qstn_postqtxt":"Valor total percibido $_________","var_qstn_ivuinstr":"El objetivo de la pregunta es captar los empleos secundarios, independientemente de si estuvo ausente de los mismos durante el mes de referencia, as\u00ed los realice dentro o fuera del hogar. \nEsta informaci\u00f3n es importante para las estad\u00edsticas laborales y para estudios comparativos y complementarios con las cifras de cuentas nacionales.","var_universe":"El universo para la ECV est\u00e1 conformado por la poblaci\u00f3n civil no institucional resi\u00addente en todo el territorio nacional.\n\nEste cap\u00edtulo va dirigido a personas de 12 a\u00f1os y m\u00e1s.","var_universe_clusion":"I","var_sumstat":[{"value":"37851","type":"vald","wgtd":null},{"value":"32441","type":"invd","wgtd":null},{"value":"1","type":"min","wgtd":null},{"value":"2","type":"max","wgtd":null},{"value":"1.908","type":"mean","wgtd":null},{"value":"0.29","type":"stdev","wgtd":null}],"var_txt":null,"var_catgry":[{"value":"2","labl":"No","is_missing":null,"stats":[{"value":"34355","type":"freq","wgtd":null}]},{"value":"1","labl":"S\u00ed","is_missing":null,"stats":[{"value":"3496","type":"freq","wgtd":null}]},{"value":"Sysmiss","labl":null,"is_missing":"Y","stats":[{"value":"32441","type":"freq","wgtd":null}]}],"var_codinstr":null,"var_concept":[],"var_format":{"type":"numeric","schema":"other","category":null,"name":null},"var_notes":null,"var_val_range":{"min":null,"max":null},"fid":"F40","sid":"196","survey_idno":"DANE-DIRPEN-ENCV-2011"}