{"file_id":"F41","vid":"V3247","name":"P5230","var_intrvl":"discrete","var_dcml":"0","var_wgt":null,"var_is_wgt":null,"loc_start_pos":"22","loc_end_pos":"22","loc_width":"1","loc_rec_seg_no":"1","labl":"\u00bfUsted se considera pobre?","var_imputation":null,"var_security":"El acceso a microdatos y Mam-up se considera como de tratamiento especial respecto a la reserva estad\u00edstica por tanto estar\u00e1 sujeto a la reglamentaci\u00f3n que para el efecto defina el Comit\u00e9 de Aseguramiento de la reserva estad\u00edstica. Resoluci\u00f3n 173 de 2008.","var_resp_unit":"informante Directo.","var_analysis_unit":null,"var_qstn_preqtxt":"6. \u00bfUsted piensa que el nivel de vida act\u00faal de su hogar, respecto al que ten\u00eda 5 a\u00f1os atr\u00e1s es?\n\na. Mejor\nb. Igual\nc. Peor","var_qstn_qstnlit":"7. \u00bfUsted se considera pobre?\n\n1\tS\u00ed\n2\tNo","var_qstn_postqtxt":"8. De las siguientes situaciones, \u00bfcu\u00e1l cree usted que le puede producir m\u00e1s tensi\u00f3n o preocupaci\u00f3n?\n\na. De dinero\nb. De salud\nc. Con su familia\nd. En su trabajo o estudio\ne. Con su pareja\nf. Con la ley\ng. Ninguna de las anteriores","var_qstn_ivuinstr":"Con esta pregunta se quiere conocer la percepci\u00f3n de pobreza que tiene el jefe de hogar o su c\u00f3nyuge.  Corresponde al balance que hace la persona sobre todos los aspectos de su vida y del entorno que lo rodea.","var_universe":"El universo para la Encuesta de Calidad de Vida est\u00e1 conformado por la poblaci\u00f3n civil no institucional residente en todo el territorio nacional. \n\nEste cap\u00edtulo va dirigido a todos y cada uno de los hogares existentes en la vivienda.","var_universe_clusion":"I","var_sumstat":[{"value":"25327","type":"vald","wgtd":null},{"value":"37","type":"invd","wgtd":null},{"value":"1","type":"min","wgtd":null},{"value":"2","type":"max","wgtd":null},{"value":"1.439","type":"mean","wgtd":null},{"value":"0.496","type":"stdev","wgtd":null}],"var_txt":null,"var_catgry":[{"value":"1","labl":"S\u00ed","is_missing":null,"stats":[{"value":"14200","type":"freq","wgtd":null}]},{"value":"2","labl":"No","is_missing":null,"stats":[{"value":"11127","type":"freq","wgtd":null}]},{"value":"Sysmiss","labl":null,"is_missing":"Y","stats":[{"value":"37","type":"freq","wgtd":null}]}],"var_codinstr":null,"var_concept":[],"var_format":{"type":"numeric","schema":"other","category":null,"name":null},"var_notes":null,"var_val_range":{"min":"1","max":"2"},"fid":"F41","sid":"196","survey_idno":"DANE-DIRPEN-ENCV-2011"}