{"file_id":"F41","vid":"V3294","name":"P5185S9A2","var_intrvl":"discrete","var_dcml":null,"var_wgt":null,"var_is_wgt":null,"loc_start_pos":"183","loc_end_pos":"262","loc_width":"80","loc_rec_seg_no":"1","labl":"Cuales?","var_imputation":null,"var_security":"El acceso a microdatos y Mam-up se considera como de tratamiento especial respecto a la reserva estad\u00edstica por tanto estar\u00e1 sujeto a la reglamentaci\u00f3n que para el efecto defina el Comit\u00e9 de Aseguramiento de la reserva estad\u00edstica. Resoluci\u00f3n 173 de 2008.","var_resp_unit":"informante Directo.","var_analysis_unit":null,"var_qstn_preqtxt":"12. Durante los \u00faltimos doce meses, \u00bfalg\u00fan miembro de este hogar recibi\u00f3 ayudas o subsidios en dinero o en especie de entidades del gobierno nacional, departamental o municipal por concepto de:\n\nOtro, cu\u00e1l?\n\n\u00bfcuantos miembros del hogar recibieron el subsidio?","var_qstn_qstnlit":"12. Durante los \u00faltimos doce meses, \u00bfalg\u00fan miembro de este hogar recibi\u00f3 ayudas o subsidios en dinero o en especie de entidades del gobierno nacional, departamental o municipal por concepto de:\n\nOtro, cu\u00e1l?\n\nCuales?","var_qstn_postqtxt":null,"var_qstn_ivuinstr":"Con esta pregunta se pretende conocer la cobertura de algunos programas del gobierno implementados en la b\u00fasqueda de la erradicaci\u00f3n de la pobreza en el pa\u00eds.","var_universe":"El universo para la Encuesta de Calidad de Vida est\u00e1 conformado por la poblaci\u00f3n civil no institucional residente en todo el territorio nacional. \n\nEste cap\u00edtulo va dirigido a todos y cada uno de los hogares existentes en la vivienda.","var_universe_clusion":"I","var_sumstat":[{"value":"794","type":"vald","wgtd":null},{"value":"0","type":"invd","wgtd":null}],"var_txt":"Otro. Son otro tipo de subsidios no contemplados en los anteriores","var_catgry":[{"value":"COLOMBIA HUMANITARIA","labl":null,"is_missing":null,"stats":[{"value":"70","type":"freq","wgtd":null}]},{"value":"DESAYUNOS INFANTILES","labl":null,"is_missing":null,"stats":[{"value":"42","type":"freq","wgtd":null}]},{"value":"MERCADO","labl":null,"is_missing":null,"stats":[{"value":"29","type":"freq","wgtd":null}]},{"value":"MERCADO HUMANITARIO","labl":null,"is_missing":null,"stats":[{"value":"21","type":"freq","wgtd":null}]},{"value":"ACCION SOCIAL","labl":null,"is_missing":null,"stats":[{"value":"18","type":"freq","wgtd":null}]},{"value":"MERCADOS POR OLA INVERNAL","labl":null,"is_missing":null,"stats":[{"value":"17","type":"freq","wgtd":null}]},{"value":"REMESA POR OLA INVERNAL","labl":null,"is_missing":null,"stats":[{"value":"15","type":"freq","wgtd":null}]},{"value":"DESPLAZADOS","labl":null,"is_missing":null,"stats":[{"value":"15","type":"freq","wgtd":null}]},{"value":"OLA INVERNAL","labl":null,"is_missing":null,"stats":[{"value":"13","type":"freq","wgtd":null}]},{"value":"AYUDA HUMANITARIA","labl":null,"is_missing":null,"stats":[{"value":"13","type":"freq","wgtd":null}]},{"value":"VIVERES Y ABARROTES","labl":null,"is_missing":null,"stats":[{"value":"12","type":"freq","wgtd":null}]},{"value":"MERCADOS","labl":null,"is_missing":null,"stats":[{"value":"12","type":"freq","wgtd":null}]},{"value":"MERCADO PARA DAMNIFICADOS POR EL INVIERNO","labl":null,"is_missing":null,"stats":[{"value":"11","type":"freq","wgtd":null}]},{"value":"DESAYUNO INFANTIL","labl":null,"is_missing":null,"stats":[{"value":"11","type":"freq","wgtd":null}]},{"value":"SUBSIDIO DE OLA INVERNAL","labl":null,"is_missing":null,"stats":[{"value":"9","type":"freq","wgtd":null}]},{"value":"SUBSIDIO DE COLOMBIA HUMANITARIA","labl":null,"is_missing":null,"stats":[{"value":"9","type":"freq","wgtd":null}]},{"value":"CRUZ ROJA INTERNACIONAL","labl":null,"is_missing":null,"stats":[{"value":"8","type":"freq","wgtd":null}]},{"value":"BIENESTAR FAMILIAR","labl":null,"is_missing":null,"stats":[{"value":"8","type":"freq","wgtd":null}]},{"value":"SUBSIDIO DE DESPLAZADOS","labl":null,"is_missing":null,"stats":[{"value":"6","type":"freq","wgtd":null}]},{"value":"FAMY","labl":null,"is_missing":null,"stats":[{"value":"6","type":"freq","wgtd":null}]},{"value":"EL MERCADO DE LA OLA INVERNAL","labl":null,"is_missing":null,"stats":[{"value":"6","type":"freq","wgtd":null}]},{"value":"VIVERES","labl":null,"is_missing":null,"stats":[{"value":"5","type":"freq","wgtd":null}]},{"value":"PAQUETE ALIMENTARIO","labl":null,"is_missing":null,"stats":[{"value":"5","type":"freq","wgtd":null}]},{"value":"MERCADO DE LA OLA INVERNAL","labl":null,"is_missing":null,"stats":[{"value":"5","type":"freq","wgtd":null}]},{"value":"DESAYUNOS INFANTILES CON AMOR","labl":null,"is_missing":null,"stats":[{"value":"5","type":"freq","wgtd":null}]},{"value":"AYUDAS DE COLOMBIA HUMANITARIA","labl":null,"is_missing":null,"stats":[{"value":"5","type":"freq","wgtd":null}]},{"value":"AYUDAS COLOMBIA HUMANITARIA","labl":null,"is_missing":null,"stats":[{"value":"5","type":"freq","wgtd":null}]},{"value":"REMESAS","labl":null,"is_missing":null,"stats":[{"value":"4","type":"freq","wgtd":null}]},{"value":"CRUZ ROJA","labl":null,"is_missing":null,"stats":[{"value":"4","type":"freq","wgtd":null}]},{"value":"SUBSIDIO FAMILIAR","labl":null,"is_missing":null,"stats":[{"value":"3","type":"freq","wgtd":null}]},{"value":"SUBSIDIO DE DESPLAZADO","labl":null,"is_missing":null,"stats":[{"value":"3","type":"freq","wgtd":null}]},{"value":"REMESA HUMANITARIA","labl":null,"is_missing":null,"stats":[{"value":"3","type":"freq","wgtd":null}]},{"value":"POBLACION EN CONDICION DE DESPLAZAMIENTO","labl":null,"is_missing":null,"stats":[{"value":"3","type":"freq","wgtd":null}]},{"value":"POBLACION DESPLAZADA","labl":null,"is_missing":null,"stats":[{"value":"3","type":"freq","wgtd":null}]},{"value":"MUNICIPAL (OLA INVERNAL)","labl":null,"is_missing":null,"stats":[{"value":"3","type":"freq","wgtd":null}]},{"value":"MERCADOS POR HOLA INVERNAL","labl":null,"is_missing":null,"stats":[{"value":"3","type":"freq","wgtd":null}]},{"value":"AYUDA DE COLOMBIA HUMANITARIA","labl":null,"is_missing":null,"stats":[{"value":"3","type":"freq","wgtd":null}]},{"value":"ALIMENTOS","labl":null,"is_missing":null,"stats":[{"value":"3","type":"freq","wgtd":null}]},{"value":"YUCUTA","labl":null,"is_missing":null,"stats":[{"value":"2","type":"freq","wgtd":null}]},{"value":"TERCERA EDAD","labl":null,"is_missing":null,"stats":[{"value":"2","type":"freq","wgtd":null}]},{"value":"SUBSIDIO DE LA OLA INVERNAL","labl":null,"is_missing":null,"stats":[{"value":"2","type":"freq","wgtd":null}]},{"value":"REMESA","labl":null,"is_missing":null,"stats":[{"value":"2","type":"freq","wgtd":null}]},{"value":"RED JUNTOS","labl":null,"is_missing":null,"stats":[{"value":"2","type":"freq","wgtd":null}]},{"value":"POBLACION DESPLAZADA POR LA VIOLENCIA","labl":null,"is_missing":null,"stats":[{"value":"2","type":"freq","wgtd":null}]},{"value":"PLAN COLOMBIA","labl":null,"is_missing":null,"stats":[{"value":"2","type":"freq","wgtd":null}]},{"value":"PARA DESPLAZADOS POR LA VIOLENCIA","labl":null,"is_missing":null,"stats":[{"value":"2","type":"freq","wgtd":null}]},{"value":"MERCADO POR OLA INVERNAL","labl":null,"is_missing":null,"stats":[{"value":"2","type":"freq","wgtd":null}]},{"value":"MEJORAMIENTO DE VIVIENDA","labl":null,"is_missing":null,"stats":[{"value":"2","type":"freq","wgtd":null}]},{"value":"MANA","labl":null,"is_missing":null,"stats":[{"value":"2","type":"freq","wgtd":null}]},{"value":"JUNTOS","labl":null,"is_missing":null,"stats":[{"value":"2","type":"freq","wgtd":null}]},{"value":"GUAJIRA SIN JAMUSHIRI","labl":null,"is_missing":null,"stats":[{"value":"2","type":"freq","wgtd":null}]},{"value":"FAMI","labl":null,"is_missing":null,"stats":[{"value":"2","type":"freq","wgtd":null}]},{"value":"DINERO","labl":null,"is_missing":null,"stats":[{"value":"2","type":"freq","wgtd":null}]},{"value":"DESPLAZADO","labl":null,"is_missing":null,"stats":[{"value":"2","type":"freq","wgtd":null}]},{"value":"DESAYUNOS NUTRICIONALES","labl":null,"is_missing":null,"stats":[{"value":"2","type":"freq","wgtd":null}]},{"value":"DESAYUNOS INFANTILES (I.C.B.F.)","labl":null,"is_missing":null,"stats":[{"value":"2","type":"freq","wgtd":null}]},{"value":"DESAYUNO INFANTIL ICBF","labl":null,"is_missing":null,"stats":[{"value":"2","type":"freq","wgtd":null}]},{"value":"DE DESPLAZADOS","labl":null,"is_missing":null,"stats":[{"value":"2","type":"freq","wgtd":null}]},{"value":"CRECIMIENTO Y DESARROLLO","labl":null,"is_missing":null,"stats":[{"value":"2","type":"freq","wgtd":null}]},{"value":"CONFENALCO","labl":null,"is_missing":null,"stats":[{"value":"2","type":"freq","wgtd":null}]},{"value":"COMFENALCO","labl":null,"is_missing":null,"stats":[{"value":"2","type":"freq","wgtd":null}]},{"value":"COLOMBIA  HUMANITARIA","labl":null,"is_missing":null,"stats":[{"value":"2","type":"freq","wgtd":null}]},{"value":"AYUDA DE MANA","labl":null,"is_missing":null,"stats":[{"value":"2","type":"freq","wgtd":null}]},{"value":"AYUDA COLOMBIA HUMANITARIA","labl":null,"is_missing":null,"stats":[{"value":"2","type":"freq","wgtd":null}]},{"value":"ALCALDIA MUNICIPAL","labl":null,"is_missing":null,"stats":[{"value":"2","type":"freq","wgtd":null}]},{"value":"1","labl":null,"is_missing":null,"stats":[{"value":"2","type":"freq","wgtd":null}]},{"value":"familia en accion","labl":null,"is_missing":null,"stats":[{"value":"1","type":"freq","wgtd":null}]},{"value":"desayuno infantil","labl":null,"is_missing":null,"stats":[{"value":"1","type":"freq","wgtd":null}]},{"value":"ayuda humanitaria","labl":null,"is_missing":null,"stats":[{"value":"1","type":"freq","wgtd":null}]},{"value":"ayuda afectados ola invernal","labl":null,"is_missing":null,"stats":[{"value":"1","type":"freq","wgtd":null}]},{"value":"ZARA VALENTINAHINESTROZA MOSQURA JORGEANDRESHINESTROZAMURILLO Y LIZETCRISTINA MO","labl":null,"is_missing":null,"stats":[{"value":"1","type":"freq","wgtd":null}]},{"value":"YULY  ANDREA CORDOBA SANDARRIAGA","labl":null,"is_missing":null,"stats":[{"value":"1","type":"freq","wgtd":null}]},{"value":"YALEYSSY PALACIOS  MOSQUERA  Y  YENCY  ISABEL  PALACIOS  MOSQUERA","labl":null,"is_missing":null,"stats":[{"value":"1","type":"freq","wgtd":null}]},{"value":"VIVERES QUE DA LA ALCALDIA","labl":null,"is_missing":null,"stats":[{"value":"1","type":"freq","wgtd":null}]},{"value":"UN MRCADO MENSUAL","labl":null,"is_missing":null,"stats":[{"value":"1","type":"freq","wgtd":null}]},{"value":"UN MERCADO","labl":null,"is_missing":null,"stats":[{"value":"1","type":"freq","wgtd":null}]},{"value":"UN  MERCADO PARA MANUTENCION POR PARTE DE LA ALCALDIA","labl":null,"is_missing":null,"stats":[{"value":"1","type":"freq","wgtd":null}]},{"value":"SUMINISTRO DE MERCADO POR CONCEPTO DE DAMNIFICADOS OLA INVERNAL (COLOMBIA HUMANI","labl":null,"is_missing":null,"stats":[{"value":"1","type":"freq","wgtd":null}]},{"value":"SUDSIDIO POR DESPLZAMIENTO","labl":null,"is_missing":null,"stats":[{"value":"1","type":"freq","wgtd":null}]},{"value":"SUDCIDIO DE DESPLAZADOS","labl":null,"is_missing":null,"stats":[{"value":"1","type":"freq","wgtd":null}]},{"value":"SUBSUDIO DE DESPLAZADOS","labl":null,"is_missing":null,"stats":[{"value":"1","type":"freq","wgtd":null}]},{"value":"SUBSIDIO POR INVALIDEZ. REPARACION DE VICTIMAS DE ACCION SOCIAL.","labl":null,"is_missing":null,"stats":[{"value":"1","type":"freq","wgtd":null}]},{"value":"SUBSIDIO POR DESPLAZADO","labl":null,"is_missing":null,"stats":[{"value":"1","type":"freq","wgtd":null}]},{"value":"SUBSIDIO POR DESPLAZADA","labl":null,"is_missing":null,"stats":[{"value":"1","type":"freq","wgtd":null}]},{"value":"SUBSIDIO OLA INVERNAL","labl":null,"is_missing":null,"stats":[{"value":"1","type":"freq","wgtd":null}]},{"value":"SUBSIDIO ESCOLAR POR ALCALDIA","labl":null,"is_missing":null,"stats":[{"value":"1","type":"freq","wgtd":null}]},{"value":"SUBSIDIO ESCOLAR","labl":null,"is_missing":null,"stats":[{"value":"1","type":"freq","wgtd":null}]},{"value":"SUBSIDIO EN MERCADO POR OLA INVERNAL","labl":null,"is_missing":null,"stats":[{"value":"1","type":"freq","wgtd":null}]},{"value":"SUBSIDIO EN DINERO","labl":null,"is_missing":null,"stats":[{"value":"1","type":"freq","wgtd":null}]},{"value":"SUBSIDIO DISCAPACIDAD","labl":null,"is_missing":null,"stats":[{"value":"1","type":"freq","wgtd":null}]},{"value":"SUBSIDIO DEL MAGISTERIO POR UN HIJO PROFESOR","labl":null,"is_missing":null,"stats":[{"value":"1","type":"freq","wgtd":null}]},{"value":"SUBSIDIO DEL ESTADO","labl":null,"is_missing":null,"stats":[{"value":"1","type":"freq","wgtd":null}]},{"value":"SUBSIDIO DE VIVIENDA","labl":null,"is_missing":null,"stats":[{"value":"1","type":"freq","wgtd":null}]},{"value":"SUBSIDIO DE VEJEZ","labl":null,"is_missing":null,"stats":[{"value":"1","type":"freq","wgtd":null}]},{"value":"SUBSIDIO DE OLA INVERNAL- COLOMBIA HUMANITARIA","labl":null,"is_missing":null,"stats":[{"value":"1","type":"freq","wgtd":null}]},{"value":"SUBSIDIO DE OLA INVERNAL - COLOMBIA HUMANITARIA","labl":null,"is_missing":null,"stats":[{"value":"1","type":"freq","wgtd":null}]},{"value":"SUBSIDIO DE OLA INFERNAL","labl":null,"is_missing":null,"stats":[{"value":"1","type":"freq","wgtd":null}]},{"value":"SUBSIDIO DE LA CASA CAMPESINA","labl":null,"is_missing":null,"stats":[{"value":"1","type":"freq","wgtd":null}]},{"value":"SUBSIDIO DE LA ALCALDIA PARA ESTUDIO DE LOS DOS HIJOS JEAN PIERRE Y DANIELA","labl":null,"is_missing":null,"stats":[{"value":"1","type":"freq","wgtd":null}]},{"value":"SUBSIDIO DE ESTUDIO","labl":null,"is_missing":null,"stats":[{"value":"1","type":"freq","wgtd":null}]},{"value":"SUBSIDIO DE DESPLASADOS","labl":null,"is_missing":null,"stats":[{"value":"1","type":"freq","wgtd":null}]},{"value":"SUBSIDIO DE DESEMPLEO","labl":null,"is_missing":null,"stats":[{"value":"1","type":"freq","wgtd":null}]},{"value":"SUBSIDIO DE COMFABOY","labl":null,"is_missing":null,"stats":[{"value":"1","type":"freq","wgtd":null}]},{"value":"SUBSIDIO DE ARRIENDO POR DESASTRE NATURAL","labl":null,"is_missing":null,"stats":[{"value":"1","type":"freq","wgtd":null}]},{"value":"SUBSIDIO DE ACCION SOCIAL Y RED JUNTOS","labl":null,"is_missing":null,"stats":[{"value":"1","type":"freq","wgtd":null}]},{"value":"SUBSIDIO DE ACCION SOCIAL","labl":null,"is_missing":null,"stats":[{"value":"1","type":"freq","wgtd":null}]},{"value":"SUBSIDIO BIENESTAR FAMILIAR","labl":null,"is_missing":null,"stats":[{"value":"1","type":"freq","wgtd":null}]},{"value":"SUBSIDIO ALA  TERCERA  EDAD","labl":null,"is_missing":null,"stats":[{"value":"1","type":"freq","wgtd":null}]},{"value":"SUBSIDIO A DAMNIFICADOS DEL INVIERNO","labl":null,"is_missing":null,"stats":[{"value":"1","type":"freq","wgtd":null}]},{"value":"SUBSIDIO  DEL  INVIERNO","labl":null,"is_missing":null,"stats":[{"value":"1","type":"freq","wgtd":null}]},{"value":"SUBSIDIO  DE AYUDA  HUMANITARIA","labl":null,"is_missing":null,"stats":[{"value":"1","type":"freq","wgtd":null}]},{"value":"SUBSIDIO  DE  LA  CAJA  DE  COMPENSACION  FAMILIAR","labl":null,"is_missing":null,"stats":[{"value":"1","type":"freq","wgtd":null}]},{"value":"SUBSIDIO  DE  DESMOVILIZADO DE LAS AUTODEFENSA","labl":null,"is_missing":null,"stats":[{"value":"1","type":"freq","wgtd":null}]},{"value":"SUBSIDIO  DE  ALIMENTACIO","labl":null,"is_missing":null,"stats":[{"value":"1","type":"freq","wgtd":null}]},{"value":"SUBSICIO EN ARRIENDO POR DESASTRE NATURAL","labl":null,"is_missing":null,"stats":[{"value":"1","type":"freq","wgtd":null}]},{"value":"SUBCIDIO POR DESPLAZADO","labl":null,"is_missing":null,"stats":[{"value":"1","type":"freq","wgtd":null}]},{"value":"SUBCIDIO PARA PENSION","labl":null,"is_missing":null,"stats":[{"value":"1","type":"freq","wgtd":null}]},{"value":"SUBCIDIO DE OLA INVERNAL","labl":null,"is_missing":null,"stats":[{"value":"1","type":"freq","wgtd":null}]},{"value":"SUBCIDIO DE DESPLAZADO","labl":null,"is_missing":null,"stats":[{"value":"1","type":"freq","wgtd":null}]},{"value":"SUBCIDIO CONFABOY","labl":null,"is_missing":null,"stats":[{"value":"1","type":"freq","wgtd":null}]},{"value":"SUBCIDIO   DE   DESPLAZADOS","labl":null,"is_missing":null,"stats":[{"value":"1","type":"freq","wgtd":null}]},{"value":"SEMILLAS E INSUMOS Y ASISTENCIA TECNICA POR PARTE DEL SENA PARA CULTIVO","labl":null,"is_missing":null,"stats":[{"value":"1","type":"freq","wgtd":null}]},{"value":"SEGURIDAD ALIMENTARIA","labl":null,"is_missing":null,"stats":[{"value":"1","type":"freq","wgtd":null}]},{"value":"RIESGO NATURAL","labl":null,"is_missing":null,"stats":[{"value":"1","type":"freq","wgtd":null}]},{"value":"RESIBIO  DINERO","labl":null,"is_missing":null,"stats":[{"value":"1","type":"freq","wgtd":null}]},{"value":"REPARACION DE VICTIMAS","labl":null,"is_missing":null,"stats":[{"value":"1","type":"freq","wgtd":null}]},{"value":"RENACER","labl":null,"is_missing":null,"stats":[{"value":"1","type":"freq","wgtd":null}]},{"value":"REMEZAS HUMANITARIAS","labl":null,"is_missing":null,"stats":[{"value":"1","type":"freq","wgtd":null}]},{"value":"REMEZA","labl":null,"is_missing":null,"stats":[{"value":"1","type":"freq","wgtd":null}]},{"value":"REMESAS POR LA OLA INVERNAL","labl":null,"is_missing":null,"stats":[{"value":"1","type":"freq","wgtd":null}]},{"value":"REMESAS PARA DESPLAZADOS","labl":null,"is_missing":null,"stats":[{"value":"1","type":"freq","wgtd":null}]},{"value":"REMESAS HUMANIARIA","labl":null,"is_missing":null,"stats":[{"value":"1","type":"freq","wgtd":null}]},{"value":"REMESA POR LA OLA INVERNAL","labl":null,"is_missing":null,"stats":[{"value":"1","type":"freq","wgtd":null}]},{"value":"REMESA DE OLA INVERNAL","labl":null,"is_missing":null,"stats":[{"value":"1","type":"freq","wgtd":null}]},{"value":"REMESA DE  COLOMBIA   HUMANITARIA","labl":null,"is_missing":null,"stats":[{"value":"1","type":"freq","wgtd":null}]},{"value":"REMESA CADA MES","labl":null,"is_missing":null,"stats":[{"value":"1","type":"freq","wgtd":null}]},{"value":"REMESA  POR COLOMBIA HUMANITARIA POR OLA INVERNAL","labl":null,"is_missing":null,"stats":[{"value":"1","type":"freq","wgtd":null}]},{"value":"REGALO DE TODA LA LISTA DE UTILES","labl":null,"is_missing":null,"stats":[{"value":"1","type":"freq","wgtd":null}]},{"value":"RECIERON  UN MERCADO","labl":null,"is_missing":null,"stats":[{"value":"1","type":"freq","wgtd":null}]},{"value":"RECIBEN UNA CANASTA ALIMENTARIA DURANTE 6 MESES EN EL CABILDO YA QUE PERTENECE A","labl":null,"is_missing":null,"stats":[{"value":"1","type":"freq","wgtd":null}]},{"value":"RECIBEN MERCADO CADA DOS  MESES POR ACCION  SOCIAL","labl":null,"is_missing":null,"stats":[{"value":"1","type":"freq","wgtd":null}]},{"value":"RECIBEN  MERCADO CADA 2 MESES  POR ACCION SOCIAL","labl":null,"is_missing":null,"stats":[{"value":"1","type":"freq","wgtd":null}]},{"value":"RECIBE DE PARTE DE LA ALCALDIA","labl":null,"is_missing":null,"stats":[{"value":"1","type":"freq","wgtd":null}]},{"value":"RECIBE AYUDAS ECONOMICAS DEL PROGRAMA DE DESMOLIZACION DE LA PRESIDENCIA","labl":null,"is_missing":null,"stats":[{"value":"1","type":"freq","wgtd":null}]},{"value":"RECIBE AYUDA DE UN PROGRAMA DE LA GOBERNACION OARA DISCAPACITADOS","labl":null,"is_missing":null,"stats":[{"value":"1","type":"freq","wgtd":null}]},{"value":"PROYECTO  PRUDUCTIVO","labl":null,"is_missing":null,"stats":[{"value":"1","type":"freq","wgtd":null}]},{"value":"PRORROGA DESPLAZADOS","labl":null,"is_missing":null,"stats":[{"value":"1","type":"freq","wgtd":null}]},{"value":"PROGRMA DE ALMUERZOS CALIENTES","labl":null,"is_missing":null,"stats":[{"value":"1","type":"freq","wgtd":null}]},{"value":"PROGRAMAS DE LA ALCALDIA MUNICIPAL","labl":null,"is_missing":null,"stats":[{"value":"1","type":"freq","wgtd":null}]},{"value":"PROGRAMA PROMOTOR ALIMENTARIO ( PMA)","labl":null,"is_missing":null,"stats":[{"value":"1","type":"freq","wgtd":null}]},{"value":"PROGRAMA DEL SENA MUJERES CABEZA DE HOGAR EN LA LOCALIDAD DE BARRIOS UNIDOS","labl":null,"is_missing":null,"stats":[{"value":"1","type":"freq","wgtd":null}]},{"value":"PROGRAMA DEL GOBIERNO PARA VICTIMAS DE LA VIOLENCIA","labl":null,"is_missing":null,"stats":[{"value":"1","type":"freq","wgtd":null}]},{"value":"PROGRAMA DEL ADULTO MAYOR","labl":null,"is_missing":null,"stats":[{"value":"1","type":"freq","wgtd":null}]},{"value":"PROGRAMA DE DESPLAZADO","labl":null,"is_missing":null,"stats":[{"value":"1","type":"freq","wgtd":null}]},{"value":"PROGRAMA DE DESAYUNOS INFANTILES","labl":null,"is_missing":null,"stats":[{"value":"1","type":"freq","wgtd":null}]},{"value":"PROGRAMA ALIMENTACION DE LA ALCALDIA","labl":null,"is_missing":null,"stats":[{"value":"1","type":"freq","wgtd":null}]},{"value":"PROGRAMA ALCALDIA  MEDELLIN TRATAMIENTO ODONTOLOGICO","labl":null,"is_missing":null,"stats":[{"value":"1","type":"freq","wgtd":null}]},{"value":"PROGRAMA ADULTO MAYOR","labl":null,"is_missing":null,"stats":[{"value":"1","type":"freq","wgtd":null}]},{"value":"PROGRAMA  PARA  DESPLAZADOS(ACCION SOCIAL)","labl":null,"is_missing":null,"stats":[{"value":"1","type":"freq","wgtd":null}]},{"value":"PROGRAMA  DESAYUNOS  INFANTILES","labl":null,"is_missing":null,"stats":[{"value":"1","type":"freq","wgtd":null}]},{"value":"PROGRAMA  DE  BIENESTAR  FAMILIAR","labl":null,"is_missing":null,"stats":[{"value":"1","type":"freq","wgtd":null}]},{"value":"PRODUCTOS AGRICOLAS","labl":null,"is_missing":null,"stats":[{"value":"1","type":"freq","wgtd":null}]},{"value":"POR REUBICACION DE LA OLA INVERNAL  EL GOBIERNO LE DA APORTE PARA ARRIENDO","labl":null,"is_missing":null,"stats":[{"value":"1","type":"freq","wgtd":null}]},{"value":"POR PARTE DE LA GOBERNACION","labl":null,"is_missing":null,"stats":[{"value":"1","type":"freq","wgtd":null}]},{"value":"POR LA OLA INVERNAL, MERCADO, DESAYUNOS DE BIENESTAR FAMILIAR","labl":null,"is_missing":null,"stats":[{"value":"1","type":"freq","wgtd":null}]},{"value":"POR LA OLA INVERNAL","labl":null,"is_missing":null,"stats":[{"value":"1","type":"freq","wgtd":null}]},{"value":"POR EL CAVILDO ( DARWIN YOVANNY FONSECA CEREZO)","labl":null,"is_missing":null,"stats":[{"value":"1","type":"freq","wgtd":null}]},{"value":"POR DESPLAZADA","labl":null,"is_missing":null,"stats":[{"value":"1","type":"freq","wgtd":null}]},{"value":"POR  DESPLASADO","labl":null,"is_missing":null,"stats":[{"value":"1","type":"freq","wgtd":null}]},{"value":"POR  CONCEPTO  DE   TERSERA  EDAD","labl":null,"is_missing":null,"stats":[{"value":"1","type":"freq","wgtd":null}]},{"value":"POBKACION EN CONDICIO DE DESPLAZAMIENTO","labl":null,"is_missing":null,"stats":[{"value":"1","type":"freq","wgtd":null}]},{"value":"PASTORAL SOCIAL","labl":null,"is_missing":null,"stats":[{"value":"1","type":"freq","wgtd":null}]},{"value":"PARA ESTUDIAR","labl":null,"is_missing":null,"stats":[{"value":"1","type":"freq","wgtd":null}]},{"value":"PARA DESPASADOS","labl":null,"is_missing":null,"stats":[{"value":"1","type":"freq","wgtd":null}]},{"value":"PARA ADQUIRIR VIVIENDA PROYECTO  LISVIME","labl":null,"is_missing":null,"stats":[{"value":"1","type":"freq","wgtd":null}]},{"value":"PAQUETES ALIMENARIOS","labl":null,"is_missing":null,"stats":[{"value":"1","type":"freq","wgtd":null}]},{"value":"PAQUETE ALIMENTARIO DE COLOMBIA HUMANITARIA","labl":null,"is_missing":null,"stats":[{"value":"1","type":"freq","wgtd":null}]},{"value":"PAQUETE ALIMENTARIO DE COLOBIA HUMANITARIA","labl":null,"is_missing":null,"stats":[{"value":"1","type":"freq","wgtd":null}]},{"value":"PAGO DE TERAPIAS PARA SR DIEGO","labl":null,"is_missing":null,"stats":[{"value":"1","type":"freq","wgtd":null}]},{"value":"ORGANIZACION MUNDIAL DE ALIMENTOS","labl":null,"is_missing":null,"stats":[{"value":"1","type":"freq","wgtd":null}]},{"value":"ONG","labl":null,"is_missing":null,"stats":[{"value":"1","type":"freq","wgtd":null}]},{"value":"OFICINA SER CAPAZ","labl":null,"is_missing":null,"stats":[{"value":"1","type":"freq","wgtd":null}]},{"value":"NUTRICIO","labl":null,"is_missing":null,"stats":[{"value":"1","type":"freq","wgtd":null}]},{"value":"NO SABEN","labl":null,"is_missing":null,"stats":[{"value":"1","type":"freq","wgtd":null}]},{"value":"MUNICIPIO POR MEDIO DE LA ACCION COMUNAL","labl":null,"is_missing":null,"stats":[{"value":"1","type":"freq","wgtd":null}]},{"value":"MUNICIPAL(OLA INVERNAL)","labl":null,"is_missing":null,"stats":[{"value":"1","type":"freq","wgtd":null}]},{"value":"MUNICIPAL(BIENESTARINA)","labl":null,"is_missing":null,"stats":[{"value":"1","type":"freq","wgtd":null}]},{"value":"MUNICIPAL","labl":null,"is_missing":null,"stats":[{"value":"1","type":"freq","wgtd":null}]},{"value":"MERCADOS Y KIT DE ASEO","labl":null,"is_missing":null,"stats":[{"value":"1","type":"freq","wgtd":null}]},{"value":"MERCADOS POR HOLA INVERAL","labl":null,"is_missing":null,"stats":[{"value":"1","type":"freq","wgtd":null}]},{"value":"MERCADOS POR  OLA INVERNAL","labl":null,"is_missing":null,"stats":[{"value":"1","type":"freq","wgtd":null}]},{"value":"MERCADOS MUNDIALES","labl":null,"is_missing":null,"stats":[{"value":"1","type":"freq","wgtd":null}]},{"value":"MERCADOS GOBIERNO","labl":null,"is_missing":null,"stats":[{"value":"1","type":"freq","wgtd":null}]},{"value":"MERCADOS DE LA OLA INVERNAL","labl":null,"is_missing":null,"stats":[{"value":"1","type":"freq","wgtd":null}]},{"value":"MERCADOS DE COMIDA","labl":null,"is_missing":null,"stats":[{"value":"1","type":"freq","wgtd":null}]},{"value":"MERCADOS DE BIENESTAR FAMILIAR","labl":null,"is_missing":null,"stats":[{"value":"1","type":"freq","wgtd":null}]},{"value":"MERCADOS CON  ALIMENTOS Y ASEO PERSONAL LES DIO COLOMBIA HUMANITARIA","labl":null,"is_missing":null,"stats":[{"value":"1","type":"freq","wgtd":null}]},{"value":"MERCADOS A DAGNIFICADOS POR LA HOLA INVERNAL","labl":null,"is_missing":null,"stats":[{"value":"1","type":"freq","wgtd":null}]},{"value":"MERCADO POR OLA IVERNAL","labl":null,"is_missing":null,"stats":[{"value":"1","type":"freq","wgtd":null}]},{"value":"MERCADO POR LA OLA INVERNAL","labl":null,"is_missing":null,"stats":[{"value":"1","type":"freq","wgtd":null}]},{"value":"MERCADO POR LA INUNDACION","labl":null,"is_missing":null,"stats":[{"value":"1","type":"freq","wgtd":null}]},{"value":"MERCADO PARA LOS DAMIFICADOS POR EL INVIERNO","labl":null,"is_missing":null,"stats":[{"value":"1","type":"freq","wgtd":null}]},{"value":"MERCADO PARA DMNIFICADOS POR EL INVIERNO","labl":null,"is_missing":null,"stats":[{"value":"1","type":"freq","wgtd":null}]},{"value":"MERCADO PARA DAMNIFICADOSPOR EL INVIERNO","labl":null,"is_missing":null,"stats":[{"value":"1","type":"freq","wgtd":null}]},{"value":"MERCADO PARA DAMIFICADOS OR EL INVIERNO","labl":null,"is_missing":null,"stats":[{"value":"1","type":"freq","wgtd":null}]},{"value":"MERCADO PARA AMNIFIDOS POR EL INVIRRNO","labl":null,"is_missing":null,"stats":[{"value":"1","type":"freq","wgtd":null}]},{"value":"MERCADO OLA INVERNAL","labl":null,"is_missing":null,"stats":[{"value":"1","type":"freq","wgtd":null}]},{"value":"MERCADO ENTREGADO POR EL GOBIERNO A LOS DAGNIFICADOS POR LA HOLA INVERNAL","labl":null,"is_missing":null,"stats":[{"value":"1","type":"freq","wgtd":null}]},{"value":"MERCADO DEL GOBIERNO","labl":null,"is_missing":null,"stats":[{"value":"1","type":"freq","wgtd":null}]},{"value":"MERCADO DE ALCALDIA","labl":null,"is_missing":null,"stats":[{"value":"1","type":"freq","wgtd":null}]},{"value":"MERCADO DAMNIFICADOS POR LA OLA INVERNAL","labl":null,"is_missing":null,"stats":[{"value":"1","type":"freq","wgtd":null}]},{"value":"MERCADO CRUZ ROJA INTERNACIONAL","labl":null,"is_missing":null,"stats":[{"value":"1","type":"freq","wgtd":null}]},{"value":"MERCADO CASA CULTURAL","labl":null,"is_missing":null,"stats":[{"value":"1","type":"freq","wgtd":null}]},{"value":"MERCADITO QUE DA LA CRUZ ROJA","labl":null,"is_missing":null,"stats":[{"value":"1","type":"freq","wgtd":null}]},{"value":"MEJORA DE VIVIENDA $1000000.oo PARA EL TECHO","labl":null,"is_missing":null,"stats":[{"value":"1","type":"freq","wgtd":null}]},{"value":"MEJORA DE VIVIENDA","labl":null,"is_missing":null,"stats":[{"value":"1","type":"freq","wgtd":null}]},{"value":"MATRICULA Y PENSION DE LOS HIJOS QUE ESTUDIAN","labl":null,"is_missing":null,"stats":[{"value":"1","type":"freq","wgtd":null}]},{"value":"MATRICULA PENSION ONCES  Y ALMUERZO EN EL COLEGIO","labl":null,"is_missing":null,"stats":[{"value":"1","type":"freq","wgtd":null}]},{"value":"MATERIALES","labl":null,"is_missing":null,"stats":[{"value":"1","type":"freq","wgtd":null}]},{"value":"MAGISTERIO","labl":null,"is_missing":null,"stats":[{"value":"1","type":"freq","wgtd":null}]},{"value":"MADRES CABEZA DE HOGAR","labl":null,"is_missing":null,"stats":[{"value":"1","type":"freq","wgtd":null}]},{"value":"MADRE EN ACCION","labl":null,"is_missing":null,"stats":[{"value":"1","type":"freq","wgtd":null}]},{"value":"LECHE Y VITAINAS  CADA MES","labl":null,"is_missing":null,"stats":[{"value":"1","type":"freq","wgtd":null}]},{"value":"LECHE GALLETAS BINESTARINA","labl":null,"is_missing":null,"stats":[{"value":"1","type":"freq","wgtd":null}]},{"value":"LECHE GALLETAS BIENESTARINA","labl":null,"is_missing":null,"stats":[{"value":"1","type":"freq","wgtd":null}]},{"value":"LA SECRETARIA DE SALUD A LA NI\u00d1A MAYOR SUBCIDIO DE ESTUDIO","labl":null,"is_missing":null,"stats":[{"value":"1","type":"freq","wgtd":null}]},{"value":"LA JEFE DEL HOGAR LE DAN EL ALMUERZO DE LUNES A VIERNES EN EL CLUB DE ADULTOS MA","labl":null,"is_missing":null,"stats":[{"value":"1","type":"freq","wgtd":null}]},{"value":"LA ALCALDIA A PRINCIPIO DE A\u00d1O LES DAN CUADERNOS, ETC A LAS HIJAS","labl":null,"is_missing":null,"stats":[{"value":"1","type":"freq","wgtd":null}]},{"value":"KITS ESCOLARES SECRETARIADE EDUCACION DEPARTAMENTAL","labl":null,"is_missing":null,"stats":[{"value":"1","type":"freq","wgtd":null}]},{"value":"KITS ESCOLARES SECRETARIA DE EDUCACION DEPARTAMENTAL","labl":null,"is_missing":null,"stats":[{"value":"1","type":"freq","wgtd":null}]},{"value":"KIT DE NUTRICION DE LA GOBERNACION","labl":null,"is_missing":null,"stats":[{"value":"1","type":"freq","wgtd":null}]},{"value":"KIT DE ALIMENTACION","labl":null,"is_missing":null,"stats":[{"value":"1","type":"freq","wgtd":null}]},{"value":"KAROL LISET PALACIOS GONZALES  KARINA MOSQUERA GONZALES Y  MARIA  YASURY PALACIO","labl":null,"is_missing":null,"stats":[{"value":"1","type":"freq","wgtd":null}]},{"value":"JUNTOS RED PARA LA SUPERACION DE LA POBREZA EXTREMA","labl":null,"is_missing":null,"stats":[{"value":"1","type":"freq","wgtd":null}]},{"value":"INDER DEPORTE SIN  LIMITE","labl":null,"is_missing":null,"stats":[{"value":"1","type":"freq","wgtd":null}]},{"value":"ICBF","labl":null,"is_missing":null,"stats":[{"value":"1","type":"freq","wgtd":null}]},{"value":"HOSPITAL Y JARDIN","labl":null,"is_missing":null,"stats":[{"value":"1","type":"freq","wgtd":null}]},{"value":"HOGAR GESTOR DEL ICBF","labl":null,"is_missing":null,"stats":[{"value":"1","type":"freq","wgtd":null}]},{"value":"GUARDA BOSQUES","labl":null,"is_missing":null,"stats":[{"value":"1","type":"freq","wgtd":null}]},{"value":"GUAJIRA SIN JAMUSIRI","labl":null,"is_missing":null,"stats":[{"value":"1","type":"freq","wgtd":null}]},{"value":"GOBIERNO NACIONAL","labl":null,"is_missing":null,"stats":[{"value":"1","type":"freq","wgtd":null}]},{"value":"FONDO DE DESARROLLO LOCAL","labl":null,"is_missing":null,"stats":[{"value":"1","type":"freq","wgtd":null}]},{"value":"FAMILIAS EN ACCION","labl":null,"is_missing":null,"stats":[{"value":"1","type":"freq","wgtd":null}]},{"value":"FAMILIA  GUARDABOSQUES","labl":null,"is_missing":null,"stats":[{"value":"1","type":"freq","wgtd":null}]},{"value":"FAMILAS EN ACCION POR ESTUDIAR","labl":null,"is_missing":null,"stats":[{"value":"1","type":"freq","wgtd":null}]},{"value":"ESTUIANTIL","labl":null,"is_missing":null,"stats":[{"value":"1","type":"freq","wgtd":null}]},{"value":"ESTUDIOS","labl":null,"is_missing":null,"stats":[{"value":"1","type":"freq","wgtd":null}]},{"value":"ENTREGAN UN MERCADO TODOS LOS MESES","labl":null,"is_missing":null,"stats":[{"value":"1","type":"freq","wgtd":null}]},{"value":"EL MERCADO DE LA OLA INVERNA","labl":null,"is_missing":null,"stats":[{"value":"1","type":"freq","wgtd":null}]},{"value":"EDUCATIVOS","labl":null,"is_missing":null,"stats":[{"value":"1","type":"freq","wgtd":null}]},{"value":"EDUCACION SUPERIOR","labl":null,"is_missing":null,"stats":[{"value":"1","type":"freq","wgtd":null}]},{"value":"DESPLAZAMIENTO","labl":null,"is_missing":null,"stats":[{"value":"1","type":"freq","wgtd":null}]},{"value":"DESPLAZADOS POR LA VIOLENCIA","labl":null,"is_missing":null,"stats":[{"value":"1","type":"freq","wgtd":null}]},{"value":"DESPLAZADO ACCION SOCIAL","labl":null,"is_missing":null,"stats":[{"value":"1","type":"freq","wgtd":null}]},{"value":"DESPLAZADA","labl":null,"is_missing":null,"stats":[{"value":"1","type":"freq","wgtd":null}]},{"value":"DESLAZADOS","labl":null,"is_missing":null,"stats":[{"value":"1","type":"freq","wgtd":null}]},{"value":"DESAYUNOS INFANTILES DEL INSTITUTO COLOMBIANO DE BIENESTAR FAMILIAR","labl":null,"is_missing":null,"stats":[{"value":"1","type":"freq","wgtd":null}]},{"value":"DESAYUNOS ESCOLARES","labl":null,"is_missing":null,"stats":[{"value":"1","type":"freq","wgtd":null}]},{"value":"DESAYUNOS  INFANTILES","labl":null,"is_missing":null,"stats":[{"value":"1","type":"freq","wgtd":null}]},{"value":"DESAYUNOS  COMUNITARIOS","labl":null,"is_missing":null,"stats":[{"value":"1","type":"freq","wgtd":null}]},{"value":"DESAYUNO INFANTIL PRIMERA INFANCIA ICBF","labl":null,"is_missing":null,"stats":[{"value":"1","type":"freq","wgtd":null}]},{"value":"DESAROLLO Y CRECIMIENTO","labl":null,"is_missing":null,"stats":[{"value":"1","type":"freq","wgtd":null}]},{"value":"DE UN NI\u00d1O","labl":null,"is_missing":null,"stats":[{"value":"1","type":"freq","wgtd":null}]},{"value":"DANIFICADOS","labl":null,"is_missing":null,"stats":[{"value":"1","type":"freq","wgtd":null}]},{"value":"DAMNIFICADOS DEL INVIERNO","labl":null,"is_missing":null,"stats":[{"value":"1","type":"freq","wgtd":null}]},{"value":"Cruz Roja Colombiana","labl":null,"is_missing":null,"stats":[{"value":"1","type":"freq","wgtd":null}]},{"value":"CRUZ ROJA COLOMBIANA, SUMINISTRO DE MERCADO, DAMNIFICADOS OLA INVERNAL.","labl":null,"is_missing":null,"stats":[{"value":"1","type":"freq","wgtd":null}]},{"value":"CRUZ ROJA  INTERNACIONAL","labl":null,"is_missing":null,"stats":[{"value":"1","type":"freq","wgtd":null}]},{"value":"CRUZ  ROJA","labl":null,"is_missing":null,"stats":[{"value":"1","type":"freq","wgtd":null}]},{"value":"CRECIMIENTO Y DESAROLLO","labl":null,"is_missing":null,"stats":[{"value":"1","type":"freq","wgtd":null}]},{"value":"CRECIENTE DE RIO","labl":null,"is_missing":null,"stats":[{"value":"1","type":"freq","wgtd":null}]},{"value":"COOASOBIEN","labl":null,"is_missing":null,"stats":[{"value":"1","type":"freq","wgtd":null}]},{"value":"CONFIAR","labl":null,"is_missing":null,"stats":[{"value":"1","type":"freq","wgtd":null}]},{"value":"CONFAMILIARES","labl":null,"is_missing":null,"stats":[{"value":"1","type":"freq","wgtd":null}]},{"value":"CONFABOY","labl":null,"is_missing":null,"stats":[{"value":"1","type":"freq","wgtd":null}]},{"value":"CONCEPTO  PARA  ESTUDIAR","labl":null,"is_missing":null,"stats":[{"value":"1","type":"freq","wgtd":null}]},{"value":"COMPES ALGODON","labl":null,"is_missing":null,"stats":[{"value":"1","type":"freq","wgtd":null}]},{"value":"COMIDAS PARA ADULTO MAYOR","labl":null,"is_missing":null,"stats":[{"value":"1","type":"freq","wgtd":null}]},{"value":"COMIDA","labl":null,"is_missing":null,"stats":[{"value":"1","type":"freq","wgtd":null}]},{"value":"COMFIAR","labl":null,"is_missing":null,"stats":[{"value":"1","type":"freq","wgtd":null}]},{"value":"COMEDORES COMUNITARIOS","labl":null,"is_missing":null,"stats":[{"value":"1","type":"freq","wgtd":null}]},{"value":"COMEDOR TERCERA EDAD","labl":null,"is_missing":null,"stats":[{"value":"1","type":"freq","wgtd":null}]},{"value":"COMEDOR DE ANCIANOS","labl":null,"is_missing":null,"stats":[{"value":"1","type":"freq","wgtd":null}]},{"value":"COMEDOR COMUNITARIO","labl":null,"is_missing":null,"stats":[{"value":"1","type":"freq","wgtd":null}]},{"value":"COLOMBIA HUMANITARIA, ACCION SOCIAL , BIENESTAR FAMILIAR","labl":null,"is_missing":null,"stats":[{"value":"1","type":"freq","wgtd":null}]},{"value":"COLOMBIA HUMANITARIA Y LA CRUZ ROJA","labl":null,"is_missing":null,"stats":[{"value":"1","type":"freq","wgtd":null}]},{"value":"COLOMBIA HUMANITARIA REMESA POR OLA INVERNAL","labl":null,"is_missing":null,"stats":[{"value":"1","type":"freq","wgtd":null}]},{"value":"COLOMBIA HUMANITARIA , ACCION SOCIAL","labl":null,"is_missing":null,"stats":[{"value":"1","type":"freq","wgtd":null}]},{"value":"COLOMBAIA HUMANITARIA","labl":null,"is_missing":null,"stats":[{"value":"1","type":"freq","wgtd":null}]},{"value":"COL  (PROGRAMA  MADRES  GESTANTES)","labl":null,"is_missing":null,"stats":[{"value":"1","type":"freq","wgtd":null}]},{"value":"COFENALCO","labl":null,"is_missing":null,"stats":[{"value":"1","type":"freq","wgtd":null}]},{"value":"CLAUDIA  MARCELA  TORREZ MURILLO Y  SERGIO  ESTEBAN  CHAVERRA  MEDINA","labl":null,"is_missing":null,"stats":[{"value":"1","type":"freq","wgtd":null}]},{"value":"CENTRO AMAR PARA MENORES","labl":null,"is_missing":null,"stats":[{"value":"1","type":"freq","wgtd":null}]},{"value":"CASA DE LA MUJER","labl":null,"is_missing":null,"stats":[{"value":"1","type":"freq","wgtd":null}]},{"value":"CANASTA COMPLEMENTARIA SECRETARIA DE INTEGRACION SOCIAL","labl":null,"is_missing":null,"stats":[{"value":"1","type":"freq","wgtd":null}]},{"value":"CAMISETA","labl":null,"is_missing":null,"stats":[{"value":"1","type":"freq","wgtd":null}]},{"value":"CAJASAN","labl":null,"is_missing":null,"stats":[{"value":"1","type":"freq","wgtd":null}]},{"value":"CAJASAI POR SER NI\u00d1O ESPECIAL","labl":null,"is_missing":null,"stats":[{"value":"1","type":"freq","wgtd":null}]},{"value":"CAJA DE COMPENSAION FAMILIAR","labl":null,"is_missing":null,"stats":[{"value":"1","type":"freq","wgtd":null}]},{"value":"CAJA DE COMPENSACION FAMILIAR","labl":null,"is_missing":null,"stats":[{"value":"1","type":"freq","wgtd":null}]},{"value":"CABILDO","labl":null,"is_missing":null,"stats":[{"value":"1","type":"freq","wgtd":null}]},{"value":"BRAHAN ANDRES  SANCHEZ  CRISTIN  CAMILO  SANCHEZ  Y  MISHEEL  SNCHEZ CORDOBA","labl":null,"is_missing":null,"stats":[{"value":"1","type":"freq","wgtd":null}]},{"value":"BONOS DE INVIERNO","labl":null,"is_missing":null,"stats":[{"value":"1","type":"freq","wgtd":null}]},{"value":"BONOS DE ALIMENTACION PARA DESEMPLEADOS POR MEDIO DE COMFAGUAJIRA","labl":null,"is_missing":null,"stats":[{"value":"1","type":"freq","wgtd":null}]},{"value":"BONO ALIMENTARIO ICBF","labl":null,"is_missing":null,"stats":[{"value":"1","type":"freq","wgtd":null}]},{"value":"BONO ADULTO MAYOR","labl":null,"is_missing":null,"stats":[{"value":"1","type":"freq","wgtd":null}]},{"value":"BIENESTAR FAMILIAR POR NUTRICION","labl":null,"is_missing":null,"stats":[{"value":"1","type":"freq","wgtd":null}]},{"value":"BECA POR PARTE DE ALCALDIA PARA ESTUDIO","labl":null,"is_missing":null,"stats":[{"value":"1","type":"freq","wgtd":null}]},{"value":"BAJA PRODUCCION POR AFECTACION POR OLA INVERNAL DEL A\u00d1O 2010","labl":null,"is_missing":null,"stats":[{"value":"1","type":"freq","wgtd":null}]},{"value":"AYUDAS HUMANITARIAS","labl":null,"is_missing":null,"stats":[{"value":"1","type":"freq","wgtd":null}]},{"value":"AYUDAS DE LA PARROQUIA","labl":null,"is_missing":null,"stats":[{"value":"1","type":"freq","wgtd":null}]},{"value":"AYUDAS COMUNITARIAS","labl":null,"is_missing":null,"stats":[{"value":"1","type":"freq","wgtd":null}]},{"value":"AYUDAS COLOMBIA HUMANITARIO","labl":null,"is_missing":null,"stats":[{"value":"1","type":"freq","wgtd":null}]},{"value":"AYUDAS ALIMENTICIAS (MERCADO)","labl":null,"is_missing":null,"stats":[{"value":"1","type":"freq","wgtd":null}]},{"value":"AYUDAS AL DESPLAZADO","labl":null,"is_missing":null,"stats":[{"value":"1","type":"freq","wgtd":null}]},{"value":"AYUDA UMANITARIA POR DEZPLAZAMIENTO","labl":null,"is_missing":null,"stats":[{"value":"1","type":"freq","wgtd":null}]},{"value":"AYUDA QUE  LEBRINDA  A LOS  NI\u00d1O PARA  ESTUDIAR","labl":null,"is_missing":null,"stats":[{"value":"1","type":"freq","wgtd":null}]},{"value":"AYUDA POR DESMOVILIZADO","labl":null,"is_missing":null,"stats":[{"value":"1","type":"freq","wgtd":null}]},{"value":"AYUDA PARA POBLACION CONDICION DE DESPLAZADA","labl":null,"is_missing":null,"stats":[{"value":"1","type":"freq","wgtd":null}]},{"value":"AYUDA PARA DESPLAZADOS","labl":null,"is_missing":null,"stats":[{"value":"1","type":"freq","wgtd":null}]},{"value":"AYUDA HUMANITARIA POR MEDIO DE ACCION SOCIAL","labl":null,"is_missing":null,"stats":[{"value":"1","type":"freq","wgtd":null}]},{"value":"AYUDA HUMANITARIA POR DESPLAZAMIENTO","labl":null,"is_missing":null,"stats":[{"value":"1","type":"freq","wgtd":null}]},{"value":"AYUDA HUMANITARIA POR DESPLAZADOS","labl":null,"is_missing":null,"stats":[{"value":"1","type":"freq","wgtd":null}]},{"value":"AYUDA HUMANITARIA PARA LOS DESPLAZADOS","labl":null,"is_missing":null,"stats":[{"value":"1","type":"freq","wgtd":null}]},{"value":"AYUDA HUMANITARIA FAMILIAS EN SITUCION DE DESPLAZAMIENTO","labl":null,"is_missing":null,"stats":[{"value":"1","type":"freq","wgtd":null}]},{"value":"AYUDA HUMANITARIA FAMILIAS DESPLAZADAS","labl":null,"is_missing":null,"stats":[{"value":"1","type":"freq","wgtd":null}]},{"value":"AYUDA HUMANITARIA DESPLAZADOS","labl":null,"is_missing":null,"stats":[{"value":"1","type":"freq","wgtd":null}]},{"value":"AYUDA HUMANITARIA A DESPLAZADOS","labl":null,"is_missing":null,"stats":[{"value":"1","type":"freq","wgtd":null}]},{"value":"AYUDA HUMANITARIA A DAMNIFICADOS POR OLA INVERNAL","labl":null,"is_missing":null,"stats":[{"value":"1","type":"freq","wgtd":null}]},{"value":"AYUDA EN COMIDAS Y ALIMENTOS PARA EL ADULTO MAYOR, ALMUERZO CALIENTE PROGRAMA DE","labl":null,"is_missing":null,"stats":[{"value":"1","type":"freq","wgtd":null}]},{"value":"AYUDA DE LA ALCALDIA EN UTILES ESCOLARES","labl":null,"is_missing":null,"stats":[{"value":"1","type":"freq","wgtd":null}]},{"value":"AYUDA DE LA ALCALDIA","labl":null,"is_missing":null,"stats":[{"value":"1","type":"freq","wgtd":null}]},{"value":"AYUDA DE DESPLAZADOS","labl":null,"is_missing":null,"stats":[{"value":"1","type":"freq","wgtd":null}]},{"value":"AYUDA DE COOMBIA HUMANITARIA","labl":null,"is_missing":null,"stats":[{"value":"1","type":"freq","wgtd":null}]},{"value":"AYUDA COLOMBIA HUMAITARIA","labl":null,"is_missing":null,"stats":[{"value":"1","type":"freq","wgtd":null}]},{"value":"AYUDA ALCALDIA","labl":null,"is_missing":null,"stats":[{"value":"1","type":"freq","wgtd":null}]},{"value":"AYUDA ADULTOS MAYORES","labl":null,"is_missing":null,"stats":[{"value":"1","type":"freq","wgtd":null}]},{"value":"AYUDA ADULTO MAYOR","labl":null,"is_missing":null,"stats":[{"value":"1","type":"freq","wgtd":null}]},{"value":"AYUDA A DESPLAZADOS","labl":null,"is_missing":null,"stats":[{"value":"1","type":"freq","wgtd":null}]},{"value":"AYUDA  PARA  ADECUACION  DE  VIVIENDA","labl":null,"is_missing":null,"stats":[{"value":"1","type":"freq","wgtd":null}]},{"value":"AYUDA  HUMANITARIA POR DESPLAZADOS","labl":null,"is_missing":null,"stats":[{"value":"1","type":"freq","wgtd":null}]},{"value":"AYUDA  HUMANITARIA DEL GOBIERNO NACINAL","labl":null,"is_missing":null,"stats":[{"value":"1","type":"freq","wgtd":null}]},{"value":"AYUDA  HUMANITARIA","labl":null,"is_missing":null,"stats":[{"value":"1","type":"freq","wgtd":null}]},{"value":"AUXILIO POR OLA INVERNAL","labl":null,"is_missing":null,"stats":[{"value":"1","type":"freq","wgtd":null}]},{"value":"AUXILIO POR DESPLAZAMIENTO BANCO AGRARIO","labl":null,"is_missing":null,"stats":[{"value":"1","type":"freq","wgtd":null}]},{"value":"AUXILIO POR  OLA INVERNAL","labl":null,"is_missing":null,"stats":[{"value":"1","type":"freq","wgtd":null}]},{"value":"AUXILIO PARA POBLACION DESPLAZADA POR LA VIOLENCIA","labl":null,"is_missing":null,"stats":[{"value":"1","type":"freq","wgtd":null}]},{"value":"AUXILIO PARA POBLACCION DESPLAZADA POR LA VIOLENCIA","labl":null,"is_missing":null,"stats":[{"value":"1","type":"freq","wgtd":null}]},{"value":"AUXILIO PARA MERCADO","labl":null,"is_missing":null,"stats":[{"value":"1","type":"freq","wgtd":null}]},{"value":"AUXILIO PARA LA POBLACION DESPLAZADA POR  LA VIOLENCIA","labl":null,"is_missing":null,"stats":[{"value":"1","type":"freq","wgtd":null}]},{"value":"AUXILIO PARA DEPLAZADOS POR LA VIOLENCIA","labl":null,"is_missing":null,"stats":[{"value":"1","type":"freq","wgtd":null}]},{"value":"AUXILIO PARA DAMNIFICADOS POR LA OLA INVERNAL","labl":null,"is_missing":null,"stats":[{"value":"1","type":"freq","wgtd":null}]},{"value":"AUXILIO DE ARRIENDO POR SER DAMNIFICADOS   POR  EL IINVIERNO","labl":null,"is_missing":null,"stats":[{"value":"1","type":"freq","wgtd":null}]},{"value":"AUXILIO DAMNIFICADOS POR EL INVIERNO","labl":null,"is_missing":null,"stats":[{"value":"1","type":"freq","wgtd":null}]},{"value":"AUXILIO  OLA INVERNAL","labl":null,"is_missing":null,"stats":[{"value":"1","type":"freq","wgtd":null}]},{"value":"ASISTENCIA ESCOLAR","labl":null,"is_missing":null,"stats":[{"value":"1","type":"freq","wgtd":null}]},{"value":"ASISENCIA ESCOLAR","labl":null,"is_missing":null,"stats":[{"value":"1","type":"freq","wgtd":null}]},{"value":"APOYO A MADRES GESTANTES Y LACTANTES","labl":null,"is_missing":null,"stats":[{"value":"1","type":"freq","wgtd":null}]},{"value":"ALMUERZO LUNES A VIERNES","labl":null,"is_missing":null,"stats":[{"value":"1","type":"freq","wgtd":null}]},{"value":"ALMUERZO COMUNITARIO","labl":null,"is_missing":null,"stats":[{"value":"1","type":"freq","wgtd":null}]},{"value":"ALMUERZO CALIENTE","labl":null,"is_missing":null,"stats":[{"value":"1","type":"freq","wgtd":null}]},{"value":"ALIX  YADIRA  MOSQUERA  MURILLO Y  LUIS  FERNANDO MOSQUERA  MURILLO","labl":null,"is_missing":null,"stats":[{"value":"1","type":"freq","wgtd":null}]},{"value":"ALIMENTOS (LECHE BIENESTARINA Y GALLETAS)","labl":null,"is_missing":null,"stats":[{"value":"1","type":"freq","wgtd":null}]},{"value":"ALIMENTO","labl":null,"is_missing":null,"stats":[{"value":"1","type":"freq","wgtd":null}]},{"value":"ALIMENTACION Y ARRIENDO","labl":null,"is_missing":null,"stats":[{"value":"1","type":"freq","wgtd":null}]},{"value":"ALIMENTACIN LECHE GALLETAS BIENESTARINA","labl":null,"is_missing":null,"stats":[{"value":"1","type":"freq","wgtd":null}]},{"value":"ALCALDIA","labl":null,"is_missing":null,"stats":[{"value":"1","type":"freq","wgtd":null}]},{"value":"ALCALDE","labl":null,"is_missing":null,"stats":[{"value":"1","type":"freq","wgtd":null}]},{"value":"ALCADIA DE MEDELLIN","labl":null,"is_missing":null,"stats":[{"value":"1","type":"freq","wgtd":null}]},{"value":"ACCIONES UNIDAS PROGRAMA MUNDIAL DE ALIMENTOS","labl":null,"is_missing":null,"stats":[{"value":"1","type":"freq","wgtd":null}]},{"value":"ACCION SOCIAL-COLOMBIA HUMANITARIA","labl":null,"is_missing":null,"stats":[{"value":"1","type":"freq","wgtd":null}]},{"value":"ACCION SOCIAL(VICTIMA DE LA VIOLENCIA EN CALDONO)","labl":null,"is_missing":null,"stats":[{"value":"1","type":"freq","wgtd":null}]},{"value":"ACCION SOCIAL PRESIDENCIA DE LA REPUBLICA Y AYUDA HUMANITARIA","labl":null,"is_missing":null,"stats":[{"value":"1","type":"freq","wgtd":null}]},{"value":"ACCION SOCIAL - DESPLAZADOS","labl":null,"is_missing":null,"stats":[{"value":"1","type":"freq","wgtd":null}]},{"value":"90000","labl":null,"is_missing":null,"stats":[{"value":"1","type":"freq","wgtd":null}]},{"value":"720000","labl":null,"is_missing":null,"stats":[{"value":"1","type":"freq","wgtd":null}]},{"value":"700000","labl":null,"is_missing":null,"stats":[{"value":"1","type":"freq","wgtd":null}]},{"value":"60000","labl":null,"is_missing":null,"stats":[{"value":"1","type":"freq","wgtd":null}]},{"value":"550000","labl":null,"is_missing":null,"stats":[{"value":"1","type":"freq","wgtd":null}]},{"value":"520000","labl":null,"is_missing":null,"stats":[{"value":"1","type":"freq","wgtd":null}]},{"value":"5","labl":null,"is_missing":null,"stats":[{"value":"1","type":"freq","wgtd":null}]},{"value":"45000","labl":null,"is_missing":null,"stats":[{"value":"1","type":"freq","wgtd":null}]},{"value":"400000","labl":null,"is_missing":null,"stats":[{"value":"1","type":"freq","wgtd":null}]},{"value":"3 MERCADOS POR PARTE DEL MUNICIPIO","labl":null,"is_missing":null,"stats":[{"value":"1","type":"freq","wgtd":null}]},{"value":"200000","labl":null,"is_missing":null,"stats":[{"value":"1","type":"freq","wgtd":null}]},{"value":"180000","labl":null,"is_missing":null,"stats":[{"value":"1","type":"freq","wgtd":null}]},{"value":"174000","labl":null,"is_missing":null,"stats":[{"value":"1","type":"freq","wgtd":null}]},{"value":"1200000","labl":null,"is_missing":null,"stats":[{"value":"1","type":"freq","wgtd":null}]}],"var_codinstr":null,"var_concept":[],"var_format":{"type":"character","schema":"other","category":null,"name":null},"var_notes":null,"var_val_range":{"min":null,"max":null},"fid":"F41","sid":"196","survey_idno":"DANE-DIRPEN-ENCV-2011"}