{"file_id":"F41","vid":"V3307","name":"P8702S3","var_intrvl":"discrete","var_dcml":"0","var_wgt":null,"var_is_wgt":null,"loc_start_pos":"285","loc_end_pos":"285","loc_width":"1","loc_rec_seg_no":"1","labl":"Otro miembro del hogar perdi\u00f3 su empleo","var_imputation":null,"var_security":"El acceso a microdatos y Mam-up se considera como de tratamiento especial respecto a la reserva estad\u00edstica por tanto estar\u00e1 sujeto a la reglamentaci\u00f3n que para el efecto defina el Comit\u00e9 de Aseguramiento de la reserva estad\u00edstica. Resoluci\u00f3n 173 de 2008.","var_resp_unit":"informante Directo.","var_analysis_unit":null,"var_qstn_preqtxt":"14. Entre el 2009 y este a\u00f1o \u00bfcu\u00e1les de los siguientes eventos se presentaron en su hogar?\n\nEl c\u00f3nyuge perdi\u00f3 su empleo","var_qstn_qstnlit":"14. Entre el 2009 y este a\u00f1o \u00bfcu\u00e1les de los siguientes eventos se presentaron en su hogar?\n\nOtro miembro del hogar perdi\u00f3 su empleo","var_qstn_postqtxt":"14. Entre el 2009 y este a\u00f1o \u00bfcu\u00e1les de los siguientes eventos se presentaron en su hogar?\n\nTuvieron que cerrar el negocio del cual derivaban su ingreso","var_qstn_ivuinstr":"Con esta pregunta se quiere identificar los eventos que m\u00e1s afectan los hogares colombianos y que marcan el panorama econ\u00f3mico y social del pa\u00eds.","var_universe":"El universo para la Encuesta de Calidad de Vida est\u00e1 conformado por la poblaci\u00f3n civil no institucional residente en todo el territorio nacional. \n\nEste cap\u00edtulo va dirigido a todos y cada uno de los hogares existentes en la vivienda.","var_universe_clusion":"I","var_sumstat":[{"value":"544","type":"vald","wgtd":null},{"value":"24820","type":"invd","wgtd":null},{"value":"1","type":"min","wgtd":null},{"value":"1","type":"max","wgtd":null},{"value":"1","type":"mean","wgtd":null},{"value":"0","type":"stdev","wgtd":null}],"var_txt":null,"var_catgry":[{"value":"1","labl":"Si","is_missing":null,"stats":[{"value":"544","type":"freq","wgtd":null}]},{"value":"Sysmiss","labl":null,"is_missing":"Y","stats":[{"value":"24820","type":"freq","wgtd":null}]}],"var_codinstr":null,"var_concept":[],"var_format":{"type":"numeric","schema":"other","category":null,"name":null},"var_notes":null,"var_val_range":{"min":"1","max":"1"},"fid":"F41","sid":"196","survey_idno":"DANE-DIRPEN-ENCV-2011"}