{"file_id":"F41","vid":"V3377","name":"P5693S8","var_intrvl":"discrete","var_dcml":"0","var_wgt":null,"var_is_wgt":null,"loc_start_pos":"532","loc_end_pos":"532","loc_width":"1","loc_rec_seg_no":"1","labl":"Ba\u00f1arse, vestirse, alimentarse por si mismo?","var_imputation":null,"var_security":"El acceso a microdatos y Mam-up se considera como de tratamiento especial respecto a la reserva estad\u00edstica por tanto estar\u00e1 sujeto a la reglamentaci\u00f3n que para el efecto defina el Comit\u00e9 de Aseguramiento de la reserva estad\u00edstica. Resoluci\u00f3n 173 de 2008.","var_resp_unit":"informante Directo.","var_analysis_unit":null,"var_qstn_preqtxt":"9A. \u00bfAlg\u00fan miembro del hogar tiene limitaciones permanentes para\n\nRelacionarse con los dem\u00e1s por problemas mentales o emocionales?","var_qstn_qstnlit":"9A. \u00bfAlg\u00fan miembro del hogar tiene limitaciones permanentes para\n\nBa\u00f1arse, vestirse, alimentarse por si mismo?","var_qstn_postqtxt":"9A. \u00bfAlg\u00fan miembro del hogar tiene limitaciones permanentes para\n\nOtra limitaci\u00f3n permanente","var_qstn_ivuinstr":"Esta pregunta busca establecer si en el hogar hay personas que tienen alguna limitaci\u00f3n de forma permanente que le impida desarrollar sus actividades normales o que restrinjan su participaci\u00f3n en la vida cotidiana.","var_universe":"El universo para la Encuesta de Calidad de Vida est\u00e1 conformado por la poblaci\u00f3n civil no institucional residente en todo el territorio nacional. \n\nEste cap\u00edtulo va dirigido a todos y cada uno de los hogares existentes en la vivienda.","var_universe_clusion":"I","var_sumstat":[{"value":"285","type":"vald","wgtd":null},{"value":"25079","type":"invd","wgtd":null},{"value":"1","type":"min","wgtd":null},{"value":"1","type":"max","wgtd":null},{"value":"1","type":"mean","wgtd":null},{"value":"0","type":"stdev","wgtd":null}],"var_txt":null,"var_catgry":[{"value":"1","labl":null,"is_missing":null,"stats":[{"value":"285","type":"freq","wgtd":null}]},{"value":"Sysmiss","labl":null,"is_missing":"Y","stats":[{"value":"25079","type":"freq","wgtd":null}]}],"var_codinstr":null,"var_concept":[],"var_format":{"type":"numeric","schema":"other","category":null,"name":null},"var_notes":null,"var_val_range":{"min":"1","max":"1"},"fid":"F41","sid":"196","survey_idno":"DANE-DIRPEN-ENCV-2011"}