{"file_id":"F41","vid":"V3381","name":"P5682S1","var_intrvl":"discrete","var_dcml":null,"var_wgt":null,"var_is_wgt":null,"loc_start_pos":"536","loc_end_pos":"595","loc_width":"60","loc_rec_seg_no":"1","labl":"Cu\u00e1l?","var_imputation":null,"var_security":"El acceso a microdatos y Mam-up se considera como de tratamiento especial respecto a la reserva estad\u00edstica por tanto estar\u00e1 sujeto a la reglamentaci\u00f3n que para el efecto defina el Comit\u00e9 de Aseguramiento de la reserva estad\u00edstica. Resoluci\u00f3n 173 de 2008.","var_resp_unit":"informante Directo.","var_analysis_unit":null,"var_qstn_preqtxt":"26. \u00bfCu\u00e1l fu\u00e9 la raz\u00f3n por la cual instaur\u00f3 la acci\u00f3n de Tutela?\n\na. No lo atendieron en una instituci\u00f3n de salud\nb. No le dieron los medicamentos\nc. No tiene dinero para pagar un tratamiento\nd. No est\u00e1 de acuerdo con el nivel de SISBEN asignado\ne. No est\u00e1 afiliado al Sistema General de Seguridad Social en Salud\nf. Otra","var_qstn_qstnlit":"26. \u00bfCu\u00e1l fu\u00e9 la raz\u00f3n por la cual instaur\u00f3 la acci\u00f3n de Tutela? -f. Otra\n\n- \u00bfcu\u00e1l? __________________________","var_qstn_postqtxt":null,"var_qstn_ivuinstr":"Con esta pregunta se busca indagar la causa por la cual las personas durante los \u00faltimos 12 meses tuvieron que instaurar una acci\u00f3n de tutela.","var_universe":"El universo para la Encuesta de Calidad de Vida est\u00e1 conformado por la poblaci\u00f3n civil no institucional residente en todo el territorio nacional. \n\nEste cap\u00edtulo va dirigido a todos y cada uno de los hogares existentes en la vivienda.","var_universe_clusion":"I","var_sumstat":[{"value":"3","type":"vald","wgtd":null},{"value":"0","type":"invd","wgtd":null}],"var_txt":null,"var_catgry":[{"value":"NEGAR UNA REMISION","labl":null,"is_missing":null,"stats":[{"value":"1","type":"freq","wgtd":null}]},{"value":"NEGACION DE LAS PROTESIS","labl":null,"is_missing":null,"stats":[{"value":"1","type":"freq","wgtd":null}]},{"value":"EN EL SISTEMA DE LA ENTIDAD DE SALUD APARECIA COMO FALLECIDA","labl":null,"is_missing":null,"stats":[{"value":"1","type":"freq","wgtd":null}]}],"var_codinstr":null,"var_concept":[],"var_format":{"type":"character","schema":"other","category":null,"name":null},"var_notes":null,"var_val_range":{"min":null,"max":null},"fid":"F41","sid":"196","survey_idno":"DANE-DIRPEN-ENCV-2011"}