{"file_id":"F42","vid":"V3406","name":"P6218","var_intrvl":"discrete","var_dcml":"0","var_wgt":null,"var_is_wgt":null,"loc_start_pos":"17","loc_end_pos":"18","loc_width":"2","loc_rec_seg_no":"1","labl":"Cu\u00e1l Es La Principal Raz\u00f3n Para Qu\u00e9_No Estudie?","var_imputation":null,"var_security":"El acceso a microdatos y Mam-up se considera como de tratamiento especial respecto a la reserva estad\u00edstica por tanto estar\u00e1 sujeto a la reglamentaci\u00f3n que para el efecto defina el Comit\u00e9 de Aseguramiento de la reserva estad\u00edstica. Resoluci\u00f3n 173 de 2008.","var_resp_unit":"Directo.","var_analysis_unit":null,"var_qstn_preqtxt":"2. \u00bf____ actualmente estudia? (asiste al preescolar, escuela, colegio o universidad)\n\n1\tS\u00ed\n2\tNo","var_qstn_qstnlit":"3. \u00bfCu\u00e1l es la principal raz\u00f3n para que ..... no estudie?\n\na. Considera que no est\u00e1 en edad escolar\nb. Considera que ya termin\u00f3\nc. Falta de dinero o costos educativos elevados\nd. Debe encargarse de los oficios del hogar (cuidado de ni\u00f1os y de otras personas del hogar: ancianos, personas discapacitadas, etc.)\ne. Por embarazo\nf. Por inseguridad o malos tratos en el establecimiento educativo\ng. Por inseguridad en el entorno del centro educativo o del lugar de residencia\nh. Falta de cupos\ni. No existe un centro educativo cercano o el establecimiento asignado es muy lejano\nj. Necesita trabajar\nk. No le gusta o no le interesa el estudio\nl. Por enfermedad\nm. Necesita educaci\u00f3n especial\nn. Tuvieron que abandonar el lugar de residencia habitual\no. Otra raz\u00f3n, \u00bfcu\u00e1l?","var_qstn_postqtxt":"3. \u00bfCu\u00e1l es la principal raz\u00f3n para que ..... no estudie?\n\no. Otra raz\u00f3n, \u00bfcu\u00e1l? ____________________","var_qstn_ivuinstr":"Esta pregunta va dirigida a las personas que no est\u00e1n estudiando actualmente y pretende establecer la principal causa de no asistencia. Formule la pregunta y espere la respuesta de la persona. Si la persona manifiesta m\u00e1s de un motivo, p\u00eddale que decida cu\u00e1l es el m\u00e1s importante.","var_universe":"El universo para la Encuesta de Calidad de Vida est\u00e1 conformado por la poblaci\u00f3n civil no institucional residente en todo el territorio nacional. \n\nEste cap\u00edtulo va dirigido a todas las personas las personas de 5 a\u00f1os y m\u00e1s.","var_universe_clusion":"I","var_sumstat":[{"value":"21849","type":"vald","wgtd":null},{"value":"61943","type":"invd","wgtd":null}],"var_txt":null,"var_catgry":[{"value":"10","labl":"Necesita trabajar","is_missing":null,"stats":[{"value":"5487","type":"freq","wgtd":null}]},{"value":"3","labl":"Falta de dinero o costos educativos elevados","is_missing":null,"stats":[{"value":"5442","type":"freq","wgtd":null}]},{"value":"4","labl":"Debe encargarse de los oficios del hogar","is_missing":null,"stats":[{"value":"2934","type":"freq","wgtd":null}]},{"value":"2","labl":"Considera que ya termin\u00f3","is_missing":null,"stats":[{"value":"2068","type":"freq","wgtd":null}]},{"value":"11","labl":"No le gusta o no le interesa el estudio","is_missing":null,"stats":[{"value":"2027","type":"freq","wgtd":null}]},{"value":"15","labl":"Otra raz\u00f3n, \u00bfCu\u00e1l?","is_missing":null,"stats":[{"value":"975","type":"freq","wgtd":null}]},{"value":"1","labl":"Considera que no est\u00e1 en edad escolar","is_missing":null,"stats":[{"value":"783","type":"freq","wgtd":null}]},{"value":"5","labl":"Por embarazo","is_missing":null,"stats":[{"value":"703","type":"freq","wgtd":null}]},{"value":"9","labl":"No existe centro educativo cercano o el establecimiento asignado es muy lejano","is_missing":null,"stats":[{"value":"415","type":"freq","wgtd":null}]},{"value":"12","labl":"Por enfermedad","is_missing":null,"stats":[{"value":"311","type":"freq","wgtd":null}]},{"value":"8","labl":"Falta de cupos","is_missing":null,"stats":[{"value":"247","type":"freq","wgtd":null}]},{"value":"13","labl":"Necesita educaci\u00f3n Especial","is_missing":null,"stats":[{"value":"217","type":"freq","wgtd":null}]},{"value":"14","labl":"Tuvieron que abandonar el lugar de residencia habitual","is_missing":null,"stats":[{"value":"159","type":"freq","wgtd":null}]},{"value":"6","labl":"Por inseguridad o malos tratos en el establecimiento educativo","is_missing":null,"stats":[{"value":"46","type":"freq","wgtd":null}]},{"value":"7","labl":"Por inseguridad en el entorno del centro educativo o del lugar de residencia","is_missing":null,"stats":[{"value":"35","type":"freq","wgtd":null}]},{"value":"Sysmiss","labl":null,"is_missing":"Y","stats":[{"value":"61943","type":"freq","wgtd":null}]}],"var_codinstr":null,"var_concept":[],"var_format":{"type":"numeric","schema":"other","category":null,"name":null},"var_notes":null,"var_val_range":{"min":null,"max":null},"fid":"F42","sid":"196","survey_idno":"DANE-DIRPEN-ENCV-2011"}