{"file_id":"F42","vid":"V3423","name":"P8594","var_intrvl":"discrete","var_dcml":"0","var_wgt":null,"var_is_wgt":null,"loc_start_pos":"209","loc_end_pos":"209","loc_width":"1","loc_rec_seg_no":"1","labl":"Durante este A\u00d1O ESCOLAR el hogar pag\u00f3: \u00bfMatriculas para?","var_imputation":null,"var_security":"El acceso a microdatos y Mam-up se considera como de tratamiento especial respecto a la reserva estad\u00edstica por tanto estar\u00e1 sujeto a la reglamentaci\u00f3n que para el efecto defina el Comit\u00e9 de Aseguramiento de la reserva estad\u00edstica. Resoluci\u00f3n 173 de 2008.","var_resp_unit":"Directo.","var_analysis_unit":null,"var_qstn_preqtxt":"14. \u00bfSi lo tuviera que comprar en otra parte cu\u00e1nto pagaria al d\u00eda por lo que recibe? \n\n$_____________","var_qstn_qstnlit":"15. Durante este A\u00d1O ESCOLAR el hogar pag\u00f3: - \u00bfMatr\u00edculas para ____?\n\n1\tS\u00ed\n2\tNo","var_qstn_postqtxt":"15. Valor $  _____","var_qstn_ivuinstr":"Tenga en cuenta: \n\nA\u00f1o escolar o a\u00f1o lectivo se refiere al tiempo reglamentario, durante el cual los planteles educativos desarrollan los programas acad\u00e9micos y llevan a cabo toda clase de actividades culturales que han sido planeadas con antelaci\u00f3n. Los per\u00edodos o calendarios son: \n\nCalendario A: corresponde al per\u00edodo acad\u00e9mico que se inicia en febrero con promociones en noviembre del mismo a\u00f1o. \n\nCalendario B: corresponde al per\u00edodo acad\u00e9mico que se inicia en septiembre del a\u00f1o anterior con promociones en junio del siguiente a\u00f1o. \n\nSi la persona manifiesta haber incurrido en gastos por concepto de derechos de grado durante el presente a\u00f1o escolar, sume este valor al pagado por matr\u00edculas y escriba el total correspondiente. \n\nSe pueden dar casos excepcionales en los cuales en el valor de la matr\u00edcula, est\u00e1n incluidos algunos otros conceptos como uniformes, pago de libros y \u00fatiles escolares en el establecimiento, bonos, por los que el hogar no puede dar la informaci\u00f3n de manera desagregada. En este caso se deber\u00e1 registrar el valor total en matr\u00edcula haciendo una observaci\u00f3n que aclare la situaci\u00f3n. \n\nNota: Para diligenciar la parte de gastos para los colegios de calendario B que no han iniciado actividades, se debe tener en cuenta lo siguiente: \n\nPara el pago de matr\u00edcula G15, pensi\u00f3n G18, transporte G19 y alimentaci\u00f3n G20 se puede colocar el valor si se conoce aunque todav\u00eda no se haya realizado el pago.","var_universe":"El universo para la Encuesta de Calidad de Vida est\u00e1 conformado por la poblaci\u00f3n civil no institucional residente en todo el territorio nacional. \n\nEste cap\u00edtulo va dirigido a todas las personas las personas de 5 a\u00f1os y m\u00e1s.","var_universe_clusion":"I","var_sumstat":[{"value":"27055","type":"vald","wgtd":null},{"value":"56737","type":"invd","wgtd":null}],"var_txt":null,"var_catgry":[{"value":"2","labl":"No","is_missing":null,"stats":[{"value":"15902","type":"freq","wgtd":null}]},{"value":"1","labl":"S\u00ed","is_missing":null,"stats":[{"value":"11153","type":"freq","wgtd":null}]},{"value":"Sysmiss","labl":null,"is_missing":"Y","stats":[{"value":"56737","type":"freq","wgtd":null}]}],"var_codinstr":null,"var_concept":[],"var_format":{"type":"numeric","schema":"other","category":null,"name":null},"var_notes":null,"var_val_range":{"min":null,"max":null},"fid":"F42","sid":"196","survey_idno":"DANE-DIRPEN-ENCV-2011"}