{"file_id":"F42","vid":"V3429","name":"P8600","var_intrvl":"discrete","var_dcml":"0","var_wgt":null,"var_is_wgt":null,"loc_start_pos":"234","loc_end_pos":"234","loc_width":"1","loc_rec_seg_no":"1","labl":"El hogar paga: \u00bfpensi\u00f3n para________?","var_imputation":null,"var_security":"El acceso a microdatos y Mam-up se considera como de tratamiento especial respecto a la reserva estad\u00edstica por tanto estar\u00e1 sujeto a la reglamentaci\u00f3n que para el efecto defina el Comit\u00e9 de Aseguramiento de la reserva estad\u00edstica. Resoluci\u00f3n 173 de 2008.","var_resp_unit":"Directo.","var_analysis_unit":null,"var_qstn_preqtxt":"17. Valor $  _____","var_qstn_qstnlit":"18. El hogar paga: - \u00bfPensi\u00f3n para ____?\n\n1\tS\u00ed\n2\tNo","var_qstn_postqtxt":"18. Valor Mensual $  _____","var_qstn_ivuinstr":"Tenga en cuenta que esta pregunta NO se refiere al pago efectuado por el hogar durante el MES PASADO. Es posible que el hogar est\u00e9 atrasado en el pago de pensiones, lo que no significa que no tenga que pagar por dicho concepto, por tal raz\u00f3n independientemente de esta situaci\u00f3n debe registrarse el monto mensual que debe pagar el hogar por este concepto.","var_universe":"El universo para la Encuesta de Calidad de Vida est\u00e1 conformado por la poblaci\u00f3n civil no institucional residente en todo el territorio nacional. \n\nEste cap\u00edtulo va dirigido a todas las personas las personas de 5 a\u00f1os y m\u00e1s.","var_universe_clusion":"I","var_sumstat":[{"value":"23837","type":"vald","wgtd":null},{"value":"59955","type":"invd","wgtd":null}],"var_txt":null,"var_catgry":[{"value":"2","labl":"No","is_missing":null,"stats":[{"value":"21357","type":"freq","wgtd":null}]},{"value":"1","labl":"S\u00ed","is_missing":null,"stats":[{"value":"2480","type":"freq","wgtd":null}]},{"value":"Sysmiss","labl":null,"is_missing":"Y","stats":[{"value":"59955","type":"freq","wgtd":null}]}],"var_codinstr":null,"var_concept":[],"var_format":{"type":"numeric","schema":"other","category":null,"name":null},"var_notes":null,"var_val_range":{"min":null,"max":null},"fid":"F42","sid":"196","survey_idno":"DANE-DIRPEN-ENCV-2011"}