{"file_id":"F14","vid":"V1015","name":"P6165","var_intrvl":"discrete","var_dcml":"0","var_wgt":null,"var_is_wgt":null,"loc_start_pos":"224","loc_end_pos":"224","loc_width":"1","loc_rec_seg_no":"1","labl":"A qu\u00e9 tipo de jard\u00edn infantil, hogar comunitario, guarder\u00eda o jard\u00edn asiste?","var_imputation":null,"var_security":"El acceso a microdatos y Mam-up se considera como de tratamiento especial respecto a la reserva estad\u00edstica por tanto estar\u00e1 sujeto a la reglamentaci\u00f3n que para el efecto defina el Comit\u00e9 de Aseguramiento de la reserva estad\u00edstica. Resoluci\u00f3n 173 de 2008.","var_resp_unit":"Directo.","var_analysis_unit":null,"var_qstn_preqtxt":"2A. El ni\u00f1o o el hogar ha recibido servicios de: - c. Otro \n\n- \u00bfcu\u00e1l? _______________","var_qstn_qstnlit":"3. \u00bfA qu\u00e9 tipo de hogar comunitario, guarder\u00eda o jard\u00edn asiste?\n\na. Hogar comunitario de Bienestar Familiar\nb. Guarder\u00eda hogar infantil o jard\u00edn de Bienestar Familiar\nc. Otra guarder\u00eda \u00f3 jard\u00edn oficial\nd. Guarder\u00eda o jard\u00edn privado","var_qstn_postqtxt":"4. \u00bfC\u00f3mo considera Ud. el servicio prestado en el establecimiento al que asiste?\n\na. Muy bueno\nb. Bueno\nc. Malo\nd. Muy malo o p\u00e9simo","var_qstn_ivuinstr":"Nota: En los Municipios donde no funcione el grado 0 organizado por la Secretar\u00eda de Educaci\u00f3n, se atienden los ni\u00f1os y ni\u00f1as hasta los 7 a\u00f1os.","var_universe":"Calidad de Vida est\u00e1 conformado por la poblaci\u00f3n civil no institucional residente en todo el territorio nacional.\n\nEste cap\u00edtulo esta dirigido a los ni\u00f1os y ni\u00f1as menores de cinco a\u00f1os.","var_universe_clusion":"I","var_sumstat":[{"value":"0","type":"vald","wgtd":null},{"value":"0","type":"invd","wgtd":null}],"var_txt":"- Hogar comunitario de Bienestar Familiar: es un centro que funciona en la vivienda de la madre comunitaria que lo atiende. En \u00e9l se atiende prioritariamente a ni\u00f1os y ni\u00f1as menores de 5 a\u00f1os con vulnerabilidad econ\u00f3mica, social, cultural, nutricional y psicoafectiva. \n\n- Guarder\u00eda o jard\u00edn de Bienestar Familiar: Bienestar Familiar ha creado guarder\u00edas y jardines con el fin de garantizar el cuidado de los ni\u00f1os y ni\u00f1as de familias en situaci\u00f3n de vulnerabilidad. \n\n- Otra guarder\u00eda o jard\u00edn oficial: Algunas entidades oficiales han creado jardines y\/o preescolares para garantizar el cuidado de los hijos de los empleados. \n\n- Guarder\u00eda o jard\u00edn privado: Son todas aquellas guarder\u00edas o jardines que se financian con recursos provenientes de personas y\/o entidades privadas.","var_catgry":[{"value":"1","labl":"Hogar comunitario de bienestar familiar","is_missing":null,"stats":[]},{"value":"2","labl":"Guarder\u00eda, hogar infantil o jard\u00edn de bienestar familiar","is_missing":null,"stats":[]},{"value":"3","labl":"Otra guarder\u00eda o jard\u00edn oficial","is_missing":null,"stats":[]},{"value":"4","labl":"Guarder\u00eda o jard\u00edn privado","is_missing":null,"stats":[]}],"var_codinstr":null,"var_concept":[],"var_format":{"type":"numeric","schema":"other","category":null,"name":null},"var_notes":null,"var_val_range":{"min":null,"max":null},"fid":"F14","sid":"201","survey_idno":"DANE-DIRPEN-ENCV-2010"}