{"file_id":"F14","vid":"V1031","name":"P8572","var_intrvl":"discrete","var_dcml":"0","var_wgt":null,"var_is_wgt":null,"loc_start_pos":"268","loc_end_pos":"268","loc_width":"1","loc_rec_seg_no":"1","labl":"El hogar: \u00bfpaga transporte para?","var_imputation":null,"var_security":"El acceso a microdatos y Mam-up se considera como de tratamiento especial respecto a la reserva estad\u00edstica por tanto estar\u00e1 sujeto a la reglamentaci\u00f3n que para el efecto defina el Comit\u00e9 de Aseguramiento de la reserva estad\u00edstica. Resoluci\u00f3n 173 de 2008.","var_resp_unit":"Directo.","var_analysis_unit":null,"var_qstn_preqtxt":"11. Valor Mensual $ __________","var_qstn_qstnlit":"12. El hogar: - \u00bfPaga transporte para .....?\n\n1\tS\u00ed\n2\tNo","var_qstn_postqtxt":"12. Valor Mensual $ __________","var_qstn_ivuinstr":"Tenga presente que el transporte escolar por el que se pregunta, no corresponde al transporte de servicio p\u00fablico sino al servicio exclusivo (ruta) destinado para el desplazamiento del ni\u00f1o desde la casa a la instituci\u00f3n a la cual asiste. \n\nEn caso de no poder establecer el valor del transporte, registre 99. Si el valor est\u00e1 incluido en la pensi\u00f3n y no se puede desagregar, asigne el valor 98.","var_universe":"Calidad de Vida est\u00e1 conformado por la poblaci\u00f3n civil no institucional residente en todo el territorio nacional.\n\nEste cap\u00edtulo esta dirigido a los ni\u00f1os y ni\u00f1as menores de cinco a\u00f1os.","var_universe_clusion":"I","var_sumstat":[{"value":"0","type":"vald","wgtd":null},{"value":"0","type":"invd","wgtd":null}],"var_txt":null,"var_catgry":[{"value":"1","labl":"S\u00ed","is_missing":null,"stats":[]},{"value":"2","labl":"No","is_missing":null,"stats":[]}],"var_codinstr":null,"var_concept":[],"var_format":{"type":"numeric","schema":"other","category":null,"name":null},"var_notes":null,"var_val_range":{"min":null,"max":null},"fid":"F14","sid":"201","survey_idno":"DANE-DIRPEN-ENCV-2010"}