{"file_id":"F14","vid":"V1082","name":"P6176s1","var_intrvl":"discrete","var_dcml":null,"var_wgt":null,"var_is_wgt":null,"loc_start_pos":"16","loc_end_pos":"68","loc_width":"53","loc_rec_seg_no":"1","labl":"\u00bfcu\u00e1l?","var_imputation":null,"var_security":"El acceso a microdatos y Mam-up se considera como de tratamiento especial respecto a la reserva estad\u00edstica por tanto estar\u00e1 sujeto a la reglamentaci\u00f3n que para el efecto defina el Comit\u00e9 de Aseguramiento de la reserva estad\u00edstica. Resoluci\u00f3n 173 de 2008.","var_resp_unit":null,"var_analysis_unit":null,"var_qstn_preqtxt":"1. \u00bfD\u00f3nde o con qui\u00e9n permanece ..... durante la mayor parte del tiempo entre semana?\n\na. Asiste a un hogar comunitario, guarder\u00eda o jard\u00edn\nb. Con su padre o madre en la casa\nc. Con su padre o madre en el trabajo\nd. Con la empleada o ni\u00f1era en la casa\ne. Al cuidado de un pariente de 18 a\u00f1os o m\u00e1s\nf. Al cuidado de un pariente menor de 18 a\u00f1os\ng. En casa solo\nh. Otro, \u00bfcu\u00e1l?","var_qstn_qstnlit":"\u00bfCu\u00e1l?","var_qstn_postqtxt":"2. \u00bfCu\u00e1l es la raz\u00f3n principal por la que _____ no asiste a una guarder\u00eda, hogar comunitario o jardin?\n\na. No hay una instituci\u00f3n cercana\nb. Es muy costoso\nc. No encontr\u00f3 cupo\nd. Prefiere que no asista todav\u00eda\ne. Tiene un familiar en la casa que lo cuida\nf. Considera que no est\u00e1 en edad de asistir o es recien nacido\ng. Otra, \u00bfcu\u00e1l?","var_qstn_ivuinstr":null,"var_universe":"los ni\u00f1os menores de 5 a\u00f1os","var_universe_clusion":"I","var_sumstat":[{"value":"0","type":"vald","wgtd":null},{"value":"0","type":"invd","wgtd":null}],"var_txt":null,"var_catgry":[],"var_codinstr":null,"var_concept":[],"var_format":{"type":"character","schema":"other","category":null,"name":null},"var_notes":null,"var_val_range":{"min":null,"max":null},"fid":"F14","sid":"201","survey_idno":"DANE-DIRPEN-ENCV-2010"}