{"file_id":"F15","vid":"V1090","name":"P8586","var_intrvl":"discrete","var_dcml":"0","var_wgt":null,"var_is_wgt":null,"loc_start_pos":"16","loc_end_pos":"16","loc_width":"1","loc_rec_seg_no":"1","labl":"\u00bf.......Actualmente estudia? (asiste al preescolar, escuela, colegio o universidad)","var_imputation":null,"var_security":"El acceso a microdatos y Mam-up se considera como de tratamiento especial respecto a la reserva estad\u00edstica por tanto estar\u00e1 sujeto a la reglamentaci\u00f3n que para el efecto defina el Comit\u00e9 de Aseguramiento de la reserva estad\u00edstica. Resoluci\u00f3n 173 de 2008.","var_resp_unit":"Directo.","var_analysis_unit":null,"var_qstn_preqtxt":"1. \u00bfSabe leer y escribir?\n\n1\tS\u00ed\n2\tNo","var_qstn_qstnlit":"2. \u00bf____ actualmente estudia? (asiste al preescolar, escuela, colegio o universidad)\n\n1\tS\u00ed\n2\tNo","var_qstn_postqtxt":"3. \u00bfCu\u00e1l es la principal raz\u00f3n para que ..... no estudie?\n\na. Considera que no est\u00e1 en edad escolar\nb. Considera que ya termin\u00f3\nc. Falta de dinero o costos educativos elevados\nd. Debe encargarse de los oficios del hogar (cuidado de ni\u00f1os y de otras personas del hogar: ancianos, personas discapacitadas, etc.)\ne. Por embarazo\nf. Por inseguridad o malos tratos en el establecimiento educativo\ng. Por inseguridad en el entorno del centro educativo o del lugar de residencia\nh. Falta de cupos\ni. No existe un centro educativo cercano o el establecimiento asignado es muy lejano\nj. Necesita trabajar\nk. No le gusta o no le interesa el estudio\nl. Por enfermedad\nm. Necesita educaci\u00f3n especial\nn. Tuvieron que abandonar el lugar de residencia habitual\no. Otra raz\u00f3n, \u00bfcu\u00e1l?","var_qstn_ivuinstr":"Si es menor de 35 contin\u00fae, si tiene 35 a\u00f1os o m\u00e1s, pase a pregunta 4. \n\nUna persona se considera asistiendo a la escuela u otra instituci\u00f3n de ense\u00f1anza, cuando est\u00e1 matriculada y no se ha retirado, aunque est\u00e9 ausente temporalmente por enfermedad u otra causa, o aunque asista solamente parte del d\u00eda. Igualmente, se considera que la persona est\u00e1 estudiando si est\u00e1 cursando estudios en la modalidad de educaci\u00f3n formal para adultos o bachillerato semestralizado (no confundir esta modalidad con validaci\u00f3n de bachillerato y modelos de aceleraci\u00f3n del aprendizaje en primaria). \n\nSi en el momento en que se realiza la encuesta, la persona se encuentra en el per\u00edodo de receso entre un curso y otro, se considera que la persona asiste s\u00f3lo si piensa seguir estudiando, matricularse o ya se matricul\u00f3 en el siguiente curso o nivel. \n\nNota: Las personas que est\u00e1n validando la primaria o el bachillerato, se consideran no asistiendo.","var_universe":"El universo para la Encuesta de Calidad de Vida est\u00e1 conformado por la poblaci\u00f3n civil no institucional residente en todo el territorio nacional. \n\nEste cap\u00edtulo va dirigido a todas las personas las personas de 5 a\u00f1os y m\u00e1s.","var_universe_clusion":"I","var_sumstat":[{"value":"0","type":"vald","wgtd":null},{"value":"0","type":"invd","wgtd":null}],"var_txt":null,"var_catgry":[{"value":"2","labl":"No","is_missing":null,"stats":[]},{"value":"1","labl":"S\u00ed","is_missing":null,"stats":[]}],"var_codinstr":null,"var_concept":[],"var_format":{"type":"numeric","schema":"other","category":null,"name":null},"var_notes":null,"var_val_range":{"min":null,"max":null},"fid":"F15","sid":"201","survey_idno":"DANE-DIRPEN-ENCV-2010"}