{"file_id":"F15","vid":"V1092","name":"P6218s1","var_intrvl":"discrete","var_dcml":null,"var_wgt":null,"var_is_wgt":null,"loc_start_pos":"19","loc_end_pos":"97","loc_width":"79","loc_rec_seg_no":"1","labl":"Otra cu\u00e1l?","var_imputation":null,"var_security":"El acceso a microdatos y Mam-up se considera como de tratamiento especial respecto a la reserva estad\u00edstica por tanto estar\u00e1 sujeto a la reglamentaci\u00f3n que para el efecto defina el Comit\u00e9 de Aseguramiento de la reserva estad\u00edstica. Resoluci\u00f3n 173 de 2008.","var_resp_unit":"Directo.","var_analysis_unit":null,"var_qstn_preqtxt":"3. \u00bfCu\u00e1l es la principal raz\u00f3n para que ..... no estudie?\n\na. Considera que no est\u00e1 en edad escolar\nb. Considera que ya termin\u00f3\nc. Falta de dinero o costos educativos elevados\nd. Debe encargarse de los oficios del hogar (cuidado de ni\u00f1os y de otras personas del hogar: ancianos, personas discapacitadas, etc.)\ne. Por embarazo\nf. Por inseguridad o malos tratos en el establecimiento educativo\ng. Por inseguridad en el entorno del centro educativo o del lugar de residencia\nh. Falta de cupos\ni. No existe un centro educativo cercano o el establecimiento asignado es muy lejano\nj. Necesita trabajar\nk. No le gusta o no le interesa el estudio\nl. Por enfermedad\nm. Necesita educaci\u00f3n especial\nn. Tuvieron que abandonar el lugar de residencia habitual\no. Otra raz\u00f3n, \u00bfcu\u00e1l?","var_qstn_qstnlit":"3. \u00bfCu\u00e1l es la principal raz\u00f3n para que ..... no estudie?\n\no. Otra raz\u00f3n, \u00bfcu\u00e1l? ____________________","var_qstn_postqtxt":"4. \u00bfCu\u00e1l es el nivel educativo m\u00e1s alto alcanzado por ... y el \u00faltimo a\u00f1o o grado aprobado en este nivel?\n\na.\tNinguno\t\nb.\tPreescolar\t\nc.\tB\u00e1sica primaria (1.o - 5.o)\t\nd.\tB\u00e1sica secundaria (6.o a 9.o)\t\ne.\tMedia (10.o - 13.o)\t\nf.\tT\u00e9cnico sin t\u00edtulo\t\ng.\tT\u00e9cnico con t\u00edtulo\t\nh.\tTecnol\u00f3gico sin t\u00edtulo\t\ni.\tTecnol\u00f3gico con t\u00edtulo\t\nj.\tUniversitaria sin t\u00edtulo\t\nk.\tUniversitaria con t\u00edtulo\t\nl.\tPosgrado sin t\u00edtulo\t\nm.\tPosgrado con t\u00edtulo","var_qstn_ivuinstr":"Esta pregunta va dirigida a las personas que no est\u00e1n estudiando actualmente y pretende establecer la principal causa de no asistencia. Formule la pregunta y espere la respuesta de la persona. Si la persona manifiesta m\u00e1s de un motivo, p\u00eddale que decida cu\u00e1l es el m\u00e1s importante.","var_universe":"El universo para la Encuesta de Calidad de Vida est\u00e1 conformado por la poblaci\u00f3n civil no institucional residente en todo el territorio nacional. \n\nEste cap\u00edtulo va dirigido a todas las personas las personas de 5 a\u00f1os y m\u00e1s.","var_universe_clusion":"I","var_sumstat":[{"value":"0","type":"vald","wgtd":null},{"value":"0","type":"invd","wgtd":null}],"var_txt":null,"var_catgry":[],"var_codinstr":null,"var_concept":[],"var_format":{"type":"character","schema":"other","category":null,"name":null},"var_notes":null,"var_val_range":{"min":null,"max":null},"fid":"F15","sid":"201","survey_idno":"DANE-DIRPEN-ENCV-2010"}