{"file_id":"F15","vid":"V1096","name":"P8588","var_intrvl":"discrete","var_dcml":"0","var_wgt":null,"var_is_wgt":null,"loc_start_pos":"104","loc_end_pos":"104","loc_width":"1","loc_rec_seg_no":"1","labl":"\u00bfantes de iniciar la primaria,_______________asisti\u00f3 a preescolar?","var_imputation":null,"var_security":"El acceso a microdatos y Mam-up se considera como de tratamiento especial respecto a la reserva estad\u00edstica por tanto estar\u00e1 sujeto a la reglamentaci\u00f3n que para el efecto defina el Comit\u00e9 de Aseguramiento de la reserva estad\u00edstica. Resoluci\u00f3n 173 de 2008.","var_resp_unit":"Directo.","var_analysis_unit":null,"var_qstn_preqtxt":"5. \u00bfCu\u00e1ntos a\u00f1os de estudios superiores (t\u00e9cnicos, tecnol\u00f3gicos, universitarios, de posgrado, etc.), ha realizado y aprobado?\n\n- N\u00famero de a\u00f1os _____","var_qstn_qstnlit":"6. \u00bfAntes de iniciar la primaria, ____ asisti\u00f3 a preescolar?\n\n1\tS\u00ed\n2\tNo","var_qstn_postqtxt":"7. Ese establecimiento educativo es:\n\na. Escuela, colegio, universidad u otra instituci\u00f3n de educaci\u00f3n superior\nb. Centro de educaci\u00f3n para adultos \nc. Hogar comunitario de Bienestar Familiar\nd. Guarder\u00eda, hogar infantil o jard\u00edn de Bienestar Familiar\ne. Otra guarder\u00eda o jard\u00edn oficial\nf. Guarder\u00eda o jard\u00edn privado","var_qstn_ivuinstr":"Despu\u00e9s de diligenciar la pregunta Pase a 29 \t\n\nHaga esta pregunta a menores de 35 a\u00f1os.","var_universe":"El universo para la Encuesta de Calidad de Vida est\u00e1 conformado por la poblaci\u00f3n civil no institucional residente en todo el territorio nacional. \n\nEste cap\u00edtulo va dirigido a todas las personas las personas de 5 a\u00f1os y m\u00e1s.","var_universe_clusion":"I","var_sumstat":[{"value":"0","type":"vald","wgtd":null},{"value":"0","type":"invd","wgtd":null}],"var_txt":null,"var_catgry":[{"value":"2","labl":"No","is_missing":null,"stats":[]},{"value":"1","labl":"S\u00ed","is_missing":null,"stats":[]}],"var_codinstr":null,"var_concept":[],"var_format":{"type":"numeric","schema":"other","category":null,"name":null},"var_notes":null,"var_val_range":{"min":null,"max":null},"fid":"F15","sid":"201","survey_idno":"DANE-DIRPEN-ENCV-2010"}