{"file_id":"F15","vid":"V1100","name":"P6216","var_intrvl":"discrete","var_dcml":"0","var_wgt":null,"var_is_wgt":null,"loc_start_pos":"109","loc_end_pos":"110","loc_width":"2","loc_rec_seg_no":"1","labl":"Cu\u00e1ntos a\u00f1os de estudios superiores ha realizado y aprobado","var_imputation":null,"var_security":"El acceso a microdatos y Mam-up se considera como de tratamiento especial respecto a la reserva estad\u00edstica por tanto estar\u00e1 sujeto a la reglamentaci\u00f3n que para el efecto defina el Comit\u00e9 de Aseguramiento de la reserva estad\u00edstica. Resoluci\u00f3n 173 de 2008.","var_resp_unit":"Directo.","var_analysis_unit":null,"var_qstn_preqtxt":"8. \u00bfEn qu\u00e9 nivel est\u00e1 matriculado _____ y qu\u00e9 grado \u00f3 a\u00f1o cursa?\n\n- Grado o a\u00f1o que cursa ___________","var_qstn_qstnlit":"9. \u00bfCu\u00e1ntos a\u00f1os de estudios superiores (t\u00e9cnicos, tecnol\u00f3gicos, universitarios, de postgrado, etc.) ha realizado y aprobado?\n\n- N\u00famero de a\u00f1os _______","var_qstn_postqtxt":"10. \u00bfD\u00f3nde o con qui\u00e9n permanece ____ la mayor parte del tiempo, en las horas en que no est\u00e1 asistiendo al establecimiento educativo?\n\na.\tCon su padre o madre en la casa\t\nb.\tCon su padre o madre en el trabajo\t\nc.\tCon empleada o ni\u00f1era en la casa\t\nd.\tAl cuidado de un pariente de 18 a\u00f1os o m\u00e1s\t\ne.\tAl cuidado de un pariente menor de 18 a\u00f1os\t\nf.\tEn un sitio para el cuidado de menores (jornada adicional o alterna, talleres, etc.)\t\ng.\tEn casa solo\t\nh.\tOtro, \u00bfcu\u00e1l?","var_qstn_ivuinstr":"Para el diligenciamiento de esta pregunta, tenga en cuenta las instrucciones dadas en la pregunta G5. Una vez digitada esta pregunta pase a G11.","var_universe":"El universo para la Encuesta de Calidad de Vida est\u00e1 conformado por la poblaci\u00f3n civil no institucional residente en todo el territorio nacional. \n\nEste cap\u00edtulo va dirigido a todas las personas las personas de 5 a\u00f1os y m\u00e1s.","var_universe_clusion":"I","var_sumstat":[{"value":"0","type":"vald","wgtd":null},{"value":"0","type":"invd","wgtd":null}],"var_txt":null,"var_catgry":[],"var_codinstr":null,"var_concept":[],"var_format":{"type":"numeric","schema":"other","category":null,"name":null},"var_notes":null,"var_val_range":{"min":null,"max":null},"fid":"F15","sid":"201","survey_idno":"DANE-DIRPEN-ENCV-2010"}