{"file_id":"F15","vid":"V1113","name":"P8596s1","var_intrvl":"discrete","var_dcml":"0","var_wgt":null,"var_is_wgt":null,"loc_start_pos":"216","loc_end_pos":"222","loc_width":"7","loc_rec_seg_no":"1","labl":"Valor $","var_imputation":null,"var_security":"El acceso a microdatos y Mam-up se considera como de tratamiento especial respecto a la reserva estad\u00edstica por tanto estar\u00e1 sujeto a la reglamentaci\u00f3n que para el efecto defina el Comit\u00e9 de Aseguramiento de la reserva estad\u00edstica. Resoluci\u00f3n 173 de 2008.","var_resp_unit":"Directo.","var_analysis_unit":null,"var_qstn_preqtxt":"16. Durante este A\u00d1O ESCOLAR el hogar pag\u00f3: - \u00bfUniformes para ____?\n\n1\tS\u00ed\n2\tNo","var_qstn_qstnlit":"16. Valor $  _____","var_qstn_postqtxt":"17. Durante este A\u00d1O ESCOLAR el hogar pag\u00f3: - \u00bfLista de \u00fatiles escolares, compra o alquiler de textos para ____?\n\n1\tS\u00ed\n2\tNo","var_qstn_ivuinstr":"Dentro de este rubro se deben incluir las diversas modalidades de adquisici\u00f3n de uniformes en las que un hogar puede incurrir: los uniformes pueden ser comprados directamente al establecimiento escolar o en una empresa autorizada por el mismo, o pueden haberse adquirido las telas para ser elaborados en el hogar o contratar su confecci\u00f3n posteriormente, o haber sido comprados de segunda, en cualquier caso debe indagarse cu\u00e1l fue el valor total invertido por este concepto y registrarlo en VALOR. Tenga en cuenta que en este monto debe incluir los uniformes de diario, de deportes, delantales, zapatos, tenis, etc. \n\nSi en la matr\u00edcula se incluy\u00f3 el pago por uniformes, escriba 98 en \"Valor\". \n\nPara diligenciar la parte de gastos para los colegios de calendario B que no han iniciado actividades, se debe tener en cuenta el valor pagado en el a\u00f1o acad\u00e9mico que recientemente concluy\u00f3.","var_universe":"El universo para la Encuesta de Calidad de Vida est\u00e1 conformado por la poblaci\u00f3n civil no institucional residente en todo el territorio nacional. \n\nEste cap\u00edtulo va dirigido a todas las personas las personas de 5 a\u00f1os y m\u00e1s.","var_universe_clusion":"I","var_sumstat":[{"value":"0","type":"vald","wgtd":null},{"value":"0","type":"invd","wgtd":null}],"var_txt":null,"var_catgry":[],"var_codinstr":null,"var_concept":[],"var_format":{"type":"numeric","schema":"other","category":null,"name":null},"var_notes":null,"var_val_range":{"min":null,"max":null},"fid":"F15","sid":"201","survey_idno":"DANE-DIRPEN-ENCV-2010"}