{"file_id":"F3","vid":"V127","name":"P8544","var_intrvl":"discrete","var_dcml":"0","var_wgt":null,"var_is_wgt":null,"loc_start_pos":"203","loc_end_pos":"203","loc_width":"1","loc_rec_seg_no":"1","labl":"\u00bfalg\u00fan miembro del hogar tiene tel\u00e9fono celular para uso personal o del hogar ?","var_imputation":null,"var_security":"El acceso a microdatos y Mam-up se considera como de tratamiento especial respecto a la reserva estad\u00edstica por tanto estar\u00e1 sujeto a la reglamentaci\u00f3n que para el efecto defina el Comit\u00e9 de Aseguramiento de la reserva estad\u00edstica. Resoluci\u00f3n 173 de 2008.","var_resp_unit":"Directo","var_analysis_unit":null,"var_qstn_preqtxt":"39. Durante los \u00faltimos 30 d\u00edas se han presentado:\n\ne. Ninguno","var_qstn_qstnlit":"40. \u00bf Alg\u00fan miembro del hogar tiene tel\u00e9fono celular para uso personal o del hogar?\n\na.\tS\u00ed\nb.\tNo","var_qstn_postqtxt":"40. \u00bf Alg\u00fan miembro del hogar tiene tel\u00e9fono celular para uso personal o del hogar?  - a. S\u00ed\n\n- \u00bfCu\u00e1ntas personas? ________","var_qstn_ivuinstr":"Para el total de personas se debe tener en cuenta al servicio dom\u00e9stico, pensionistas, hijos del servicio dom\u00e9stico y trabajadores como residentes habituales del hogar que cuenten con tel\u00e9fono celular, aunque estas personas no hacen parte de la unidad de gasto.","var_universe":"El universo para la Encuesta de Calidad de Vida est\u00e1 conformado por la poblaci\u00f3n civil no institucional residente en todo el territorio nacional.\n\nLas preguntas de este cap\u00edtulo se diligencian para todos y cada uno de los hogares existentes en la vivienda.","var_universe_clusion":"I","var_sumstat":[{"value":"0","type":"vald","wgtd":null},{"value":"0","type":"invd","wgtd":null}],"var_txt":null,"var_catgry":[{"value":"2","labl":"No","is_missing":null,"stats":[]},{"value":"1","labl":"S\u00ed","is_missing":null,"stats":[]}],"var_codinstr":null,"var_concept":[],"var_format":{"type":"numeric","schema":"other","category":null,"name":null},"var_notes":null,"var_val_range":{"min":null,"max":null},"fid":"F3","sid":"201","survey_idno":"DANE-DIRPEN-ENCV-2010"}