{"file_id":"F12","vid":"V1315","name":"P4844","var_intrvl":"discrete","var_dcml":"0","var_wgt":null,"var_is_wgt":null,"loc_start_pos":null,"loc_end_pos":null,"loc_width":null,"loc_rec_seg_no":null,"labl":"\u00bfde cu\u00e1l de los siguientes grupos \u00e9tnicos se considera usted?","var_imputation":null,"var_security":"El acceso a microdatos y Mam-up se considera como de tratamiento especial respecto a la reserva estad\u00edstica por tanto estar\u00e1 sujeto a la reglamentaci\u00f3n que para el efecto defina el Comit\u00e9 de Aseguramiento de la reserva estad\u00edstica. Resoluci\u00f3n 173 de 2008.","var_resp_unit":"Directo","var_analysis_unit":null,"var_qstn_preqtxt":"\u00bfCu\u00e1l es o fue el nivel de educaci\u00f3n m\u00e1s alto alcanzado por la madre de ..... ?","var_qstn_qstnlit":"\u00bfde cu\u00e1l de los siguientes grupos \u00e9tnicos se considera usted?\n\n1\tInd\u00edgena\n2\tGitano (rom)\n3\tRaizal del archipi\u00e9lago\n4\tPalenquero\n5\tNegro, mulato (afrodescendiente)\n6\tNinguno de los anteriores","var_qstn_postqtxt":"\u00bfA cu\u00e1l pueblo o etnia ind\u00edgena pertenece ____?\n\nEtnia ind\u00edgena _","var_qstn_ivuinstr":"No suponga la respuesta, formule siempre esta pregunta, para que todas las personas se reconozcan a s\u00ed mismas como pertenecientes a alguna de las opciones dadas, aunque a simple vista le parezca, por sus rasgos f\u00edsicos o el color de su piel, que usted las puede definir. Lea las alternativas","var_universe":"El universo para la Encuesta de Calidad de Vida est\u00e1 conformado por la poblaci\u00f3n civil no institucional residente en todo el territorio nacional. \n\nEste cap\u00edtulo va dirigido a todas las personas del hogar.","var_universe_clusion":"I","var_sumstat":[{"value":"0","type":"vald","wgtd":null},{"value":"0","type":"invd","wgtd":null}],"var_txt":null,"var_catgry":[{"value":"1","labl":"Ind\u00edgena","is_missing":null,"stats":[]},{"value":"2","labl":"Gitano (rom)","is_missing":null,"stats":[]},{"value":"3","labl":"Raizal del archipi\u00e9lago","is_missing":null,"stats":[]},{"value":"4","labl":"Palenquero","is_missing":null,"stats":[]},{"value":"5","labl":"Negro, mulato (afrodescendiente)","is_missing":null,"stats":[]},{"value":"6","labl":"Ninguno de los anteriores","is_missing":null,"stats":[]}],"var_codinstr":null,"var_concept":[],"var_format":{"type":"numeric","schema":"other","category":null,"name":null},"var_notes":null,"var_val_range":{"min":null,"max":null},"fid":"F12","sid":"201","survey_idno":"DANE-DIRPEN-ENCV-2010"}