{"file_id":"F4","vid":"V170","name":"P5130","var_intrvl":"discrete","var_dcml":"0","var_wgt":null,"var_is_wgt":null,"loc_start_pos":"126","loc_end_pos":"133","loc_width":"8","loc_rec_seg_no":"1","labl":"Si tuviera que pagar el arriendo por esta vivienda, \u00bfcu\u00e1nto estima que tendr\u00eda que pagar mensualmente?","var_imputation":null,"var_security":"El acceso a microdatos y Mam-up se considera como de tratamiento especial respecto a la reserva estad\u00edstica por tanto estar\u00e1 sujeto a la reglamentaci\u00f3n que para el efecto defina el Comit\u00e9 de Aseguramiento de la reserva estad\u00edstica. Resoluci\u00f3n 173 de 2008.","var_resp_unit":"Directo.","var_analysis_unit":null,"var_qstn_preqtxt":"9. Si usted quisiera vender esta vivienda \u00bfcu\u00e1l ser\u00eda el precio m\u00ednimo en la que la vender\u00eda?\n\nValor $ _______________","var_qstn_qstnlit":"10. Si tuviera que pagar arriendo por esta vivienda, \u00bfcu\u00e1nto estima que tendr\u00eda que pagar mensualmente?\n\nValor $ _______________","var_qstn_postqtxt":"11. \u00bfCu\u00e1nto paga mensualmente por arriendo?\n\nValor $ _______________","var_qstn_ivuinstr":"Una vez conteste esta pregunta Pase a la pregunta 12.\n\nEsta pregunta busca indagar sobre el estimativo del arriendo de las viviendas de los hogares propietarios, usufructuarios u ocupantes de hecho. \n\nSi a la persona encuestada le causa dificultad suministrar la respuesta, haga que compare su vivienda con otras cercanas con las mismas caracter\u00edsticas y por las cuales se pague arriendo y escriba la cantidad mencionada por la persona. Si definitivamente la persona no puede estimar el valor de la vivienda que ocupa, escriba 99.","var_universe":"El universo para la Encuesta de Calidad de Vida est\u00e1 conformado por la poblaci\u00f3n civil no institucional residente en todo el territorio nacional. \n\nEste cap\u00edtulo va dirigido a todos y cada uno de los hogares existentes en la vivienda.","var_universe_clusion":"I","var_sumstat":[{"value":"0","type":"vald","wgtd":null},{"value":"0","type":"invd","wgtd":null}],"var_txt":null,"var_catgry":[],"var_codinstr":null,"var_concept":[],"var_format":{"type":"numeric","schema":"other","category":null,"name":null},"var_notes":null,"var_val_range":{"min":null,"max":null},"fid":"F4","sid":"201","survey_idno":"DANE-DIRPEN-ENCV-2010"}