{"file_id":"F5","vid":"V251","name":"P5687","var_intrvl":"discrete","var_dcml":"0","var_wgt":null,"var_is_wgt":null,"loc_start_pos":"320","loc_end_pos":"320","loc_width":"1","loc_rec_seg_no":"1","labl":"Entre el 2009 y este a\u00f1o \u00bf cuales de los siguientes eventos se presentaron en su hogar?","var_imputation":null,"var_security":"El acceso a microdatos y Mam-up se considera como de tratamiento especial respecto a la reserva estad\u00edstica por tanto estar\u00e1 sujeto a la reglamentaci\u00f3n que para el efecto defina el Comit\u00e9 de Aseguramiento de la reserva estad\u00edstica. Resoluci\u00f3n 173 de 2008.","var_resp_unit":"informante Directo.","var_analysis_unit":null,"var_qstn_preqtxt":"15. \u00bf\u00c9ste o \u00e9stos subsidios los recibieron ? -b. En especie\n\n- En c\u00faanto estima lo que recibieron en los ultimos 12 meses? valor$____","var_qstn_qstnlit":"16. Entre el 2009 y este a\u00f1o \u00bfcu\u00e1les de los siguientes eventos se presentaron en su hogar?","var_qstn_postqtxt":"16. Entre el 2009 y este a\u00f1o \u00bfcu\u00e1les de los siguientes eventos se presentaron en su hogar?\n\na. El jefe del hogar perdi\u00f3 su empleo","var_qstn_ivuinstr":"Con esta pregunta se quiere identificar los eventos que m\u00e1s afectan los hogares colombianos y que marcan el panorama econ\u00f3mico y social del pa\u00eds.","var_universe":"El universo para la Encuesta de Calidad de Vida est\u00e1 conformado por la poblaci\u00f3n civil no institucional residente en todo el territorio nacional. \n\nEste cap\u00edtulo va dirigido a todos y cada uno de los hogares existentes en la vivienda.","var_universe_clusion":"I","var_sumstat":[{"value":"0","type":"vald","wgtd":null},{"value":"0","type":"invd","wgtd":null}],"var_txt":null,"var_catgry":[],"var_codinstr":null,"var_concept":[],"var_format":{"type":"numeric","schema":"other","category":null,"name":null},"var_notes":null,"var_val_range":{"min":null,"max":null},"fid":"F5","sid":"201","survey_idno":"DANE-DIRPEN-ENCV-2010"}