{"file_id":"F3","vid":"V89","name":"P8528","var_intrvl":"discrete","var_dcml":"0","var_wgt":null,"var_is_wgt":null,"loc_start_pos":"58","loc_end_pos":"58","loc_width":"1","loc_rec_seg_no":"1","labl":"\u00bfc\u00f3mo considera que fue la calidad del servicio de recolecci\u00f3n de basuras el mes pasado?","var_imputation":null,"var_security":"El acceso a microdatos y Mam-up se considera como de tratamiento especial respecto a la reserva estad\u00edstica por tanto estar\u00e1 sujeto a la reglamentaci\u00f3n que para el efecto defina el Comit\u00e9 de Aseguramiento de la reserva estad\u00edstica. Resoluci\u00f3n 173 de 2008.","var_resp_unit":"Directo","var_analysis_unit":null,"var_qstn_preqtxt":"16. \u00bfC\u00f3mo eliminan principalmente la basura en este hogar?\n\na.\tLa recogen los servicios de aseo\nb.\tLa tiran a un rio, quebrada, ca\u00f1o o laguna \nc.\tLa tiran a un patio, lote, zanja o bald\u00edo\nd.\tLa queman\ne.\tLa entierran\nf.\tLa recoge un servicio informal (zorra,carreta,etc)","var_qstn_qstnlit":"17. \u00bfC\u00f3mo considera que fue la calidad del servicio de recolecci\u00f3n de basuras el mes pasado?\n\na.\tMuy mala\nb.\tMala\nc.\tBuena\nd.\tMuy buena","var_qstn_postqtxt":"18. \u00bfPagan en este hogar por servicio de recolecci\u00f3n de basuras?\n\na.\tS\u00ed\nb.\tS\u00ed, con el arriendo\nc.\tNo pagan","var_qstn_ivuinstr":"Esta pregunta indaga por la percepci\u00f3n que tiene el hogar de la calidad del servicio formal de recolecci\u00f3n de basuras.","var_universe":"El universo para la Encuesta de Calidad de Vida est\u00e1 conformado por la poblaci\u00f3n civil no institucional residente en todo el territorio nacional.\n\nLas preguntas de este cap\u00edtulo se diligencian para todos y cada uno de los hogares existentes en la vivienda.","var_universe_clusion":"I","var_sumstat":[{"value":"0","type":"vald","wgtd":null},{"value":"0","type":"invd","wgtd":null}],"var_txt":null,"var_catgry":[{"value":"4","labl":"Muy buena","is_missing":null,"stats":[]},{"value":"3","labl":"Buena","is_missing":null,"stats":[]},{"value":"2","labl":"Mala","is_missing":null,"stats":[]},{"value":"1","labl":"Muy mala","is_missing":null,"stats":[]}],"var_codinstr":null,"var_concept":[],"var_format":{"type":"numeric","schema":"other","category":null,"name":null},"var_notes":null,"var_val_range":{"min":null,"max":null},"fid":"F3","sid":"201","survey_idno":"DANE-DIRPEN-ENCV-2010"}