{"file_id":"F3","vid":"V90","name":"P5042","var_intrvl":"discrete","var_dcml":"0","var_wgt":null,"var_is_wgt":null,"loc_start_pos":"59","loc_end_pos":"59","loc_width":"1","loc_rec_seg_no":"1","labl":"Pagan en este hogar por servicio de recolecci\u00f3n de basuras?","var_imputation":null,"var_security":"El acceso a microdatos y Mam-up se considera como de tratamiento especial respecto a la reserva estad\u00edstica por tanto estar\u00e1 sujeto a la reglamentaci\u00f3n que para el efecto defina el Comit\u00e9 de Aseguramiento de la reserva estad\u00edstica. Resoluci\u00f3n 173 de 2008.","var_resp_unit":"Directo","var_analysis_unit":null,"var_qstn_preqtxt":"17. \u00bfC\u00f3mo considera que fue la calidad del servicio de recolecci\u00f3n de basuras el mes pasado?\n\na.\tMuy mala\nb.\tMala\nc.\tBuena\nd.\tMuy buena","var_qstn_qstnlit":"18. \u00bfPagan en este hogar por servicio de recolecci\u00f3n de basuras?\n\na.\tS\u00ed\nb.\tS\u00ed, con el arriendo\nc.\tNo pagan","var_qstn_postqtxt":"19. \u00bfCu\u00e1nto pagaron EL MES PASADO o la \u00faltima vez por servicio de recolecci\u00f3n de basuras?\n\n$ ___________","var_qstn_ivuinstr":"Haga la pregunta y se\u00f1ale el c\u00f3digo de acuerdo a la respuesta del entrevistado(a). \n\nNota: En una vivienda que tenga servicio de recolecci\u00f3n de basuras y haya varios hogares que pagan el servicio con el arriendo alguno de ellos debe aparecer reportando el valor pagado por este servicio. \n\n- Si la respuesta a esta pregunta es la alternativa 1(a. S\u00ed), contin\u00fae con la siguiente pregunta.\n\n- Si la respuesta a esta pregunta es la alternativa 2(b. S\u00ed, con el arriendo) o 3(c. No pagan), siga con el flujo correspondiente a la pregunta 20 del cap\u00edtulo C. SERVICIOS DEL HOGAR.\n\n* Esta pregunta se responde siempre y cuando haya marcado la opci\u00f3n 6(f. La recoge un servicio informal (zorra, carreta, etc.)) en la pregunta 16 o que haya contestado la pregunta 17 del cap\u00edtulo C. SERVICIOS DEL HOGAR.","var_universe":"El universo para la Encuesta de Calidad de Vida est\u00e1 conformado por la poblaci\u00f3n civil no institucional residente en todo el territorio nacional.\n\nLas preguntas de este cap\u00edtulo se diligencian para todos y cada uno de los hogares existentes en la vivienda.","var_universe_clusion":"I","var_sumstat":[{"value":"0","type":"vald","wgtd":null},{"value":"0","type":"invd","wgtd":null}],"var_txt":null,"var_catgry":[{"value":"3","labl":"No pagan","is_missing":null,"stats":[]},{"value":"2","labl":"S\u00ed, con el arriendo","is_missing":null,"stats":[]},{"value":"1","labl":"S\u00ed","is_missing":null,"stats":[]}],"var_codinstr":null,"var_concept":[],"var_format":{"type":"numeric","schema":"other","category":null,"name":null},"var_notes":null,"var_val_range":{"min":null,"max":null},"fid":"F3","sid":"201","survey_idno":"DANE-DIRPEN-ENCV-2010"}