{"file_id":"F19","vid":"V414","name":"P7300","var_intrvl":"discrete","var_dcml":"0","var_wgt":null,"var_is_wgt":null,"loc_start_pos":"26","loc_end_pos":"26","loc_width":"1","loc_rec_seg_no":"1","labl":"Si le resultara un trabajo de planta en una empresa o como asalariado \u00bfEst\u00e1 dispuesto a aceptarlo sin que la empresa lo afilie al sistema de salud?","var_imputation":null,"var_security":"El acceso a microdatos y Mam-up se considera como de tratamiento especial respecto a la reserva estad\u00edstica por tanto estar\u00e1 sujeto a la reglamentaci\u00f3n que para el efecto defina el Comit\u00e9 de Aseguramiento de la reserva estad\u00edstica. Resoluci\u00f3n 173 de 2008.","var_resp_unit":"Director","var_analysis_unit":null,"var_qstn_preqtxt":"Si le resultara un trabajo \u00bfest\u00e1 dispuesto a aceptarlo sin que lo afilien al sistema de salud?\n\n1. S\u00ed\n2. No","var_qstn_qstnlit":"Si le resultara un trabajo \u00bfest\u00e1 dispuesto a aceptarlo sin que lo afilien a un fondo de pensiones?\n\n1. S\u00ed\n2. No","var_qstn_postqtxt":"\u00bf..... ha buscado trabajo por primera vez o hab\u00eda trabajado antes por lo menos durante dos semanas consecutivas?\n\n1. Primera vez \n2. Trabaj\u00f3 antes","var_qstn_ivuinstr":"El objetivo de la pregunta es indagar por la disposici\u00f3n de las personas para aceptar un trabajo sin afiliaci\u00f3n a un fondo de pensiones.","var_universe":"el universo est\u00e1 conformado por la poblaci\u00f3n civil no institucional residente en viviendas particulares.","var_universe_clusion":"I","var_sumstat":[{"value":"0","type":"vald","wgtd":null},{"value":"0","type":"invd","wgtd":null}],"var_txt":null,"var_catgry":[{"value":"2","labl":"No","is_missing":null,"stats":[]},{"value":"1","labl":"S\u00ed","is_missing":null,"stats":[]}],"var_codinstr":null,"var_concept":[],"var_format":{"type":"numeric","schema":"other","category":null,"name":null},"var_notes":null,"var_val_range":{"min":null,"max":null},"fid":"F19","sid":"204","survey_idno":"DANE-DIMPE-ENIG-2006_2007"}