{"file_id":"F19","vid":"V440","name":"P7424","var_intrvl":"discrete","var_dcml":"0","var_wgt":null,"var_is_wgt":null,"loc_start_pos":"355","loc_end_pos":"355","loc_width":"1","loc_rec_seg_no":"1","labl":"\u00bfDurante los \u00faltimos 12 meses, gan\u00f3 o recibi\u00f3 ingresos por concepto de trabajo?","var_imputation":null,"var_security":"El acceso a microdatos y Mam-up se considera como de tratamiento especial respecto a la reserva estad\u00edstica por tanto estar\u00e1 sujeto a la reglamentaci\u00f3n que para el efecto defina el Comit\u00e9 de Aseguramiento de la reserva estad\u00edstica. Resoluci\u00f3n 173 de 2008.","var_resp_unit":"Director","var_analysis_unit":null,"var_qstn_preqtxt":"\u00bfRecibi\u00f3 o gan\u00f3 el mes pasado ingresos por concepto de trabajo?\n\n\u00bf Cu\u00e1nto?____________________","var_qstn_qstnlit":"\u00bfDurante los \u00faltimos doce meses gan\u00f3 o recibi\u00f3 ingresos por concepto de trabajo?\n\n1. S\u00ed\n2. No","var_qstn_postqtxt":"\u00bfDurante los \u00faltimos doce meses gan\u00f3 o recibi\u00f3 ingresos por concepto de trabajo?\n\n\u00bf Cu\u00e1nto?____________________","var_qstn_ivuinstr":"El objetivo de la pregunta es determinar si la persona gan\u00f3 o recibi\u00f3 ingresos por concepto de trabajo en los \u00faltimos doce meses.\nSi la persona no trabaj\u00f3 los doce meses de manera consecutiva, es decir trabaj\u00f3 el mes de marzo, el mes de julio, el mes de octubre, noviembre y diciembre del a\u00f1o pasado entonces sume lo que recibi\u00f3 o gan\u00f3 en esos meses.\nPara contabilizar los ingresos tenga en cuenta los d\u00edas trabajados al mes, por que se puede presentar el caso de meses en los cuales no se trabajaron los 30 d\u00edas. Para este caso sume lo ganado o recibido, de los d\u00edas del mes que trabaj\u00f3.\nSi la persona responde alternativa 1 (SI), se debe indagar por el monto. \nSi recibi\u00f3 pero no sabe el monto escriba 98. y pase al capitulo L","var_universe":"el universo est\u00e1 conformado por la poblaci\u00f3n civil no institucional residente en viviendas particulares.","var_universe_clusion":"I","var_sumstat":[{"value":"0","type":"vald","wgtd":null},{"value":"0","type":"invd","wgtd":null}],"var_txt":null,"var_catgry":[{"value":"2","labl":"No","is_missing":null,"stats":[]},{"value":"1","labl":"S\u00ed","is_missing":null,"stats":[]}],"var_codinstr":null,"var_concept":[],"var_format":{"type":"numeric","schema":"other","category":null,"name":null},"var_notes":null,"var_val_range":{"min":null,"max":null},"fid":"F19","sid":"204","survey_idno":"DANE-DIMPE-ENIG-2006_2007"}