{"file_id":"F21","vid":"V594","name":"P7450S1","var_intrvl":"discrete","var_dcml":null,"var_wgt":null,"var_is_wgt":null,"loc_start_pos":null,"loc_end_pos":null,"loc_width":"255","loc_rec_seg_no":null,"labl":"\u00bfPor Qu\u00e9 Motivo o Raz\u00f3n Principal ... Dej\u00f3 Ese Trabajo? - Otra, \u00bfCu\u00e1l?","var_imputation":null,"var_security":"El acceso a microdatos y Mam-up se considera como de tratamiento especial respecto a la reserva estad\u00edstica por tanto estar\u00e1 sujeto a la reglamentaci\u00f3n que para el efecto defina el Comit\u00e9 de Aseguramiento de la reserva estad\u00edstica. Resoluci\u00f3n 173 de 2008.","var_resp_unit":"Directo","var_analysis_unit":null,"var_qstn_preqtxt":"\u00bfPor qu\u00e9 motivo o raz\u00f3n principal ..... dej\u00f3 ese trabajo?\n\na. Por despido\nb. Para dedicarse a estudiar\nc. Responsabilidades familiares\nd. Enfermedad o accidente\ne. Jubilaci\u00f3n o retiro\nf. Condiciones de trabajo insatisfactorias\ng. Cierre o dificultades de la empresa\nh. Trabajo temporal terminado\ni. Otra, \u00bfcu\u00e1l?","var_qstn_qstnlit":"i. Otra, \u00bfcu\u00e1l?\n\n______________________","var_qstn_postqtxt":"\u00bfEst\u00e1 ..... afiliado actualmente a un fondo de pensiones?\n\na. S\u00ed\nb. No\nc. Ya es pensionado\nd. No sabe, no informa","var_qstn_ivuinstr":null,"var_universe":"el universo est\u00e1 conformado por la poblaci\u00f3n civil no institucional residente en viviendas particulares.\n\nEste cap\u00edtulo se debe diligenciar para todas las personas que tengan marcada la alternativa 5 en pregunta 2, alternativa 2 de las pregunta 8 y alternativas 9 a 13 de la pregunta 9 y alternativa 2 en preguntas 11, 12 y 14 del Cap\u00edtulo I. Fuerza de Trabajo).","var_universe_clusion":"I","var_sumstat":[{"value":"0","type":"vald","wgtd":null},{"value":"0","type":"invd","wgtd":null}],"var_txt":null,"var_catgry":[],"var_codinstr":null,"var_concept":[],"var_format":{"type":"character","schema":"other","category":null,"name":null},"var_notes":null,"var_val_range":{"min":null,"max":null},"fid":"F21","sid":"204","survey_idno":"DANE-DIMPE-ENIG-2006_2007"}