{"file_id":"F1","vid":"V32","name":"apto","var_intrvl":"discrete","var_dcml":null,"var_wgt":null,"var_is_wgt":null,"loc_start_pos":null,"loc_end_pos":null,"loc_width":"1","loc_rec_seg_no":null,"labl":"Mts. construidos destino apartamento","var_imputation":"No se gener\u00f3 ning\u00fan proceso de imputaci\u00f3n","var_security":"El acceso a microdatos y Mam-up se considera como de tratamiento especial respecto a la reserva estad\u00edstica por tanto estar\u00e1 sujeto a la reglamentaci\u00f3n que para el efecto defina el Comit\u00e9 de Aseguramiento de la reserva estad\u00edstica. Resoluci\u00f3n 173 de 2008","var_resp_unit":"Indirecto","var_analysis_unit":null,"var_qstn_preqtxt":"Nuevas unidades o adicionadas para Casa.","var_qstn_qstnlit":"Tipo de vivienda Apartamento","var_qstn_postqtxt":"Mts. construidos destino apartamento","var_qstn_ivuinstr":"Si la edificaci\u00f3n es para vivienda nueva se\u00f1ale en la casilla correspondiente el tipo de vivienda: casas o apartamentos y anote el n\u00famero total de unidades o de soluciones de vivienda.\n\nSi la edificaci\u00f3n es una ampliaci\u00f3n de la vivienda y conduce a una nueva unidad, se procede de la misma forma, pero solo se debe anotar el n\u00famero de unidades de viviendas adicionadas.","var_universe":"El universo est\u00e1 conformado por la totalidad de los metros cuadrados aprobados bajo licencias (por destino), el n\u00famero de licencias aprobadas, el n\u00famero de unidades a construir por destino, \u00e1rea aprobada seg\u00fan estrato socioecon\u00f3mico, el metraje aprobado para vivienda (VIS y diferente a VIS) y n\u00famero de \u00e1rea de vivienda (casa y\/o apartamento) y vivienda diferente a VIS, aprobados para la construcci\u00f3n en los 77 municipios que conforman la cobertura geogr\u00e1fica de la investigaci\u00f3n.","var_universe_clusion":"I","var_sumstat":[{"value":"0","type":"vald","wgtd":null},{"value":"0","type":"invd","wgtd":null}],"var_txt":null,"var_catgry":[{"value":"0","labl":"No","is_missing":null,"stats":[]},{"value":"1","labl":"Si","is_missing":null,"stats":[]}],"var_codinstr":"No hubo recodificaci\u00f3n de las variables y categorias","var_concept":[],"var_format":{"type":"character","schema":"other","category":null,"name":null},"var_notes":null,"var_val_range":{"min":null,"max":null},"fid":"F1","sid":"24","survey_idno":"DANE-DIMPE-ELIC-2009-2010-2011"}