{"file_id":"F15","vid":"V1018","name":"P201s19","var_intrvl":"discrete","var_dcml":"0","var_wgt":null,"var_is_wgt":null,"loc_start_pos":"36","loc_end_pos":"36","loc_width":"1","loc_rec_seg_no":"1","labl":"S. Ventilador o abanico","var_imputation":null,"var_security":"El acceso a microdatos y Mam-up se considera como de tratamiento especial respecto a la reserva estad\u00edstica por tanto estar\u00e1 sujeto a la reglamentaci\u00f3n que para el efecto defina el Comit\u00e9 de Aseguramiento de la reserva estad\u00edstica. Resoluci\u00f3n 173 de 2008.","var_resp_unit":"para jefe[a] del hogar o c\u00f3nyuge","var_analysis_unit":null,"var_qstn_preqtxt":"6. \u00bfCu\u00e1les de los siguientes servicios o bienes en uso, posee este hogar?\n\nr. Aire acondicionado\n\n1. Si\n2. No","var_qstn_qstnlit":"6. \u00bfCu\u00e1les de los siguientes servicios o bienes en uso, posee este hogar?\n\ns. Ventilador o abanico\n\n1. Si\n2. No","var_qstn_postqtxt":"6. \u00bfCu\u00e1les de los siguientes servicios o bienes en uso, posee este hogar?\n\nt. Bicicleta\n\n1. Si\n2. No","var_qstn_ivuinstr":"Leamos la pregunta y luego cada uno de las opciones.\nEn cada opci\u00f3n esperemos la respuesta y marquemos la casilla que corresponde.\n\nVentilador o abanico: La posesi\u00f3n de una m\u00e1quina de fluido concebida para producir una corriente de aire mediante un rodete con aspas. Se utiliza para ventilaci\u00f3n o para aumentar la circulaci\u00f3n de aire en un espacio habitado, b\u00e1sicamente para refrescar.","var_universe":"El universo para la Encuesta de Consumo Cultural est\u00e1 conformado por la poblaci\u00f3n civil no institucional residente en las cabeceras municipales del territorio nacional.","var_universe_clusion":"I","var_sumstat":[{"value":"0","type":"vald","wgtd":null},{"value":"0","type":"invd","wgtd":null}],"var_txt":null,"var_catgry":[{"value":"2","labl":"No","is_missing":null,"stats":[]},{"value":"1","labl":"Si","is_missing":null,"stats":[]}],"var_codinstr":null,"var_concept":[],"var_format":{"type":"numeric","schema":"other","category":null,"name":null},"var_notes":null,"var_val_range":{"min":null,"max":null},"fid":"F15","sid":"248","survey_idno":"DANE-DIMPE-ECC-2012"}