{"file_id":"F1","vid":"V58","name":"P417","var_intrvl":"discrete","var_dcml":"0","var_wgt":null,"var_is_wgt":null,"loc_start_pos":"91","loc_end_pos":"91","loc_width":"1","loc_rec_seg_no":"1","labl":"\u00bfEn qu\u00e9 horario u horarios realiz\u00f3 su  trabajo principal de la semana pasada ? (Registre horario de 0 a 24 horas)","var_imputation":null,"var_security":"El acceso a microdatos y Mam-up se considera como de tratamiento especial respecto a la reserva estad\u00edstica por tanto estar\u00e1 sujeto a la reglamentaci\u00f3n que para el efecto defina el Comit\u00e9 de Aseguramiento de la reserva estad\u00edstica. Resoluci\u00f3n 173 de 2008.","var_resp_unit":"Directo","var_analysis_unit":null,"var_qstn_preqtxt":"12. \u00bfCu\u00e1ntas horas trabaj\u00f3 durante la semana pasada en este trabajo?","var_qstn_qstnlit":"13. \u00bfEn qu\u00e9 horario u horarios realiz\u00f3 su  trabajo principal de la semana pasada ? (Registre horario de 0 a 24 horas)\n\n1\tEn horario u horarios fijos\n2\tPor turnos rotatorios","var_qstn_postqtxt":"13. \u00bfEn qu\u00e9 horario u horarios realiz\u00f3 su  trabajo principal de la semana pasada? (Registre horario de 0 a 24 horas)\n\na. Horarios de:","var_qstn_ivuinstr":"Registre horario de 0 a 24 horas\nEl objetivo de la pregunta es establecer los diferentes horarios de trabajo que tienen las personas ocupadas en la semana de referencia. \nSi la persona trabaj\u00f3 en horario u horarios definidos se marca la opci\u00f3n 1.\nSi la persona trabaj\u00f3 por turnos rotatorios y no puede definir un horario en particular se marca la opci\u00f3n 2","var_universe":"Para el caso del M\u00f3dulo de Trabajo Infantil, el universo est\u00e1 conformado por la poblaci\u00f3n de 5 a 17 a\u00f1os de edad civil no institucional residente en viviendas particulares.","var_universe_clusion":"I","var_sumstat":[{"value":"0","type":"vald","wgtd":null},{"value":"0","type":"invd","wgtd":null}],"var_txt":null,"var_catgry":[{"value":"1","labl":"En horario u horarios fijos","is_missing":null,"stats":[]},{"value":"2","labl":"Por turnos rotatorios","is_missing":null,"stats":[]}],"var_codinstr":null,"var_concept":[],"var_format":{"type":"numeric","schema":"other","category":null,"name":null},"var_notes":"@Nota.\nLos horarios registrados en las preguntas 35a, 35b y 35c deben incluir las horas extras (en caso de que el encuestado las haya realizado) con el fin de guardar consistencia con la pregunta I_33.\n@Nota.\nSi la persona por alg\u00fan motivo no trabaj\u00f3 la semana de referencia se debe registrar en esta pregunta los horarios en los que normalmente realiza su trabajo principal.","var_val_range":{"min":"1","max":"2"},"fid":"F1","sid":"249","survey_idno":"DANE-DIMPE-MTI-2009"}