{"file_id":"F1","vid":"V185","name":"P16_1_SEGU_COBER","var_intrvl":"discrete","var_dcml":"0","var_wgt":null,"var_is_wgt":null,"loc_start_pos":null,"loc_end_pos":null,"loc_width":"2","loc_rec_seg_no":null,"labl":"Est\u00e1 seguro del tipo de cobertura escogida?","var_imputation":null,"var_security":"El acceso a microdatos y Mam-up se considera como de tratamiento especial respecto a la reserva estad\u00edstica por tanto estar\u00e1 sujeto a la reglamentaci\u00f3n que para el efecto defina el Comit\u00e9 de Aseguramiento de la reserva estad\u00edstica. Resoluci\u00f3n 173 de 2008","var_resp_unit":"Directo","var_analysis_unit":null,"var_qstn_preqtxt":"\u00bfcu\u00e1l es el tipo de cobertura del lote, el d\u00eda de hoy?\n\n1. Cultivos transitorios\n2. Cultivos permanentes.\n3. Barbecho\n4. Descanso\n5. Pastos o forrajes\n6. Malezas o rastrojos\n7. Bosques naturales\n8. Bosques plantados","var_qstn_qstnlit":"Est\u00e1 seguro del tipo de cobertura escogida?\n\n1. Si\n2. No","var_qstn_postqtxt":"Desde el  de enero al d\u00eda de ayer, en alg\u00fan momento esta cobertura estuvo asociada a cultivos transitorios o permanentes?\n\n1. Si\n2. No","var_qstn_ivuinstr":null,"var_universe":"El universo de la ENA est\u00e1 constituido por toda la zona rural del pa\u00eds, deduciendo la superficie que no es utilizada con fines agropecuarios, la cual est\u00e1 representada aproximadamente por 51 millones de hect\u00e1reas agropecuarias planimetradas.","var_universe_clusion":"I","var_sumstat":[{"value":"0","type":"vald","wgtd":null},{"value":"1","type":"invd","wgtd":null}],"var_txt":null,"var_catgry":[{"value":"1","labl":"Si","is_missing":null,"stats":[{"value":"0","type":"freq","wgtd":null}]},{"value":"2","labl":"No","is_missing":null,"stats":[{"value":"0","type":"freq","wgtd":null}]},{"value":"Sysmiss","labl":null,"is_missing":"Y","stats":[{"value":"1","type":"freq","wgtd":null}]}],"var_codinstr":null,"var_concept":[],"var_format":{"type":"numeric","schema":"other","category":null,"name":null},"var_notes":null,"var_val_range":{"min":"1","max":"2"},"fid":"F1","sid":"25","survey_idno":"DANE-DIMPE-ENA-2011-2012"}