{"file_id":"F1","vid":"V466","name":"P85_CPAS_ORIGEN_SEM_PLAN","var_intrvl":"discrete","var_dcml":"0","var_wgt":null,"var_is_wgt":null,"loc_start_pos":null,"loc_end_pos":null,"loc_width":"2","loc_rec_seg_no":null,"labl":"La semilla o pl\u00e1ntulas que utilizo para establecer este cultivo transitorio, provienen de?","var_imputation":null,"var_security":"El acceso a microdatos y Mam-up se considera como de tratamiento especial respecto a la reserva estad\u00edstica por tanto estar\u00e1 sujeto a la reglamentaci\u00f3n que para el efecto defina el Comit\u00e9 de Aseguramiento de la reserva estad\u00edstica. Resoluci\u00f3n 173 de 2008","var_resp_unit":"Directo","var_analysis_unit":null,"var_qstn_preqtxt":"\u00bfcu\u00e1l fue la distancia de siembra, entre surcos? (m) (total)","var_qstn_qstnlit":"La semilla o pl\u00e1ntulas que utilizo para establecer este cultivo transitorio, provienen de?\n\n1. Su UP.\n2. Otra UP.\n3. Mercado local no certificado\n4. Casa comercial, semilla certificada","var_qstn_postqtxt":"\u00bfen cu\u00e1l etapa del cultivo, utilizo maquinaria agr\u00edcola?   preparaci\u00f3n del terreno","var_qstn_ivuinstr":null,"var_universe":"El universo de la ENA est\u00e1 constituido por toda la zona rural del pa\u00eds, deduciendo la superficie que no es utilizada con fines agropecuarios, la cual est\u00e1 representada aproximadamente por 51 millones de hect\u00e1reas agropecuarias planimetradas.","var_universe_clusion":"I","var_sumstat":[{"value":"0","type":"vald","wgtd":null},{"value":"1","type":"invd","wgtd":null}],"var_txt":null,"var_catgry":[{"value":"1","labl":"Su UP","is_missing":null,"stats":[{"value":"0","type":"freq","wgtd":null}]},{"value":"2","labl":"Otra UP","is_missing":null,"stats":[{"value":"0","type":"freq","wgtd":null}]},{"value":"3","labl":"Mercado local no certificado","is_missing":null,"stats":[{"value":"0","type":"freq","wgtd":null}]},{"value":"4","labl":"Casa comercial, semilla certificada","is_missing":null,"stats":[{"value":"0","type":"freq","wgtd":null}]},{"value":"Sysmiss","labl":null,"is_missing":"Y","stats":[{"value":"1","type":"freq","wgtd":null}]}],"var_codinstr":null,"var_concept":[],"var_format":{"type":"numeric","schema":"other","category":null,"name":null},"var_notes":null,"var_val_range":{"min":"1","max":"4"},"fid":"F1","sid":"25","survey_idno":"DANE-DIMPE-ENA-2011-2012"}