{"file_id":"F8","vid":"V180","name":"P6310","var_intrvl":"discrete","var_dcml":"0","var_wgt":null,"var_is_wgt":null,"loc_start_pos":"114","loc_end_pos":"115","loc_width":"2","loc_rec_seg_no":"1","labl":"Aunque......desea trabajar, \u00bfpor qu\u00e9 motivo principal no hizo diligencias para buscar un trabajo o instalar un negocio en las \u00faltimas 4 semanas?","var_imputation":null,"var_security":"El acceso a microdatos y Mam-up se considera como de tratamiento especial respecto a la reserva estad\u00edstica por tanto estar\u00e1 sujeto a la reglamentaci\u00f3n que para el efecto defina el Comit\u00e9 de Aseguramiento de la reserva estad\u00edstica. Resoluci\u00f3n 173 de 2008.","var_resp_unit":"Todas las personas mayores de 10 a\u00f1os","var_analysis_unit":null,"var_qstn_preqtxt":"7.  \u00bf....desea conseguir un trabajo remunerado o instalar un negocio? \n\n1\tSi\n2\tNo","var_qstn_qstnlit":"8. Aunque......desea trabajar, \u00bfpor qu\u00e9 motivo principal no hizo diligencias para buscar un trabajo o instalar un negocio en las \u00faltimas 4 semanas?\n\n1\tYa encontr\u00f3 trabajo.\n2\tNo hay trabajo disponible en la ciudad \u00f3 regi\u00f3n  \/ No encuentra trabajo en su oficio o profesi\u00f3n.\n3\tEst\u00e1 esperando que lo llamen o esperando temporada alta\n4\tNo sabe como buscarlo\n5\tEst\u00e1 cansado de buscar\n6\tCarece de la experiencia necesaria\n7\tNo tiene recursos para instalar un negocio.\n8\tLos empleadores lo consideran muy joven o muy viejo\n9\tUsted se considera muy joven o muy viejo\n10\tResponsabilidades familiares\n11\tProblemas de salud\n12\tEst\u00e1  estudiando\n13\tOtro \u00bfcu\u00e1l?","var_qstn_postqtxt":"9. Durante los \u00faltimos 12 meses, \u00bf.... trabajo por lo menos dos semanas consecutivas? \n\n1\tSi\n2\tNo","var_qstn_ivuinstr":"Las alternativas 10 a 13 son razones no v\u00e1lidas por ser problemas de orden subjetivo y por tanto estas personas son inactivas, y pasan a Cap\u00edtulo F. Turismo. \n\nSi la respuesta comprende la alternativa 01, pase a la pregunta 12.","var_universe":"Corresponde a la poblaci\u00f3n civil no institucional residente en las ciudades o \u00e1reas metropolitanas de trece principales ciudades del pa\u00eds.","var_universe_clusion":"I","var_sumstat":[{"value":"0","type":"vald","wgtd":null},{"value":"0","type":"invd","wgtd":null}],"var_txt":"Esta pregunta est\u00e1 dirigida a quienes deseando trabajar no efectuaron en las \u00faltimas 4 semanas alguna acci\u00f3n para encontrar empleo o trabajo, e indaga la raz\u00f3n por la cual no lo hicieron. Las alternativas 2 a 8 se consideran razones v\u00e1lidas por representar problemas del mercado laboral para haber abandonado la b\u00fasqueda.","var_catgry":[{"value":"1","labl":"Ya encontr\u00f3 trabajo.","is_missing":null,"stats":[]},{"value":"2","labl":"No hay trabajo disponible en la ciudad \u00f3 regi\u00f3n  \/ No encuentra trabajo en su oficio o profesi\u00f3n.","is_missing":null,"stats":[]},{"value":"3","labl":"Est\u00e1 esperando que lo llamen o esperando temporada alta","is_missing":null,"stats":[]},{"value":"4","labl":"No sabe como buscarlo","is_missing":null,"stats":[]},{"value":"5","labl":"Est\u00e1 cansado de buscar","is_missing":null,"stats":[]},{"value":"6","labl":"Carece de la experiencia necesaria","is_missing":null,"stats":[]},{"value":"7","labl":"No tiene recursos para instalar un negocio.","is_missing":null,"stats":[]},{"value":"8","labl":"Los empleadores lo consideran muy joven o muy viejo","is_missing":null,"stats":[]},{"value":"9","labl":"Usted se considera muy joven o muy viejo","is_missing":null,"stats":[]},{"value":"10","labl":"Responsabilidades familiares","is_missing":null,"stats":[]},{"value":"11","labl":"Problemas de salud","is_missing":null,"stats":[]},{"value":"12","labl":"Est\u00e1  estudiando","is_missing":null,"stats":[]},{"value":"13","labl":"Otro \u00bfcu\u00e1l?","is_missing":null,"stats":[]}],"var_codinstr":null,"var_concept":[],"var_format":{"type":"numeric","schema":"other","category":null,"name":null},"var_notes":null,"var_val_range":{"min":"1","max":"13"},"fid":"F8","sid":"253","survey_idno":"DANE-DIMPE-EGIT-2012-2013"}