{"file_id":"F8","vid":"V182","name":"P7430","var_intrvl":"discrete","var_dcml":"0","var_wgt":null,"var_is_wgt":null,"loc_start_pos":"184","loc_end_pos":"184","loc_width":"1","loc_rec_seg_no":"1","labl":"Durante los \u00faltimos 12 meses, \u00bf.... trabajo por lo menos dos semanas consecutivas?","var_imputation":null,"var_security":"El acceso a microdatos y Mam-up se considera como de tratamiento especial respecto a la reserva estad\u00edstica por tanto estar\u00e1 sujeto a la reglamentaci\u00f3n que para el efecto defina el Comit\u00e9 de Aseguramiento de la reserva estad\u00edstica. Resoluci\u00f3n 173 de 2008.","var_resp_unit":"Todas las personas mayores de 10 a\u00f1os","var_analysis_unit":null,"var_qstn_preqtxt":"8. Aunque......desea trabajar, \u00bfpor qu\u00e9 motivo principal no hizo diligencias para buscar un trabajo o instalar un negocio en las \u00faltimas 4 semanas?\n\n1\tYa encontr\u00f3 trabajo.\n2\tNo hay trabajo disponible en la ciudad \u00f3 regi\u00f3n  \/ No encuentra trabajo en su oficio o profesi\u00f3n.\n3\tEst\u00e1 esperando que lo llamen o esperando temporada alta\n4\tNo sabe como buscarlo\n5\tEst\u00e1 cansado de buscar\n6\tCarece de la experiencia necesaria\n7\tNo tiene recursos para instalar un negocio.\n8\tLos empleadores lo consideran muy joven o muy viejo\n9\tUsted se considera muy joven o muy viejo\n10\tResponsabilidades familiares\n11\tProblemas de salud\n12\tEst\u00e1  estudiando\n13\tOtro \u00bfcu\u00e1l?","var_qstn_qstnlit":"9. Durante los \u00faltimos 12 meses, \u00bf.... trabajo por lo menos dos semanas consecutivas? \n\n1\tSi\n2\tNo","var_qstn_postqtxt":"10. Despu\u00e9s de su \u00faltimo empleo, \u00bf.... ha hecho alguna diligencia para conseguir trabajo o instalar un negocio?\n\n1\tSi\n2\tNo","var_qstn_ivuinstr":"Si la persona responde alternativa 2 (No), pase a pregunta 11.","var_universe":"Corresponde a la poblaci\u00f3n civil no institucional residente en las ciudades o \u00e1reas metropolitanas de trece principales ciudades del pa\u00eds.","var_universe_clusion":"I","var_sumstat":[{"value":"0","type":"vald","wgtd":null},{"value":"0","type":"invd","wgtd":null}],"var_txt":"Con esta pregunta se espera establecer si las personas realizaron alguna actividad en la producci\u00f3n de bienes y servicios por lo menos durante dos semanas consecutivas. \n\nEl t\u00e9rmino \"dos semanas consecutivas\" hace referencia a la continuidad del trabajo sin tener en cuenta la jornada diaria o semanal del trabajo","var_catgry":[{"value":"1","labl":"Si","is_missing":null,"stats":[]},{"value":"2","labl":"No","is_missing":null,"stats":[]}],"var_codinstr":null,"var_concept":[],"var_format":{"type":"numeric","schema":"other","category":null,"name":null},"var_notes":null,"var_val_range":{"min":"1","max":"2"},"fid":"F8","sid":"253","survey_idno":"DANE-DIMPE-EGIT-2012-2013"}