{"file_id":"F9","vid":"V202","name":"P7580","var_intrvl":"discrete","var_dcml":"0","var_wgt":null,"var_is_wgt":null,"loc_start_pos":"33","loc_end_pos":"33","loc_width":"1","loc_rec_seg_no":"1","labl":"\u00bfCu\u00e1l fue el motivo principal del \u00faltimo viaje que usted realiz\u00f3, el mes pasado?","var_imputation":null,"var_security":"El acceso a microdatos y Mam-up se considera como de tratamiento especial respecto a la reserva estad\u00edstica por tanto estar\u00e1 sujeto a la reglamentaci\u00f3n que para el efecto defina el Comit\u00e9 de Aseguramiento de la reserva estad\u00edstica. Resoluci\u00f3n 173 de 2008.","var_resp_unit":"Personas de 10 a\u00f1os y mas","var_analysis_unit":null,"var_qstn_preqtxt":"2. Este o estos viajes, \u00bflos realiz\u00f3 dentro o fuera del pa\u00eds? \n\nb. Dentro del pa\u00eds\n1\tSi\n2\tNo","var_qstn_qstnlit":"3. \u00bfCu\u00e1l fue el motivo principal del \u00faltimo viaje que usted realiz\u00f3, el mes pasado?\n\n1\tTrabajo o negocios\n2\tRecreaci\u00f3n, vacaciones\n3\tVisita a parientes o amigos\n4\tEducaci\u00f3n y\/o formaci\u00f3n\n5\tSalud y atenci\u00f3n medica\n6\tReligion, Peregrinaciones\n7\tCompras\n8\tOtro motivo, \u00bfcu\u00e1l?","var_qstn_postqtxt":"3A. El viaje lo realiz\u00f3:\n\n1\tSolo\n2\tCon otras personas del hogar compartiendo gastos\n3\tCon otras personas del hogar sin compartir gastos\n4\tCon otra persona que no son del hogar compartiendo gastos\n5\tCon otras personas que no son del hogar sin compartir gastos","var_qstn_ivuinstr":"Si selecciona la opci\u00f3n de respuesta \"a. Trabajo o negocio\" pasa a pregunta: el viaje lo realizo: y posteriormente el flujo lo remitir\u00e1 a la Pregunta 4. Para cualquiera de las dem\u00e1s opciones tambi\u00e9n debe responder la pregunta el viaje lo realizo y luego deber\u00e1 pasar a la pregunta 6.","var_universe":"Corresponde a la poblaci\u00f3n civil no institucional residente en las ciudades o \u00e1reas metropolitanas de trece principales ciudades del pa\u00eds.","var_universe_clusion":"I","var_sumstat":[{"value":"0","type":"vald","wgtd":null},{"value":"0","type":"invd","wgtd":null}],"var_txt":"Busca establecer el motivo principal del \u00faltimo viaje que la persona realiz\u00f3 dentro del pa\u00eds el mes anterior a la encuesta, para medir la demanda tur\u00edstica interna con fines de planificaci\u00f3n, promoci\u00f3n y comercializaci\u00f3n.","var_catgry":[{"value":"8","labl":"Otro motivo, \u00bfcu\u00e1l?","is_missing":null,"stats":[]},{"value":"7","labl":"Compras","is_missing":null,"stats":[]},{"value":"6","labl":"Religion, Peregrinaciones","is_missing":null,"stats":[]},{"value":"5","labl":"Salud y atenci\u00f3n medica","is_missing":null,"stats":[]},{"value":"4","labl":"Educaci\u00f3n y\/o formaci\u00f3n","is_missing":null,"stats":[]},{"value":"3","labl":"Visita a parientes o amigos","is_missing":null,"stats":[]},{"value":"2","labl":"Recreaci\u00f3n, vacaciones","is_missing":null,"stats":[]},{"value":"1","labl":"Trabajo o negocios","is_missing":null,"stats":[]}],"var_codinstr":null,"var_concept":[],"var_format":{"type":"numeric","schema":"other","category":null,"name":null},"var_notes":null,"var_val_range":{"min":"1","max":"8"},"fid":"F9","sid":"253","survey_idno":"DANE-DIMPE-EGIT-2012-2013"}