{"file_id":"F9","vid":"V239","name":"P7579","var_intrvl":"discrete","var_dcml":"0","var_wgt":null,"var_is_wgt":null,"loc_start_pos":"282","loc_end_pos":"282","loc_width":"1","loc_rec_seg_no":"1","labl":"\u00bfCu\u00e1l fue el motivo principal por el que no realiz\u00f3 viajes el mes anterior, pasando m\u00ednimo una noche fuera de su residencia habitual?","var_imputation":null,"var_security":"El acceso a microdatos y Mam-up se considera como de tratamiento especial respecto a la reserva estad\u00edstica por tanto estar\u00e1 sujeto a la reglamentaci\u00f3n que para el efecto defina el Comit\u00e9 de Aseguramiento de la reserva estad\u00edstica. Resoluci\u00f3n 173 de 2008.","var_resp_unit":"Personas de 10 a\u00f1os y mas","var_analysis_unit":null,"var_qstn_preqtxt":"1. \u00bfDurante el mes pasado usted realiz\u00f3 viajes, pasando m\u00ednimo una noche fuera de su residencia habitual?\n\nNo incluya viajes de trabajo remunerado en el sitio visitado, ni viajes de duraci\u00f3n mayor a 12 meses, ni viajes frecuentes (una vez a la semana)\n\n2   No","var_qstn_qstnlit":"13. \u00bfCu\u00e1l fue el motivo principal por el que no realiz\u00f3 viajes el mes anterior, pasando m\u00ednimo una noche fuera de su residencia habitual?\n\n1\tNo estaba interesado\n2\tViajar le parece costoso \n3\tNo ten\u00eda  tiempo \n4\tFactores clim\u00e1ticos\n5\tPor razones de seguridad \n6\tOtro","var_qstn_postqtxt":"1. \u00bfDurante el mes pasado usted realiz\u00f3 viajes, fuera de su residencia habitual, regresando el mismo d\u00eda?\n\n1    S\u00ed\n2    No","var_qstn_ivuinstr":"A esta pregunta llegar\u00e1n \u00fanicamente las personas que en la pregunta 1 respondieron negativamente a la realizaci\u00f3n de viajes, con el fin de indagar las principales razones por las cuales no realizo viajes. Las opciones de respuesta son excluyentes.","var_universe":"Corresponde a la poblaci\u00f3n civil no institucional residente en las ciudades o \u00e1reas metropolitanas de trece principales ciudades del pa\u00eds.","var_universe_clusion":"I","var_sumstat":[{"value":"0","type":"vald","wgtd":null},{"value":"0","type":"invd","wgtd":null}],"var_txt":null,"var_catgry":[{"value":"6","labl":"Otro","is_missing":null,"stats":[]},{"value":"5","labl":"Por razones de seguridad","is_missing":null,"stats":[]},{"value":"4","labl":"Factores clim\u00e1ticos","is_missing":null,"stats":[]},{"value":"3","labl":"No ten\u00eda  tiempo","is_missing":null,"stats":[]},{"value":"2","labl":"Viajar le parece costoso","is_missing":null,"stats":[]},{"value":"1","labl":"No estaba interesado","is_missing":null,"stats":[]}],"var_codinstr":null,"var_concept":[],"var_format":{"type":"numeric","schema":"other","category":null,"name":null},"var_notes":null,"var_val_range":{"min":"1","max":"6"},"fid":"F9","sid":"253","survey_idno":"DANE-DIMPE-EGIT-2012-2013"}