{"file_id":"F1","vid":"V18","name":"BARRERAS_ACCESO_SALUD","var_intrvl":"discrete","var_dcml":"2","var_wgt":null,"var_is_wgt":null,"loc_start_pos":null,"loc_end_pos":null,"loc_width":"8","loc_rec_seg_no":null,"labl":"Privaci\u00f3n por barreras de acceso a salud","var_imputation":null,"var_security":"El acceso a microdatos y Mam-up se considera como de tratamiento especial respecto a la reserva estad\u00edstica por tanto estar\u00e1 sujeto a la reglamentaci\u00f3n que para el efecto defina el Comit\u00e9 de Aseguramiento de la reserva estad\u00edstica. Resoluci\u00f3n 173 de 2008.","var_resp_unit":null,"var_analysis_unit":null,"var_qstn_preqtxt":null,"var_qstn_qstnlit":null,"var_qstn_postqtxt":null,"var_qstn_ivuinstr":null,"var_universe":"El universo para la Encuesta de Calidad de Vida est\u00e1 conformado por la poblaci\u00f3n civil no institucional residente en todo el territorio nacional.","var_universe_clusion":"I","var_sumstat":[{"value":"21565","type":"vald","wgtd":null},{"value":"0","type":"invd","wgtd":null},{"value":"0","type":"min","wgtd":null},{"value":"1","type":"max","wgtd":null},{"value":"0.076","type":"mean","wgtd":null},{"value":"0.265","type":"stdev","wgtd":null}],"var_txt":"Incluye la privaci\u00f3n por barreras de acceso a salud. Un hogar se encuentra en privaci\u00f3n si  hay por lo menos una persona  que en los \u00faltimos 30 d\u00edas tuvo una enfermedad, accidente, problema odontol\u00f3gico o alg\u00fan otro problema de salud que no haya implicado hospitalizaci\u00f3n, y para tratar el problema de salud NO acudi\u00f3 a un m\u00e9dico general, especialista, odont\u00f3logo, terapista o instituci\u00f3n de salud.","var_catgry":[{"value":"0","labl":null,"is_missing":null,"stats":[{"value":"19925","type":"freq","wgtd":null}]},{"value":"1","labl":null,"is_missing":null,"stats":[{"value":"1640","type":"freq","wgtd":null}]}],"var_codinstr":null,"var_concept":[],"var_format":{"type":"numeric","schema":"other","category":null,"name":null},"var_notes":null,"var_val_range":{"min":"0","max":"1"},"fid":"F1","sid":"296","survey_idno":"DANE-DIMPE-POBREZAMULTIDIMENSIONAL-2013"}