{"file_id":"F4","vid":"V805","name":"COSECHA_PERDIDA","var_intrvl":"discrete","var_dcml":"0","var_wgt":null,"var_is_wgt":null,"loc_start_pos":null,"loc_end_pos":null,"loc_width":"2","loc_rec_seg_no":null,"labl":"\u00bfCu\u00e1l fue la principal raz\u00f3n, por la que se perdi\u00f3 la cosecha?","var_imputation":null,"var_security":"El acceso a microdatos y Mam-up se considera como de tratamiento especial respecto a la reserva estad\u00edstica por tanto estar\u00e1 sujeto a la reglamentaci\u00f3n que para el efecto defina el Comit\u00e9 de Aseguramiento de la reserva estad\u00edstica. Resoluci\u00f3n 173 de 2008","var_resp_unit":"Productor agropecuario","var_analysis_unit":null,"var_qstn_preqtxt":"37.3 \u00bfCu\u00e1l es el a\u00f1o en que espera cosechar, este cultivo?","var_qstn_qstnlit":"37.4. \u00bfCu\u00e1l fue la principal raz\u00f3n, por la que se perdi\u00f3 la cosecha? \n\n1. Por efectos clim\u00e1ticos, \n2. Por insumos caros, \n3. Pr\u00e1cticas agr\u00edcolas deficientes, \n4. Por falta de asistencia t\u00e9cnica, \n5. Por inundaci\u00f3n, \n6 Otra Cu\u00e1l?","var_qstn_postqtxt":"37.4.1. \u00bfOtro Cu\u00e1l?","var_qstn_ivuinstr":null,"var_universe":"Todos los segmentos de muestreos SM","var_universe_clusion":"I","var_sumstat":[{"value":"0","type":"vald","wgtd":null},{"value":"0","type":"invd","wgtd":null}],"var_txt":"Principal raz\u00f3n de la perdida de cosecha. Aplica para cultivos transitorios","var_catgry":[{"value":"1","labl":"Por efectos clim\u00e1ticos,","is_missing":null,"stats":[]},{"value":"2","labl":"Por insumos caros,","is_missing":null,"stats":[]},{"value":"3","labl":"Pr\u00e1cticas agr\u00edcolas deficientes,","is_missing":null,"stats":[]},{"value":"4","labl":"Por falta de asistencia t\u00e9cnica,","is_missing":null,"stats":[]},{"value":"5","labl":"Por inundaci\u00f3n,","is_missing":null,"stats":[]},{"value":"6","labl":"Otra Cu\u00e1l?","is_missing":null,"stats":[]}],"var_codinstr":null,"var_concept":[],"var_format":{"type":"numeric","schema":"other","category":null,"name":null},"var_notes":null,"var_val_range":{"min":null,"max":null},"fid":"F4","sid":"315","survey_idno":"DANE-DIMPE-ENA-2013"}