{"file_id":"F4","vid":"V877","name":"PASCORTE_USO_OTC","var_intrvl":"discrete","var_dcml":null,"var_wgt":null,"var_is_wgt":null,"loc_start_pos":null,"loc_end_pos":null,"loc_width":"72","loc_rec_seg_no":null,"labl":"otro cu\u00e1l?","var_imputation":null,"var_security":"El acceso a microdatos y Mam-up se considera como de tratamiento especial respecto a la reserva estad\u00edstica por tanto estar\u00e1 sujeto a la reglamentaci\u00f3n que para el efecto defina el Comit\u00e9 de Aseguramiento de la reserva estad\u00edstica. Resoluci\u00f3n 173 de 2008","var_resp_unit":"Productor agropecuario","var_analysis_unit":null,"var_qstn_preqtxt":"42.2.2.1. Cu\u00e1l es el principal uso del pasto de corte?","var_qstn_qstnlit":"42.2.2.2. otro cu\u00e1l?","var_qstn_postqtxt":"42.2.3. Qu\u00e9 tipo de pastoreo es?","var_qstn_ivuinstr":null,"var_universe":"S\u00f3lo para lotes con pastos o forrajes","var_universe_clusion":"I","var_sumstat":[{"value":"0","type":"vald","wgtd":null},{"value":"0","type":"invd","wgtd":null}],"var_txt":"Otro uso del pasto de corte. Aplica si en la v55 la opci\u00f3n fue 7","var_catgry":[],"var_codinstr":null,"var_concept":[],"var_format":{"type":"character","schema":"other","category":null,"name":null},"var_notes":null,"var_val_range":{"min":null,"max":null},"fid":"F4","sid":"315","survey_idno":"DANE-DIMPE-ENA-2013"}