{"file_id":"F5","vid":"V931","name":"LECHE_SN","var_intrvl":"discrete","var_dcml":"0","var_wgt":null,"var_is_wgt":null,"loc_start_pos":null,"loc_end_pos":null,"loc_width":"2","loc_rec_seg_no":null,"labl":"\u00bfHubo producci\u00f3n de leche en la UP, el d\u00eda de ayer?","var_imputation":null,"var_security":"El acceso a microdatos y Mam-up se considera como de tratamiento especial respecto a la reserva estad\u00edstica por tanto estar\u00e1 sujeto a la reglamentaci\u00f3n que para el efecto defina el Comit\u00e9 de Aseguramiento de la reserva estad\u00edstica. Resoluci\u00f3n 173 de 2008","var_resp_unit":"Productor Agropecuario","var_analysis_unit":null,"var_qstn_preqtxt":"71.1.1. \u00bfCu\u00e1l es la otra raza principal de reproducci\u00f3n del pie de cr\u00eda?","var_qstn_qstnlit":"72. \u00bfHubo producci\u00f3n de leche en la UP, el d\u00eda de ayer? \n\n1. Si\n2. No","var_qstn_postqtxt":"73. \u00bfCu\u00e1ntas vacas fueron orde\u00f1adas en la UP, el d\u00eda de ayer?","var_qstn_ivuinstr":null,"var_universe":"Todos los Segmentos de Muestreo","var_universe_clusion":"I","var_sumstat":[{"value":"0","type":"vald","wgtd":null},{"value":"0","type":"invd","wgtd":null}],"var_txt":"Producci\u00f3n de leche el d\u00eda de ayer","var_catgry":[{"value":"1","labl":"Si","is_missing":null,"stats":[]},{"value":"2","labl":"No","is_missing":null,"stats":[]}],"var_codinstr":null,"var_concept":[],"var_format":{"type":"numeric","schema":"other","category":null,"name":null},"var_notes":null,"var_val_range":{"min":null,"max":null},"fid":"F5","sid":"315","survey_idno":"DANE-DIMPE-ENA-2013"}