{"file_id":"F5","vid":"V934","name":"LECHE_PRODUM","var_intrvl":"discrete","var_dcml":"0","var_wgt":null,"var_is_wgt":null,"loc_start_pos":null,"loc_end_pos":null,"loc_width":"2","loc_rec_seg_no":null,"labl":"\u00bfEn qu\u00e9 unidad de medida, va a reportar la producci\u00f3n de leche?","var_imputation":null,"var_security":"El acceso a microdatos y Mam-up se considera como de tratamiento especial respecto a la reserva estad\u00edstica por tanto estar\u00e1 sujeto a la reglamentaci\u00f3n que para el efecto defina el Comit\u00e9 de Aseguramiento de la reserva estad\u00edstica. Resoluci\u00f3n 173 de 2008","var_resp_unit":"Productor Agropecuario","var_analysis_unit":null,"var_qstn_preqtxt":"74. \u00bfCu\u00e1l fue la cantidad de leche producida en la UP, el d\u00eda de ayer?","var_qstn_qstnlit":"75. \u00bfEn qu\u00e9 unidad de medida, va a reportar la producci\u00f3n de leche? \n\n1. Balde\n2. Botella \n3. Caneca \n4. Cantina\n5. Gal\u00f3n \n6. Lata \n7. Litro\n8. Pucha\n9. Otra cu\u00e1l?","var_qstn_postqtxt":"75.1. \u00bfCu\u00e1l es la otra unidad de medida?","var_qstn_ivuinstr":null,"var_universe":"Todos los Segmentos de Muestreo","var_universe_clusion":"I","var_sumstat":[{"value":"0","type":"vald","wgtd":null},{"value":"0","type":"invd","wgtd":null}],"var_txt":"Unidad e medida de la leche producida","var_catgry":[{"value":"1","labl":"Balde","is_missing":null,"stats":[]},{"value":"2","labl":"Botella","is_missing":null,"stats":[]},{"value":"3","labl":"Caneca","is_missing":null,"stats":[]},{"value":"4","labl":"Cantina","is_missing":null,"stats":[]},{"value":"5","labl":"Gal\u00f3n","is_missing":null,"stats":[]},{"value":"6","labl":"Lata","is_missing":null,"stats":[]},{"value":"7","labl":"Litro","is_missing":null,"stats":[]},{"value":"8","labl":"Pucha","is_missing":null,"stats":[]},{"value":"9","labl":"Otra","is_missing":null,"stats":[]}],"var_codinstr":null,"var_concept":[],"var_format":{"type":"numeric","schema":"other","category":null,"name":null},"var_notes":null,"var_val_range":{"min":null,"max":null},"fid":"F5","sid":"315","survey_idno":"DANE-DIMPE-ENA-2013"}