{"file_id":"F2","vid":"V169","name":"Dpto","var_intrvl":"discrete","var_dcml":"0","var_wgt":null,"var_is_wgt":null,"loc_start_pos":"13","loc_end_pos":"14","loc_width":"2","loc_rec_seg_no":"1","labl":"Identificaci\u00f3n del departamento","var_imputation":null,"var_security":"El acceso a microdatos y mam-up se considera como de tratamiento especial respecto a la reserva estad\u00edstica por tanto estar\u00e1 sujeto a la reglamentaci\u00f3n que para el efecto defina el comit\u00e9 de aseguramiento de la reserva estad\u00edstica. Resoluci\u00f3n 173 de 2008.","var_resp_unit":null,"var_analysis_unit":null,"var_qstn_preqtxt":null,"var_qstn_qstnlit":"Departamento\n\n05\tantioquia\n08\tatlantico\n11\tbogota d.C.\n13\tbolivar\n15\tboyaca\n17\tcaldas\n18\tcaqueta\n19\tcauca\n20\tcesar\n23\tcordoba\n25\tcundinamarca\n27\tchoco\n41\thuila\n44\tla guajira\n47\tmagdalena\n50\tmeta\n52\tnari\u00f1o\n54\tnorte de santander\n63\tquindio\n66\trisaralda\n68\tsantander\n70\tsucre\n73\ttolima\n76\tvalle del cauca","var_qstn_postqtxt":null,"var_qstn_ivuinstr":null,"var_universe":"Est\u00e1 conformado por la poblaci\u00f3n civil no institucional, residente en todo el territorio nacional; va dirigida a todos los hogares encontrados en la vivienda.","var_universe_clusion":"I","var_sumstat":[{"value":"788101","type":"vald","wgtd":null},{"value":"0","type":"invd","wgtd":null}],"var_txt":null,"var_catgry":[{"value":"5","labl":"Antioquia","is_missing":null,"stats":[{"value":"46334","type":"freq","wgtd":null}]},{"value":"8","labl":"Atlantico","is_missing":null,"stats":[{"value":"42764","type":"freq","wgtd":null}]},{"value":"76","labl":"Valle del cauca","is_missing":null,"stats":[{"value":"38438","type":"freq","wgtd":null}]},{"value":"47","labl":"Magdalena","is_missing":null,"stats":[{"value":"38386","type":"freq","wgtd":null}]},{"value":"70","labl":"Sucre","is_missing":null,"stats":[{"value":"36468","type":"freq","wgtd":null}]},{"value":"44","labl":"La guajira","is_missing":null,"stats":[{"value":"35858","type":"freq","wgtd":null}]},{"value":"19","labl":"Cauca","is_missing":null,"stats":[{"value":"35790","type":"freq","wgtd":null}]},{"value":"20","labl":"Cesar","is_missing":null,"stats":[{"value":"35028","type":"freq","wgtd":null}]},{"value":"13","labl":"Bolivar","is_missing":null,"stats":[{"value":"34890","type":"freq","wgtd":null}]},{"value":"11","labl":"Bogota d.C.","is_missing":null,"stats":[{"value":"34397","type":"freq","wgtd":null}]},{"value":"41","labl":"Huila","is_missing":null,"stats":[{"value":"32199","type":"freq","wgtd":null}]},{"value":"68","labl":"Santander","is_missing":null,"stats":[{"value":"32110","type":"freq","wgtd":null}]},{"value":"52","labl":"Nari\u00f1o","is_missing":null,"stats":[{"value":"31789","type":"freq","wgtd":null}]},{"value":"50","labl":"Meta","is_missing":null,"stats":[{"value":"31492","type":"freq","wgtd":null}]},{"value":"54","labl":"Norte de santander","is_missing":null,"stats":[{"value":"31403","type":"freq","wgtd":null}]},{"value":"18","labl":"Caqueta","is_missing":null,"stats":[{"value":"30720","type":"freq","wgtd":null}]},{"value":"17","labl":"Caldas","is_missing":null,"stats":[{"value":"30667","type":"freq","wgtd":null}]},{"value":"15","labl":"Boyaca","is_missing":null,"stats":[{"value":"30618","type":"freq","wgtd":null}]},{"value":"66","labl":"Risaralda","is_missing":null,"stats":[{"value":"30566","type":"freq","wgtd":null}]},{"value":"27","labl":"Choco","is_missing":null,"stats":[{"value":"30518","type":"freq","wgtd":null}]},{"value":"23","labl":"Cordoba","is_missing":null,"stats":[{"value":"29797","type":"freq","wgtd":null}]},{"value":"63","labl":"Quindio","is_missing":null,"stats":[{"value":"29494","type":"freq","wgtd":null}]},{"value":"73","labl":"Tolima","is_missing":null,"stats":[{"value":"28779","type":"freq","wgtd":null}]},{"value":"25","labl":"Cundinamarca","is_missing":null,"stats":[{"value":"9596","type":"freq","wgtd":null}]}],"var_codinstr":null,"var_concept":[],"var_format":{"type":"numeric","schema":"other","category":null,"name":null},"var_notes":null,"var_val_range":{"min":null,"max":null},"fid":"F2","sid":"334","survey_idno":"DANE-POBREZAMONETARIAYDESIGUALDAD-2014"}