{"file_id":"F22","vid":"V1149","name":"Fex_c_2011","var_intrvl":"contin","var_dcml":"16","var_wgt":null,"var_is_wgt":"wgt","loc_start_pos":null,"loc_end_pos":null,"loc_width":"21","loc_rec_seg_no":null,"labl":"Factor de expansi\u00f3n anualizado","var_imputation":null,"var_security":"El acceso a microdatos y mam-up se considera como de tratamiento especial respecto a la reserva estad\u00edstica por tanto estar\u00e1 sujeto a la reglamentaci\u00f3n que para el efecto defina el comit\u00e9 de aseguramiento de la reserva estad\u00edstica. Resoluci\u00f3n 173 de 2008.","var_resp_unit":null,"var_analysis_unit":null,"var_qstn_preqtxt":null,"var_qstn_qstnlit":"Factor de expansi\u00f3n anual","var_qstn_postqtxt":null,"var_qstn_ivuinstr":null,"var_universe":"Est\u00e1 conformado por la poblaci\u00f3n civil no institucional, residente en todo el territorio nacional; va dirigida a todos los hogares encontrados en la vivienda.","var_universe_clusion":"I","var_sumstat":[{"value":"563272","type":"vald","wgtd":null},{"value":"0","type":"invd","wgtd":null},{"value":"1.688","type":"min","wgtd":null},{"value":"5500.828","type":"max","wgtd":null},{"value":"71.35","type":"mean","wgtd":null},{"value":"121.845","type":"stdev","wgtd":null}],"var_txt":null,"var_catgry":[],"var_codinstr":null,"var_concept":[],"var_format":{"type":"numeric","schema":"other","category":null,"name":null},"var_notes":"Estos factores de expansi\u00f3n fueron actualizados en 2011 con base en las \u00faltimas proyecciones de poblaci\u00f3n disponibles.","var_val_range":{"min":"0.458379586202396","max":"1337.65164716913"},"fid":"F22","sid":"341","survey_idno":"DANE-MESEP-2002-2010"}