{"file_id":"F1","vid":"V105","name":"P1426s1","var_intrvl":"discrete","var_dcml":null,"var_wgt":null,"var_is_wgt":null,"loc_start_pos":"480","loc_end_pos":"548","loc_width":"69","loc_rec_seg_no":"1","labl":"\u00bf\u2026 tiene alg\u00fan tipo de discapacidad? \u00bfcu\u00e1l?","var_imputation":null,"var_security":"El acceso a microdatos y Mam-up se considera como de tratamiento especial respecto a la reserva estad\u00edstica por tanto estar\u00e1 sujeto a la reglamentaci\u00f3n que para el efecto defina el Comit\u00e9 de Aseguramiento de la reserva estad\u00edstica. Resoluci\u00f3n 173 de 2008.","var_resp_unit":"Directo","var_analysis_unit":null,"var_qstn_preqtxt":"C11. \u00bf\u2026 tiene alg\u00fan tipo de discapacidad?\n\n1\tS\u00ed","var_qstn_qstnlit":"C11. \u00bf\u2026 tiene alg\u00fan tipo de discapacidad?\n\n\u00bfCu\u00e1l?","var_qstn_postqtxt":"C12. Actualmente \u2026\n\n1\tNo est\u00e1 casado(a) y vive en pareja hace menos de dos a\u00f1os\n2\tNo est\u00e1 casado(a) y vive en pareja hace m\u00e1s de dos a\u00f1os\n3\tEst\u00e1 casado(a)\n4\tEst\u00e1 separado(a) o divorciado(a)\n5\tEsta viudo(a)\n6\tEst\u00e1 soltero","var_qstn_ivuinstr":null,"var_universe":"Lo constituyen los ni\u00f1os, ni\u00f1as y adolescentes entre 5 y 17 a\u00f1os de edad, residentes en el territorio nacional excluyendo los antiguos territorios nacionales.","var_universe_clusion":"I","var_sumstat":[{"value":"774","type":"vald","wgtd":null},{"value":"0","type":"invd","wgtd":null}],"var_txt":null,"var_catgry":[{"value":"SINDROME DE DOWN","labl":null,"is_missing":null,"stats":[{"value":"25","type":"freq","wgtd":null}]},{"value":"PARALISIS CEREBRAL","labl":null,"is_missing":null,"stats":[{"value":"21","type":"freq","wgtd":null}]},{"value":"RETARDO MENTAL","labl":null,"is_missing":null,"stats":[{"value":"19","type":"freq","wgtd":null}]},{"value":"PROBLEMAS DE APRENDIZAJE","labl":null,"is_missing":null,"stats":[{"value":"18","type":"freq","wgtd":null}]},{"value":"AUTISMO","labl":null,"is_missing":null,"stats":[{"value":"13","type":"freq","wgtd":null}]},{"value":"DISCAPACIDAD COGNITIVA","labl":null,"is_missing":null,"stats":[{"value":"11","type":"freq","wgtd":null}]},{"value":"RETRASO MENTAL LEVE","labl":null,"is_missing":null,"stats":[{"value":"9","type":"freq","wgtd":null}]},{"value":"AUTISTA","labl":null,"is_missing":null,"stats":[{"value":"9","type":"freq","wgtd":null}]},{"value":"PROBLEMA DE APRENDIZAJE","labl":null,"is_missing":null,"stats":[{"value":"8","type":"freq","wgtd":null}]},{"value":"MIOPIA","labl":null,"is_missing":null,"stats":[{"value":"8","type":"freq","wgtd":null}]},{"value":"EPILEPSIA","labl":null,"is_missing":null,"stats":[{"value":"7","type":"freq","wgtd":null}]},{"value":"COGNITIVA","labl":null,"is_missing":null,"stats":[{"value":"7","type":"freq","wgtd":null}]},{"value":"SINDROME DE DAWN","labl":null,"is_missing":null,"stats":[{"value":"6","type":"freq","wgtd":null}]},{"value":"RETRASO SICOMOTOR","labl":null,"is_missing":null,"stats":[{"value":"6","type":"freq","wgtd":null}]},{"value":"AUDITIVA","labl":null,"is_missing":null,"stats":[{"value":"6","type":"freq","wgtd":null}]},{"value":"VISION","labl":null,"is_missing":null,"stats":[{"value":"5","type":"freq","wgtd":null}]},{"value":"RETARDO MENTAL LEVE","labl":null,"is_missing":null,"stats":[{"value":"5","type":"freq","wgtd":null}]},{"value":"PARALISIS CELEBRAL","labl":null,"is_missing":null,"stats":[{"value":"5","type":"freq","wgtd":null}]},{"value":"DISLEXIA","labl":null,"is_missing":null,"stats":[{"value":"5","type":"freq","wgtd":null}]},{"value":"VISUAL","labl":null,"is_missing":null,"stats":[{"value":"4","type":"freq","wgtd":null}]},{"value":"SORDO MUDO","labl":null,"is_missing":null,"stats":[{"value":"4","type":"freq","wgtd":null}]},{"value":"RETARDO  MENTAL","labl":null,"is_missing":null,"stats":[{"value":"4","type":"freq","wgtd":null}]},{"value":"ES AUTISTA","labl":null,"is_missing":null,"stats":[{"value":"4","type":"freq","wgtd":null}]},{"value":"DISTROFIA MUSCULAR","labl":null,"is_missing":null,"stats":[{"value":"4","type":"freq","wgtd":null}]},{"value":"DISCAPACIDAD MENTAL","labl":null,"is_missing":null,"stats":[{"value":"4","type":"freq","wgtd":null}]},{"value":"TIENE PROBLEMAS DE APRENDIZAJE","labl":null,"is_missing":null,"stats":[{"value":"3","type":"freq","wgtd":null}]},{"value":"SORDOMUDA","labl":null,"is_missing":null,"stats":[{"value":"3","type":"freq","wgtd":null}]},{"value":"SORDO MUDA","labl":null,"is_missing":null,"stats":[{"value":"3","type":"freq","wgtd":null}]},{"value":"SINDROME DE DWON","labl":null,"is_missing":null,"stats":[{"value":"3","type":"freq","wgtd":null}]},{"value":"RETRASO MENTAL","labl":null,"is_missing":null,"stats":[{"value":"3","type":"freq","wgtd":null}]},{"value":"RETARDO SICOMOTOR","labl":null,"is_missing":null,"stats":[{"value":"3","type":"freq","wgtd":null}]},{"value":"PROBLEMAS DE APRENDISAJE","labl":null,"is_missing":null,"stats":[{"value":"3","type":"freq","wgtd":null}]},{"value":"PARALISIS FACIAL","labl":null,"is_missing":null,"stats":[{"value":"3","type":"freq","wgtd":null}]},{"value":"NI\u00d1O ESPECIAL","labl":null,"is_missing":null,"stats":[{"value":"3","type":"freq","wgtd":null}]},{"value":"HIDROCEFALIA","labl":null,"is_missing":null,"stats":[{"value":"3","type":"freq","wgtd":null}]},{"value":"DISCAPACIDAD AUDITIVA","labl":null,"is_missing":null,"stats":[{"value":"3","type":"freq","wgtd":null}]},{"value":"APRENDISAJE","labl":null,"is_missing":null,"stats":[{"value":"3","type":"freq","wgtd":null}]},{"value":"SINDROME DISMORFICO","labl":null,"is_missing":null,"stats":[{"value":"2","type":"freq","wgtd":null}]},{"value":"SINDROME DE DOWM","labl":null,"is_missing":null,"stats":[{"value":"2","type":"freq","wgtd":null}]},{"value":"SINDROME DE DAUN","labl":null,"is_missing":null,"stats":[{"value":"2","type":"freq","wgtd":null}]},{"value":"RETRAZO MENTAL LEVE","labl":null,"is_missing":null,"stats":[{"value":"2","type":"freq","wgtd":null}]},{"value":"RETARDO MENTAL MODERADO","labl":null,"is_missing":null,"stats":[{"value":"2","type":"freq","wgtd":null}]},{"value":"PROBLEMAS DE LENGUAJE","labl":null,"is_missing":null,"stats":[{"value":"2","type":"freq","wgtd":null}]},{"value":"PROBLEMAS DE CONCENTRACION","labl":null,"is_missing":null,"stats":[{"value":"2","type":"freq","wgtd":null}]},{"value":"PROBLEMAS AUDITIVOS","labl":null,"is_missing":null,"stats":[{"value":"2","type":"freq","wgtd":null}]},{"value":"PROBLEMA AUDITIVO","labl":null,"is_missing":null,"stats":[{"value":"2","type":"freq","wgtd":null}]},{"value":"PERDIDA DE UN OIDO","labl":null,"is_missing":null,"stats":[{"value":"2","type":"freq","wgtd":null}]},{"value":"PARALICIS CEREBRAL","labl":null,"is_missing":null,"stats":[{"value":"2","type":"freq","wgtd":null}]},{"value":"MICROCEFALIA","labl":null,"is_missing":null,"stats":[{"value":"2","type":"freq","wgtd":null}]},{"value":"MICROCEFALEA","labl":null,"is_missing":null,"stats":[{"value":"2","type":"freq","wgtd":null}]},{"value":"MENINGITIS","labl":null,"is_missing":null,"stats":[{"value":"2","type":"freq","wgtd":null}]},{"value":"EXTRAVISMO CRONICO","labl":null,"is_missing":null,"stats":[{"value":"2","type":"freq","wgtd":null}]},{"value":"DISCAPACIDAD PARA HABLAR","labl":null,"is_missing":null,"stats":[{"value":"2","type":"freq","wgtd":null}]},{"value":"DISCAPACIDAD CONNITIVA","labl":null,"is_missing":null,"stats":[{"value":"2","type":"freq","wgtd":null}]},{"value":"DISCAPACIDAD COGNITIVA LEVE","labl":null,"is_missing":null,"stats":[{"value":"2","type":"freq","wgtd":null}]},{"value":"DEFICIT DE ATENCION","labl":null,"is_missing":null,"stats":[{"value":"2","type":"freq","wgtd":null}]},{"value":"AUTISMO Y EPILEPSIA","labl":null,"is_missing":null,"stats":[{"value":"2","type":"freq","wgtd":null}]},{"value":"AUTISMO SEVERO","labl":null,"is_missing":null,"stats":[{"value":"2","type":"freq","wgtd":null}]},{"value":"ASTIGMATISMO","labl":null,"is_missing":null,"stats":[{"value":"2","type":"freq","wgtd":null}]},{"value":"APRENDIZAJE LENTO","labl":null,"is_missing":null,"stats":[{"value":"2","type":"freq","wgtd":null}]},{"value":"VISUAL ACTIGMATISMO","labl":null,"is_missing":null,"stats":[{"value":"1","type":"freq","wgtd":null}]},{"value":"VISTA CORTA - LE FALTA DESARROLLO PSICOMOTRIZ","labl":null,"is_missing":null,"stats":[{"value":"1","type":"freq","wgtd":null}]},{"value":"VISTA","labl":null,"is_missing":null,"stats":[{"value":"1","type":"freq","wgtd":null}]},{"value":"VISION CORTA","labl":null,"is_missing":null,"stats":[{"value":"1","type":"freq","wgtd":null}]},{"value":"VISION  DEFICIENTE","labl":null,"is_missing":null,"stats":[{"value":"1","type":"freq","wgtd":null}]},{"value":"USA GAFAS","labl":null,"is_missing":null,"stats":[{"value":"1","type":"freq","wgtd":null}]},{"value":"TUMOR EN UNA RODILLA","labl":null,"is_missing":null,"stats":[{"value":"1","type":"freq","wgtd":null}]},{"value":"TRAUMA EN MIEMBRO INFERIOR IZQUIERDO","labl":null,"is_missing":null,"stats":[{"value":"1","type":"freq","wgtd":null}]},{"value":"TRASTORNOS MIXTOS DE LA CONDUCTA Y DE LAS EMOCIONES","labl":null,"is_missing":null,"stats":[{"value":"1","type":"freq","wgtd":null}]},{"value":"TRASTORNO DEL LENGUAJE *DEFICI DE ATENCION","labl":null,"is_missing":null,"stats":[{"value":"1","type":"freq","wgtd":null}]},{"value":"TRASTORNO DEFICIT DE ATENCION E HIPERACTIVIDAD","labl":null,"is_missing":null,"stats":[{"value":"1","type":"freq","wgtd":null}]},{"value":"TRASTORNO DE APRENDIZAJE","labl":null,"is_missing":null,"stats":[{"value":"1","type":"freq","wgtd":null}]},{"value":"TOMOLITIS AGUDA","labl":null,"is_missing":null,"stats":[{"value":"1","type":"freq","wgtd":null}]},{"value":"TIROIDES Y PROBLEMA DE APRENDIZAJE","labl":null,"is_missing":null,"stats":[{"value":"1","type":"freq","wgtd":null}]},{"value":"TIENE UN SOLO RI\u00d1ON","labl":null,"is_missing":null,"stats":[{"value":"1","type":"freq","wgtd":null}]},{"value":"TIENE UN RETRAZO DE APRENDIZAJE","labl":null,"is_missing":null,"stats":[{"value":"1","type":"freq","wgtd":null}]},{"value":"TIENE UN LEVE RETARDO","labl":null,"is_missing":null,"stats":[{"value":"1","type":"freq","wgtd":null}]},{"value":"TIENE UN 90% DE  DISMINUCION AUDITIVA.","labl":null,"is_missing":null,"stats":[{"value":"1","type":"freq","wgtd":null}]},{"value":"TIENE PROBLEMAS EN EL HABLA","labl":null,"is_missing":null,"stats":[{"value":"1","type":"freq","wgtd":null}]},{"value":"TIENE PROBLEMAS DEL CORAZON Y DE UN PULMON","labl":null,"is_missing":null,"stats":[{"value":"1","type":"freq","wgtd":null}]},{"value":"TIENE PROBLEMAS DE APRENDIZAJE(RETARDO MENTAL LEVE)","labl":null,"is_missing":null,"stats":[{"value":"1","type":"freq","wgtd":null}]},{"value":"TIENE OSTOGENISIS INPERFECTA","labl":null,"is_missing":null,"stats":[{"value":"1","type":"freq","wgtd":null}]},{"value":"TIENE LA OREJA SELLADA","labl":null,"is_missing":null,"stats":[{"value":"1","type":"freq","wgtd":null}]},{"value":"TIENE HOMOFILIA TIPO 2 GRADO 4","labl":null,"is_missing":null,"stats":[{"value":"1","type":"freq","wgtd":null}]},{"value":"TIENE DEFICSI DE ATENCION","labl":null,"is_missing":null,"stats":[{"value":"1","type":"freq","wgtd":null}]},{"value":"TDAH","labl":null,"is_missing":null,"stats":[{"value":"1","type":"freq","wgtd":null}]},{"value":"SYNDROME DE DAWN","labl":null,"is_missing":null,"stats":[{"value":"1","type":"freq","wgtd":null}]},{"value":"SUFRE DE LA VISTA","labl":null,"is_missing":null,"stats":[{"value":"1","type":"freq","wgtd":null}]},{"value":"SUFRE DE CONVULSIONES","labl":null,"is_missing":null,"stats":[{"value":"1","type":"freq","wgtd":null}]},{"value":"SUFRE  DE  EPILEBSIA","labl":null,"is_missing":null,"stats":[{"value":"1","type":"freq","wgtd":null}]},{"value":"SORDOMUDO","labl":null,"is_missing":null,"stats":[{"value":"1","type":"freq","wgtd":null}]},{"value":"SORDO-MUDO","labl":null,"is_missing":null,"stats":[{"value":"1","type":"freq","wgtd":null}]},{"value":"SORDO  Y   MUDO","labl":null,"is_missing":null,"stats":[{"value":"1","type":"freq","wgtd":null}]},{"value":"SORDERA PROFUNDA","labl":null,"is_missing":null,"stats":[{"value":"1","type":"freq","wgtd":null}]},{"value":"SORDERA EN OIDO IZQUIERDO","labl":null,"is_missing":null,"stats":[{"value":"1","type":"freq","wgtd":null}]},{"value":"SORDA Y MUDA","labl":null,"is_missing":null,"stats":[{"value":"1","type":"freq","wgtd":null}]},{"value":"SORDA PROFUNDA","labl":null,"is_missing":null,"stats":[{"value":"1","type":"freq","wgtd":null}]},{"value":"SORDA POR UN OIDO","labl":null,"is_missing":null,"stats":[{"value":"1","type":"freq","wgtd":null}]},{"value":"SOPLO EN EL CORAZON","labl":null,"is_missing":null,"stats":[{"value":"1","type":"freq","wgtd":null}]},{"value":"SOPLO EN EL  CORAZON","labl":null,"is_missing":null,"stats":[{"value":"1","type":"freq","wgtd":null}]},{"value":"SOPLO EN CORAZON","labl":null,"is_missing":null,"stats":[{"value":"1","type":"freq","wgtd":null}]},{"value":"SOPLO CARDIACO","labl":null,"is_missing":null,"stats":[{"value":"1","type":"freq","wgtd":null}]},{"value":"SINOSTOXIS DEL RADIO Y CUBITO","labl":null,"is_missing":null,"stats":[{"value":"1","type":"freq","wgtd":null}]},{"value":"SINDROMEDE DOW","labl":null,"is_missing":null,"stats":[{"value":"1","type":"freq","wgtd":null}]},{"value":"SINDROME MORPIO","labl":null,"is_missing":null,"stats":[{"value":"1","type":"freq","wgtd":null}]},{"value":"SINDROME DWON","labl":null,"is_missing":null,"stats":[{"value":"1","type":"freq","wgtd":null}]},{"value":"SINDROME DOWN","labl":null,"is_missing":null,"stats":[{"value":"1","type":"freq","wgtd":null}]},{"value":"SINDROME DE WUEZ","labl":null,"is_missing":null,"stats":[{"value":"1","type":"freq","wgtd":null}]},{"value":"SINDROME DE WEST RETARDO MENTAL Y DE LENGUAJE","labl":null,"is_missing":null,"stats":[{"value":"1","type":"freq","wgtd":null}]},{"value":"SINDROME DE WEST","labl":null,"is_missing":null,"stats":[{"value":"1","type":"freq","wgtd":null}]},{"value":"SINDROME DE MOEBIO","labl":null,"is_missing":null,"stats":[{"value":"1","type":"freq","wgtd":null}]},{"value":"SINDROME DE LOS HUESOS DE CRISTAL (NO CAMINA) ES FISICO NO MENTAL","labl":null,"is_missing":null,"stats":[{"value":"1","type":"freq","wgtd":null}]},{"value":"SINDROME DE HUESO DE CRISTAL","labl":null,"is_missing":null,"stats":[{"value":"1","type":"freq","wgtd":null}]},{"value":"SINDROME DE DOWN LEVE","labl":null,"is_missing":null,"stats":[{"value":"1","type":"freq","wgtd":null}]},{"value":"SINDROME DE DAWNS","labl":null,"is_missing":null,"stats":[{"value":"1","type":"freq","wgtd":null}]},{"value":"SINDROME DE DAWNG","labl":null,"is_missing":null,"stats":[{"value":"1","type":"freq","wgtd":null}]},{"value":"SINDROME DE DAW","labl":null,"is_missing":null,"stats":[{"value":"1","type":"freq","wgtd":null}]},{"value":"SINDROME DE DAUN CON RETARDO MENTAL","labl":null,"is_missing":null,"stats":[{"value":"1","type":"freq","wgtd":null}]},{"value":"SINDROME DE DANDY WOLKER","labl":null,"is_missing":null,"stats":[{"value":"1","type":"freq","wgtd":null}]},{"value":"SINDROME DE ARNOLD SHIARI","labl":null,"is_missing":null,"stats":[{"value":"1","type":"freq","wgtd":null}]},{"value":"SINDROME DE  DOWN","labl":null,"is_missing":null,"stats":[{"value":"1","type":"freq","wgtd":null}]},{"value":"SINDROME DE  DAUM","labl":null,"is_missing":null,"stats":[{"value":"1","type":"freq","wgtd":null}]},{"value":"SINDROME CORNELIA DE LANGE","labl":null,"is_missing":null,"stats":[{"value":"1","type":"freq","wgtd":null}]},{"value":"SINDROME CONVULSIVO Y METABOLISMO Y DESARROLLO PSICOMOTRIZ ATRASADO","labl":null,"is_missing":null,"stats":[{"value":"1","type":"freq","wgtd":null}]},{"value":"SINDROME CONVULSIVO","labl":null,"is_missing":null,"stats":[{"value":"1","type":"freq","wgtd":null}]},{"value":"SINDROME ASPERGER","labl":null,"is_missing":null,"stats":[{"value":"1","type":"freq","wgtd":null}]},{"value":"SINDROME ANFOLICO FISICO EN EL CORAZON Y DOWN","labl":null,"is_missing":null,"stats":[{"value":"1","type":"freq","wgtd":null}]},{"value":"SINDROME  DE  MEAP","labl":null,"is_missing":null,"stats":[{"value":"1","type":"freq","wgtd":null}]},{"value":"SIMDROME DE DAUW","labl":null,"is_missing":null,"stats":[{"value":"1","type":"freq","wgtd":null}]},{"value":"SIDROME DE DWAD","labl":null,"is_missing":null,"stats":[{"value":"1","type":"freq","wgtd":null}]},{"value":"SICOMOTRIZ","labl":null,"is_missing":null,"stats":[{"value":"1","type":"freq","wgtd":null}]},{"value":"SICOMOTRIS","labl":null,"is_missing":null,"stats":[{"value":"1","type":"freq","wgtd":null}]},{"value":"SENSORIAL Y MIEMBRO INFERIOR IZQUIERDO","labl":null,"is_missing":null,"stats":[{"value":"1","type":"freq","wgtd":null}]},{"value":"SEMIPARALISIS","labl":null,"is_missing":null,"stats":[{"value":"1","type":"freq","wgtd":null}]},{"value":"SECUELAS DE TOXOPLASMOSIS, HIDROSEFALIA, MICROSEFALIA","labl":null,"is_missing":null,"stats":[{"value":"1","type":"freq","wgtd":null}]},{"value":"SECUELAS DE MENINGITIS","labl":null,"is_missing":null,"stats":[{"value":"1","type":"freq","wgtd":null}]},{"value":"SECUELAS DE ENCEFALOPATIA","labl":null,"is_missing":null,"stats":[{"value":"1","type":"freq","wgtd":null}]},{"value":"SECUELA  DEMIELOMELINGOSELO","labl":null,"is_missing":null,"stats":[{"value":"1","type":"freq","wgtd":null}]},{"value":"SE LE FRACTURARON LOS PIES","labl":null,"is_missing":null,"stats":[{"value":"1","type":"freq","wgtd":null}]},{"value":"SE LE DIFICULTA CAMINAR","labl":null,"is_missing":null,"stats":[{"value":"1","type":"freq","wgtd":null}]},{"value":"SE ENCUENTRA EN ESTADO DE GESTACION","labl":null,"is_missing":null,"stats":[{"value":"1","type":"freq","wgtd":null}]},{"value":"RETRAZO SICOMOTOR","labl":null,"is_missing":null,"stats":[{"value":"1","type":"freq","wgtd":null}]},{"value":"RETRAZO PSICOMOTRIZ","labl":null,"is_missing":null,"stats":[{"value":"1","type":"freq","wgtd":null}]},{"value":"RETRAZO PSICOMOTOR-SINDROME DE AMBIGUEDAD SEXUAL- EPILEPSIA","labl":null,"is_missing":null,"stats":[{"value":"1","type":"freq","wgtd":null}]},{"value":"RETRAZO MENTAL","labl":null,"is_missing":null,"stats":[{"value":"1","type":"freq","wgtd":null}]},{"value":"RETRAZO LEVE MENTAL","labl":null,"is_missing":null,"stats":[{"value":"1","type":"freq","wgtd":null}]},{"value":"RETRAZO  DE   APRENDIJAZE  TOTAL  Y  DISCAPACIDAD  LINGUISTICA","labl":null,"is_missing":null,"stats":[{"value":"1","type":"freq","wgtd":null}]},{"value":"RETRASO SICOMOTRIZ","labl":null,"is_missing":null,"stats":[{"value":"1","type":"freq","wgtd":null}]},{"value":"RETRASO PSICOMOTRIS LEVE","labl":null,"is_missing":null,"stats":[{"value":"1","type":"freq","wgtd":null}]},{"value":"RETRASO PSICOMOTOR","labl":null,"is_missing":null,"stats":[{"value":"1","type":"freq","wgtd":null}]},{"value":"RETRASO MENTAL LEVE Y DEL LENGUAJE","labl":null,"is_missing":null,"stats":[{"value":"1","type":"freq","wgtd":null}]},{"value":"RETRASO MENTAL LEVE TRASTORNO DE APREDIZAJE","labl":null,"is_missing":null,"stats":[{"value":"1","type":"freq","wgtd":null}]},{"value":"RETRASO MENTAL (NI\u00d1A AUTISTA)","labl":null,"is_missing":null,"stats":[{"value":"1","type":"freq","wgtd":null}]},{"value":"RETRASO MENTAL  LEVE","labl":null,"is_missing":null,"stats":[{"value":"1","type":"freq","wgtd":null}]},{"value":"RETRASO LEVE","labl":null,"is_missing":null,"stats":[{"value":"1","type":"freq","wgtd":null}]},{"value":"RETRASO EN EL LENGUAJE","labl":null,"is_missing":null,"stats":[{"value":"1","type":"freq","wgtd":null}]},{"value":"RETRASO EN EL DESARROLLO PSICOMOTOR","labl":null,"is_missing":null,"stats":[{"value":"1","type":"freq","wgtd":null}]},{"value":"RETRASO EN EL CRECIMIENTO PSICOMOTRIZ","labl":null,"is_missing":null,"stats":[{"value":"1","type":"freq","wgtd":null}]},{"value":"RETRASO COGNOCITIVO","labl":null,"is_missing":null,"stats":[{"value":"1","type":"freq","wgtd":null}]},{"value":"RETRASO  MENTAL","labl":null,"is_missing":null,"stats":[{"value":"1","type":"freq","wgtd":null}]},{"value":"RETERDO GLOBAL EN EL DESARROLLO","labl":null,"is_missing":null,"stats":[{"value":"1","type":"freq","wgtd":null}]},{"value":"RETARDO TIENE DETERIORO DEL COMPORTAMIENTO Y AUTISMO","labl":null,"is_missing":null,"stats":[{"value":"1","type":"freq","wgtd":null}]},{"value":"RETARDO SICOMOTROR DE LENGUAJE Y MENTAL","labl":null,"is_missing":null,"stats":[{"value":"1","type":"freq","wgtd":null}]},{"value":"RETARDO SICOMOTRIZ","labl":null,"is_missing":null,"stats":[{"value":"1","type":"freq","wgtd":null}]},{"value":"RETARDO SICOMOTOR Y DE LENGUAJE","labl":null,"is_missing":null,"stats":[{"value":"1","type":"freq","wgtd":null}]},{"value":"RETARDO SICLO MOTOR","labl":null,"is_missing":null,"stats":[{"value":"1","type":"freq","wgtd":null}]},{"value":"RETARDO PSICOMOTRIZ Y EPILECCIA","labl":null,"is_missing":null,"stats":[{"value":"1","type":"freq","wgtd":null}]},{"value":"RETARDO PSICOMOTOR","labl":null,"is_missing":null,"stats":[{"value":"1","type":"freq","wgtd":null}]},{"value":"RETARDO MODERADO","labl":null,"is_missing":null,"stats":[{"value":"1","type":"freq","wgtd":null}]},{"value":"RETARDO MENTAL Y LENFALIASIS","labl":null,"is_missing":null,"stats":[{"value":"1","type":"freq","wgtd":null}]},{"value":"RETARDO MENTAL LEVE, PROBLEMAS DE APRENDIZAJE","labl":null,"is_missing":null,"stats":[{"value":"1","type":"freq","wgtd":null}]},{"value":"RETARDO MENTAL LEVE POR APRENDIZAJE","labl":null,"is_missing":null,"stats":[{"value":"1","type":"freq","wgtd":null}]},{"value":"RETARDO MENTAL (MADRE NO ESPECIFICA)","labl":null,"is_missing":null,"stats":[{"value":"1","type":"freq","wgtd":null}]},{"value":"RETARDO LEVE CEREBRAL","labl":null,"is_missing":null,"stats":[{"value":"1","type":"freq","wgtd":null}]},{"value":"RETARDO LEVE","labl":null,"is_missing":null,"stats":[{"value":"1","type":"freq","wgtd":null}]},{"value":"RETARDO GLOBAL EN EL DESARROLLO Y EL CRECIMIENTO","labl":null,"is_missing":null,"stats":[{"value":"1","type":"freq","wgtd":null}]},{"value":"RETARDO GLOBAL DEL DESARROLLO MOTRIZ","labl":null,"is_missing":null,"stats":[{"value":"1","type":"freq","wgtd":null}]},{"value":"RETARDO GLOBAL DEL DESARROLLO","labl":null,"is_missing":null,"stats":[{"value":"1","type":"freq","wgtd":null}]},{"value":"RETARDO EN EL LENGUAJE Y APRENDIZAJE","labl":null,"is_missing":null,"stats":[{"value":"1","type":"freq","wgtd":null}]},{"value":"RETARDO EN EL HABLA","labl":null,"is_missing":null,"stats":[{"value":"1","type":"freq","wgtd":null}]},{"value":"RETARDO EN EL DESARROLLO PSICOMOTRIZ","labl":null,"is_missing":null,"stats":[{"value":"1","type":"freq","wgtd":null}]},{"value":"RETARDO EN EL DESARROLLO MOTOR","labl":null,"is_missing":null,"stats":[{"value":"1","type":"freq","wgtd":null}]},{"value":"RETARDO EN DESARROLLO SICOMOTRIZ EPIESIA FOCAL COMPLEJA","labl":null,"is_missing":null,"stats":[{"value":"1","type":"freq","wgtd":null}]},{"value":"RETARDO COMO SECUELA DE LA EPILEPSIA","labl":null,"is_missing":null,"stats":[{"value":"1","type":"freq","wgtd":null}]},{"value":"RETARDO  SICOMOTRIZ","labl":null,"is_missing":null,"stats":[{"value":"1","type":"freq","wgtd":null}]},{"value":"Problema auditivo y defisis de atencion","labl":null,"is_missing":null,"stats":[{"value":"1","type":"freq","wgtd":null}]},{"value":"Principios de trastorno mental y problemas de aprendizaje","labl":null,"is_missing":null,"stats":[{"value":"1","type":"freq","wgtd":null}]},{"value":"PULMONAR","labl":null,"is_missing":null,"stats":[{"value":"1","type":"freq","wgtd":null}]},{"value":"PSICOMOTRIZ","labl":null,"is_missing":null,"stats":[{"value":"1","type":"freq","wgtd":null}]},{"value":"PSICOMOTRIS","labl":null,"is_missing":null,"stats":[{"value":"1","type":"freq","wgtd":null}]},{"value":"PROTECIS  OJO  IZQUIERDO","labl":null,"is_missing":null,"stats":[{"value":"1","type":"freq","wgtd":null}]},{"value":"PROBLEMAS RETARDO MENTAL","labl":null,"is_missing":null,"stats":[{"value":"1","type":"freq","wgtd":null}]},{"value":"PROBLEMAS PSICOMOTRIZ","labl":null,"is_missing":null,"stats":[{"value":"1","type":"freq","wgtd":null}]},{"value":"PROBLEMAS PARA HABLAR","labl":null,"is_missing":null,"stats":[{"value":"1","type":"freq","wgtd":null}]},{"value":"PROBLEMAS PARA EL HABLA","labl":null,"is_missing":null,"stats":[{"value":"1","type":"freq","wgtd":null}]},{"value":"PROBLEMAS PARA CAMINAR POR SI SOLA","labl":null,"is_missing":null,"stats":[{"value":"1","type":"freq","wgtd":null}]},{"value":"PROBLEMAS ORTOPEDICO PIERNA DERECHA","labl":null,"is_missing":null,"stats":[{"value":"1","type":"freq","wgtd":null}]},{"value":"PROBLEMAS MOTRICES DE MEDIO CUERPO","labl":null,"is_missing":null,"stats":[{"value":"1","type":"freq","wgtd":null}]},{"value":"PROBLEMAS EN LAVISTA (ESTRAVISMO)","labl":null,"is_missing":null,"stats":[{"value":"1","type":"freq","wgtd":null}]},{"value":"PROBLEMAS EN LAS PIERNAS","labl":null,"is_missing":null,"stats":[{"value":"1","type":"freq","wgtd":null}]},{"value":"PROBLEMAS EN HABLA","labl":null,"is_missing":null,"stats":[{"value":"1","type":"freq","wgtd":null}]},{"value":"PROBLEMAS EN EL HABLA","labl":null,"is_missing":null,"stats":[{"value":"1","type":"freq","wgtd":null}]},{"value":"PROBLEMAS DEL LENGUAJE MAL MANEJO DEL LENGUAJE","labl":null,"is_missing":null,"stats":[{"value":"1","type":"freq","wgtd":null}]},{"value":"PROBLEMAS DE VISION","labl":null,"is_missing":null,"stats":[{"value":"1","type":"freq","wgtd":null}]},{"value":"PROBLEMAS DE RETENCION, TODO LO OLVIDA","labl":null,"is_missing":null,"stats":[{"value":"1","type":"freq","wgtd":null}]},{"value":"PROBLEMAS DE MOTRICIDAD DEBIDO A UNA ENFERMEDAD GENETICA","labl":null,"is_missing":null,"stats":[{"value":"1","type":"freq","wgtd":null}]},{"value":"PROBLEMAS DE LENGUAJE Y DE AUDICION","labl":null,"is_missing":null,"stats":[{"value":"1","type":"freq","wgtd":null}]},{"value":"PROBLEMAS DE LENGUAJE Y APRENDIZAJE.","labl":null,"is_missing":null,"stats":[{"value":"1","type":"freq","wgtd":null}]},{"value":"PROBLEMAS DE ESCUCHA Y HABLA","labl":null,"is_missing":null,"stats":[{"value":"1","type":"freq","wgtd":null}]},{"value":"PROBLEMAS DE CONCENTACION","labl":null,"is_missing":null,"stats":[{"value":"1","type":"freq","wgtd":null}]},{"value":"PROBLEMAS DE COMUNICACION   ( MUDO)","labl":null,"is_missing":null,"stats":[{"value":"1","type":"freq","wgtd":null}]},{"value":"PROBLEMAS DE AUDICION","labl":null,"is_missing":null,"stats":[{"value":"1","type":"freq","wgtd":null}]},{"value":"PROBLEMAS DE APRENZDIZAJE Y LENGUAJE","labl":null,"is_missing":null,"stats":[{"value":"1","type":"freq","wgtd":null}]},{"value":"PROBLEMAS DE APRENDIZAJE(MIELOMELICOZELA)","labl":null,"is_missing":null,"stats":[{"value":"1","type":"freq","wgtd":null}]},{"value":"PROBLEMAS DE APRENDIZAJE POR H IPERACTIVIDAD","labl":null,"is_missing":null,"stats":[{"value":"1","type":"freq","wgtd":null}]},{"value":"PROBLEMAS DE APRENDIZAJE (COGNITIVO)","labl":null,"is_missing":null,"stats":[{"value":"1","type":"freq","wgtd":null}]},{"value":"PROBLEMAS DE APRENDIZAGE","labl":null,"is_missing":null,"stats":[{"value":"1","type":"freq","wgtd":null}]},{"value":"PROBLEMAS COGNITIVO","labl":null,"is_missing":null,"stats":[{"value":"1","type":"freq","wgtd":null}]},{"value":"PROBLEMAS COGNITIVAS Y DE LENGUAJE","labl":null,"is_missing":null,"stats":[{"value":"1","type":"freq","wgtd":null}]},{"value":"PROBLEMAS CEREBRALES","labl":null,"is_missing":null,"stats":[{"value":"1","type":"freq","wgtd":null}]},{"value":"PROBLEMAS CARDIACOS","labl":null,"is_missing":null,"stats":[{"value":"1","type":"freq","wgtd":null}]},{"value":"PROBLEMAS  DE APRENDIZAJE","labl":null,"is_missing":null,"stats":[{"value":"1","type":"freq","wgtd":null}]},{"value":"PROBLEMAS  DE  LENGUJE  ( FRENILLOS  LENGUAS)","labl":null,"is_missing":null,"stats":[{"value":"1","type":"freq","wgtd":null}]},{"value":"PROBLEMAS   DE   APRENDIZAJE","labl":null,"is_missing":null,"stats":[{"value":"1","type":"freq","wgtd":null}]},{"value":"PROBLEMA DE VOCALIZACION","labl":null,"is_missing":null,"stats":[{"value":"1","type":"freq","wgtd":null}]},{"value":"PROBLEMA DE LENGUAJE","labl":null,"is_missing":null,"stats":[{"value":"1","type":"freq","wgtd":null}]},{"value":"PROBLEMA DE HABLA","labl":null,"is_missing":null,"stats":[{"value":"1","type":"freq","wgtd":null}]},{"value":"PROBLEMA DE APRENDISAJE","labl":null,"is_missing":null,"stats":[{"value":"1","type":"freq","wgtd":null}]},{"value":"PROBLEMA DE  CADERA","labl":null,"is_missing":null,"stats":[{"value":"1","type":"freq","wgtd":null}]},{"value":"PROBLEMA CONVULCIVO","labl":null,"is_missing":null,"stats":[{"value":"1","type":"freq","wgtd":null}]},{"value":"PRESENTA UN GRADO MENOR DE DISCAPACIDAD EN SU AUDICION","labl":null,"is_missing":null,"stats":[{"value":"1","type":"freq","wgtd":null}]},{"value":"POSEE MAS GLOBULOS ROJOS Q BLANCOS IMPIDE EJERCITARCE MUCHO SE AGITA","labl":null,"is_missing":null,"stats":[{"value":"1","type":"freq","wgtd":null}]},{"value":"POLIDATILIA EN DEDO DERECHO","labl":null,"is_missing":null,"stats":[{"value":"1","type":"freq","wgtd":null}]},{"value":"POCA MOVILIDAD BRAZO DERECHO","labl":null,"is_missing":null,"stats":[{"value":"1","type":"freq","wgtd":null}]},{"value":"PIEZ  EQUINO","labl":null,"is_missing":null,"stats":[{"value":"1","type":"freq","wgtd":null}]},{"value":"PIERNA DERECHA","labl":null,"is_missing":null,"stats":[{"value":"1","type":"freq","wgtd":null}]},{"value":"PIERNA  DERECHA   DIFICULTA  EL DESPLAZAMIENTO","labl":null,"is_missing":null,"stats":[{"value":"1","type":"freq","wgtd":null}]},{"value":"PIE EQUINO","labl":null,"is_missing":null,"stats":[{"value":"1","type":"freq","wgtd":null}]},{"value":"PERDIDA DE VISION POR UN OJO","labl":null,"is_missing":null,"stats":[{"value":"1","type":"freq","wgtd":null}]},{"value":"PERDIDA DE UN OJO","labl":null,"is_missing":null,"stats":[{"value":"1","type":"freq","wgtd":null}]},{"value":"PERDIDA DE AUDICION","labl":null,"is_missing":null,"stats":[{"value":"1","type":"freq","wgtd":null}]},{"value":"PERDIDA DE AGUDEZA VISUAL","labl":null,"is_missing":null,"stats":[{"value":"1","type":"freq","wgtd":null}]},{"value":"PERDIDA AUDITIVA","labl":null,"is_missing":null,"stats":[{"value":"1","type":"freq","wgtd":null}]},{"value":"PERDIDA AGUDEZA VISUAL OJO IZQUIERDO","labl":null,"is_missing":null,"stats":[{"value":"1","type":"freq","wgtd":null}]},{"value":"PARPADO CAIDO","labl":null,"is_missing":null,"stats":[{"value":"1","type":"freq","wgtd":null}]},{"value":"PARALISIS PERMANENTE","labl":null,"is_missing":null,"stats":[{"value":"1","type":"freq","wgtd":null}]},{"value":"PARALISIS EN SUS MIEMBROS SUPERIORES E INFERIORES","labl":null,"is_missing":null,"stats":[{"value":"1","type":"freq","wgtd":null}]},{"value":"PARALISIS EN EL OJO Y OIDO DERECHO","labl":null,"is_missing":null,"stats":[{"value":"1","type":"freq","wgtd":null}]},{"value":"PARALISIS CORPORAL","labl":null,"is_missing":null,"stats":[{"value":"1","type":"freq","wgtd":null}]},{"value":"PARALISIS CEREBRAL Y BAJA VISION","labl":null,"is_missing":null,"stats":[{"value":"1","type":"freq","wgtd":null}]},{"value":"PARALISIS CEREBRAL SEVERA","labl":null,"is_missing":null,"stats":[{"value":"1","type":"freq","wgtd":null}]},{"value":"PARALISIS CEREBRAL LEVE Y HIPOACUSIA NEUROSENSORIAL SEVERA Y PROFUNDA","labl":null,"is_missing":null,"stats":[{"value":"1","type":"freq","wgtd":null}]},{"value":"PARALISIS CEREBRAL INFANTIL","labl":null,"is_missing":null,"stats":[{"value":"1","type":"freq","wgtd":null}]},{"value":"PARALISIS CEREBRAL ESPASTICA","labl":null,"is_missing":null,"stats":[{"value":"1","type":"freq","wgtd":null}]},{"value":"PARALISIS CEREBRAL DISIMIMETRICA","labl":null,"is_missing":null,"stats":[{"value":"1","type":"freq","wgtd":null}]},{"value":"PARALISIS CELEBRAR","labl":null,"is_missing":null,"stats":[{"value":"1","type":"freq","wgtd":null}]},{"value":"PARALISIS CELEBRAL CON SINDROME COMBULSIVO","labl":null,"is_missing":null,"stats":[{"value":"1","type":"freq","wgtd":null}]},{"value":"PARALISIS  CEREBRAL","labl":null,"is_missing":null,"stats":[{"value":"1","type":"freq","wgtd":null}]},{"value":"PARALISIS   CEREBRAL","labl":null,"is_missing":null,"stats":[{"value":"1","type":"freq","wgtd":null}]},{"value":"PARALISIS","labl":null,"is_missing":null,"stats":[{"value":"1","type":"freq","wgtd":null}]},{"value":"PARALIS CEREBRAR","labl":null,"is_missing":null,"stats":[{"value":"1","type":"freq","wgtd":null}]},{"value":"PARALIS CEREBRAL","labl":null,"is_missing":null,"stats":[{"value":"1","type":"freq","wgtd":null}]},{"value":"PARALICE CEREBRAL","labl":null,"is_missing":null,"stats":[{"value":"1","type":"freq","wgtd":null}]},{"value":"PARA  HABLAR","labl":null,"is_missing":null,"stats":[{"value":"1","type":"freq","wgtd":null}]},{"value":"PALADAR UNDIDO","labl":null,"is_missing":null,"stats":[{"value":"1","type":"freq","wgtd":null}]},{"value":"PALADAR ENGIDO","labl":null,"is_missing":null,"stats":[{"value":"1","type":"freq","wgtd":null}]},{"value":"PALADAR ALTO  Y  ENFERMEDAD  MENTAL","labl":null,"is_missing":null,"stats":[{"value":"1","type":"freq","wgtd":null}]},{"value":"PALADAR  ENDIDO","labl":null,"is_missing":null,"stats":[{"value":"1","type":"freq","wgtd":null}]},{"value":"PADECE UNA ENFERMEDAD QUE LO TIENE EN ESTADO VEGETAL","labl":null,"is_missing":null,"stats":[{"value":"1","type":"freq","wgtd":null}]},{"value":"PADECE HIDROCEFALEA Y DISCAPACIDAD FUNCIONAL DEL BRAZO IZQUIERDO","labl":null,"is_missing":null,"stats":[{"value":"1","type":"freq","wgtd":null}]},{"value":"PADECE DE SINDROME DE DOWN","labl":null,"is_missing":null,"stats":[{"value":"1","type":"freq","wgtd":null}]},{"value":"OTITIS LADO IZQUIERDO","labl":null,"is_missing":null,"stats":[{"value":"1","type":"freq","wgtd":null}]},{"value":"OTITIS GENERALIZADA INTERNA","labl":null,"is_missing":null,"stats":[{"value":"1","type":"freq","wgtd":null}]},{"value":"OSTOPLASMOSIS  OJO  IZQUIERDO","labl":null,"is_missing":null,"stats":[{"value":"1","type":"freq","wgtd":null}]},{"value":"OMEOPATIA GENETICA","labl":null,"is_missing":null,"stats":[{"value":"1","type":"freq","wgtd":null}]},{"value":"OJO UNICO","labl":null,"is_missing":null,"stats":[{"value":"1","type":"freq","wgtd":null}]},{"value":"OCTOSIS CONJENITA","labl":null,"is_missing":null,"stats":[{"value":"1","type":"freq","wgtd":null}]},{"value":"OBSTRUCCION DE LA TRAQUEA","labl":null,"is_missing":null,"stats":[{"value":"1","type":"freq","wgtd":null}]},{"value":"NO VE POR UN OJO","labl":null,"is_missing":null,"stats":[{"value":"1","type":"freq","wgtd":null}]},{"value":"NO TIENE VISION POR UN OJO","labl":null,"is_missing":null,"stats":[{"value":"1","type":"freq","wgtd":null}]},{"value":"NO TIENE OJO IZQUIERDO","labl":null,"is_missing":null,"stats":[{"value":"1","type":"freq","wgtd":null}]},{"value":"NO TIENE  VISION EN EL OJO DERECHO","labl":null,"is_missing":null,"stats":[{"value":"1","type":"freq","wgtd":null}]},{"value":"NO SABE EL NOMBRE DE LA ENFERMEDAD","labl":null,"is_missing":null,"stats":[{"value":"1","type":"freq","wgtd":null}]},{"value":"NO RETIENE MUCHA INFORMACION EN EL ESTUDIO","labl":null,"is_missing":null,"stats":[{"value":"1","type":"freq","wgtd":null}]},{"value":"NO PUEDE CAMINAR BIEN Y  TIENE DA\u00d1O COGNITIVO","labl":null,"is_missing":null,"stats":[{"value":"1","type":"freq","wgtd":null}]},{"value":"NO HABLA, PROBLEMAS DE NEUROCEREBLADES","labl":null,"is_missing":null,"stats":[{"value":"1","type":"freq","wgtd":null}]},{"value":"NO HABLA CLARO PARA SU EDAD","labl":null,"is_missing":null,"stats":[{"value":"1","type":"freq","wgtd":null}]},{"value":"NO HABLA","labl":null,"is_missing":null,"stats":[{"value":"1","type":"freq","wgtd":null}]},{"value":"NO ESCUCHA DE UN OIDO Y NO VE CASI DE UN OJO","labl":null,"is_missing":null,"stats":[{"value":"1","type":"freq","wgtd":null}]},{"value":"NO CAMINA BIEN POR ACCIDENTE EN LA CADERA","labl":null,"is_missing":null,"stats":[{"value":"1","type":"freq","wgtd":null}]},{"value":"NI\u00d1O SURDO MUDO","labl":null,"is_missing":null,"stats":[{"value":"1","type":"freq","wgtd":null}]},{"value":"NI\u00d1O  CON  AUTISMO","labl":null,"is_missing":null,"stats":[{"value":"1","type":"freq","wgtd":null}]},{"value":"NEUROFIBROMITOSIS TIPO I","labl":null,"is_missing":null,"stats":[{"value":"1","type":"freq","wgtd":null}]},{"value":"NEUROFIBROMATOSIS TIPO 1","labl":null,"is_missing":null,"stats":[{"value":"1","type":"freq","wgtd":null}]},{"value":"NEUMOSIS ESCAMOSA","labl":null,"is_missing":null,"stats":[{"value":"1","type":"freq","wgtd":null}]},{"value":"NEUMOPATIA CRONICA INTESTICIAL","labl":null,"is_missing":null,"stats":[{"value":"1","type":"freq","wgtd":null}]},{"value":"NESESITA TRASPLANTE DEHIGADO","labl":null,"is_missing":null,"stats":[{"value":"1","type":"freq","wgtd":null}]},{"value":"MUY BAJA VISION","labl":null,"is_missing":null,"stats":[{"value":"1","type":"freq","wgtd":null}]},{"value":"MUDA","labl":null,"is_missing":null,"stats":[{"value":"1","type":"freq","wgtd":null}]},{"value":"MOTROCIDAD FINA","labl":null,"is_missing":null,"stats":[{"value":"1","type":"freq","wgtd":null}]},{"value":"MOTRICIDAD","labl":null,"is_missing":null,"stats":[{"value":"1","type":"freq","wgtd":null}]},{"value":"MIPEREZIA EN EL LADO IZQUIERDO","labl":null,"is_missing":null,"stats":[{"value":"1","type":"freq","wgtd":null}]},{"value":"MIOPIA SEVERA","labl":null,"is_missing":null,"stats":[{"value":"1","type":"freq","wgtd":null}]},{"value":"MIOPIA ALTA","labl":null,"is_missing":null,"stats":[{"value":"1","type":"freq","wgtd":null}]},{"value":"MICROCEFALIA Y POCA VISION","labl":null,"is_missing":null,"stats":[{"value":"1","type":"freq","wgtd":null}]},{"value":"MERINJITIS","labl":null,"is_missing":null,"stats":[{"value":"1","type":"freq","wgtd":null}]},{"value":"MENINGITIS Y GRADO III DE EPILEXIA","labl":null,"is_missing":null,"stats":[{"value":"1","type":"freq","wgtd":null}]},{"value":"MARFONMACIONES CONGENITAS","labl":null,"is_missing":null,"stats":[{"value":"1","type":"freq","wgtd":null}]},{"value":"MALFORMACION EN ROSTRO Y BOCA","labl":null,"is_missing":null,"stats":[{"value":"1","type":"freq","wgtd":null}]},{"value":"MALFORMACION CONGENITA, CRANEO ENCEFALICO ABIERTO","labl":null,"is_missing":null,"stats":[{"value":"1","type":"freq","wgtd":null}]},{"value":"MALFORMACION CONGENITA DE COLUMNA Y PERDIDA DE UN HOJO IZQUIERDO","labl":null,"is_missing":null,"stats":[{"value":"1","type":"freq","wgtd":null}]},{"value":"MALFORMACION CONGENITA","labl":null,"is_missing":null,"stats":[{"value":"1","type":"freq","wgtd":null}]},{"value":"MALFORMACION ARTERIOVENOSA CEREBRAL","labl":null,"is_missing":null,"stats":[{"value":"1","type":"freq","wgtd":null}]},{"value":"MALFORMACION  DE  LA  MANO  IZQUIERDA","labl":null,"is_missing":null,"stats":[{"value":"1","type":"freq","wgtd":null}]},{"value":"MAL FORMACION EN LA MANO DERECHA","labl":null,"is_missing":null,"stats":[{"value":"1","type":"freq","wgtd":null}]},{"value":"LIPOMA CALLOSO- RETARDO LEVE","labl":null,"is_missing":null,"stats":[{"value":"1","type":"freq","wgtd":null}]},{"value":"LIMITACION VISUAL","labl":null,"is_missing":null,"stats":[{"value":"1","type":"freq","wgtd":null}]},{"value":"LIMITACION EN EL OJO DERECHO","labl":null,"is_missing":null,"stats":[{"value":"1","type":"freq","wgtd":null}]},{"value":"LIMITACION AUDITIVA","labl":null,"is_missing":null,"stats":[{"value":"1","type":"freq","wgtd":null}]},{"value":"LEUCEMIA LINFOBLASTICA AGUDA -L.L.A","labl":null,"is_missing":null,"stats":[{"value":"1","type":"freq","wgtd":null}]},{"value":"LEUCEMIA","labl":null,"is_missing":null,"stats":[{"value":"1","type":"freq","wgtd":null}]},{"value":"LESION CEREBRAL","labl":null,"is_missing":null,"stats":[{"value":"1","type":"freq","wgtd":null}]},{"value":"LENGUAJE EPILEXIA","labl":null,"is_missing":null,"stats":[{"value":"1","type":"freq","wgtd":null}]},{"value":"LENGUAJE","labl":null,"is_missing":null,"stats":[{"value":"1","type":"freq","wgtd":null}]},{"value":"LE FALTA UN DEDO  EN CADA MANO","labl":null,"is_missing":null,"stats":[{"value":"1","type":"freq","wgtd":null}]},{"value":"LE FALTA LA MITADE UN DEDO","labl":null,"is_missing":null,"stats":[{"value":"1","type":"freq","wgtd":null}]},{"value":"LE DIO MENINGITIS A LA EDAD DE 1 A\u00d1O Y POR LO TANTO NO HABLA","labl":null,"is_missing":null,"stats":[{"value":"1","type":"freq","wgtd":null}]},{"value":"LABIO LEPORINO","labl":null,"is_missing":null,"stats":[{"value":"1","type":"freq","wgtd":null}]},{"value":"LABIO   LEPORINO  Y  DISPLACIA DE  CADERA","labl":null,"is_missing":null,"stats":[{"value":"1","type":"freq","wgtd":null}]},{"value":"LA NI\u00d1A TIENE SIDROME DE DOWN","labl":null,"is_missing":null,"stats":[{"value":"1","type":"freq","wgtd":null}]},{"value":"IPOACUCIA NEUROCENSORIAL (SORDA  Y  MUDA)","labl":null,"is_missing":null,"stats":[{"value":"1","type":"freq","wgtd":null}]},{"value":"INVIDENTE Y RETRASO MENTAL","labl":null,"is_missing":null,"stats":[{"value":"1","type":"freq","wgtd":null}]},{"value":"INSUFICIENCIA RENAL CRONICA TERMINAL","labl":null,"is_missing":null,"stats":[{"value":"1","type":"freq","wgtd":null}]},{"value":"INMADUREZ EN EL CELEBRO","labl":null,"is_missing":null,"stats":[{"value":"1","type":"freq","wgtd":null}]},{"value":"INMADURACION CEREBRAL","labl":null,"is_missing":null,"stats":[{"value":"1","type":"freq","wgtd":null}]},{"value":"INCAPACIDAD CARDIACA","labl":null,"is_missing":null,"stats":[{"value":"1","type":"freq","wgtd":null}]},{"value":"INCAPACIDAD AUDITIVA","labl":null,"is_missing":null,"stats":[{"value":"1","type":"freq","wgtd":null}]},{"value":"HIPOTIROIDISMO","labl":null,"is_missing":null,"stats":[{"value":"1","type":"freq","wgtd":null}]},{"value":"HIPOPSIA","labl":null,"is_missing":null,"stats":[{"value":"1","type":"freq","wgtd":null}]},{"value":"HIPOCUCIA SEBERA","labl":null,"is_missing":null,"stats":[{"value":"1","type":"freq","wgtd":null}]},{"value":"HIPOCEMIA (SORDERA)","labl":null,"is_missing":null,"stats":[{"value":"1","type":"freq","wgtd":null}]},{"value":"HIPOACUSIA NEURO SENSORIAL BILATERAL","labl":null,"is_missing":null,"stats":[{"value":"1","type":"freq","wgtd":null}]},{"value":"HIPERACTIVISMO DE TERCER NIVEL","labl":null,"is_missing":null,"stats":[{"value":"1","type":"freq","wgtd":null}]},{"value":"HIPERACTIVIDAD NI\u00d1O ALFA","labl":null,"is_missing":null,"stats":[{"value":"1","type":"freq","wgtd":null}]},{"value":"HIPERACTIVIDAD","labl":null,"is_missing":null,"stats":[{"value":"1","type":"freq","wgtd":null}]},{"value":"HIDROSEFALIA","labl":null,"is_missing":null,"stats":[{"value":"1","type":"freq","wgtd":null}]},{"value":"HIDROCEFALIA Y MIELOMENINGOCELE","labl":null,"is_missing":null,"stats":[{"value":"1","type":"freq","wgtd":null}]},{"value":"HIDROCEFALIA Y DISCAPACIDAD MOTORA","labl":null,"is_missing":null,"stats":[{"value":"1","type":"freq","wgtd":null}]},{"value":"HIDROCEFALIA OBSTRUCTIVA","labl":null,"is_missing":null,"stats":[{"value":"1","type":"freq","wgtd":null}]},{"value":"HIDROCEFALIA CRONICA","labl":null,"is_missing":null,"stats":[{"value":"1","type":"freq","wgtd":null}]},{"value":"HIDROCEFALIA CONGENITA","labl":null,"is_missing":null,"stats":[{"value":"1","type":"freq","wgtd":null}]},{"value":"HERNIA UMBILICAL","labl":null,"is_missing":null,"stats":[{"value":"1","type":"freq","wgtd":null}]},{"value":"HEMIPARESIA IZQUIERDA","labl":null,"is_missing":null,"stats":[{"value":"1","type":"freq","wgtd":null}]},{"value":"HEMIPARECIA IZQUIERDA","labl":null,"is_missing":null,"stats":[{"value":"1","type":"freq","wgtd":null}]},{"value":"HEMIPARECIA DE LADO DERECHO","labl":null,"is_missing":null,"stats":[{"value":"1","type":"freq","wgtd":null}]},{"value":"GENUVARO BILATERAL (MALFORMIDAD EN LAS PIERNAS)","labl":null,"is_missing":null,"stats":[{"value":"1","type":"freq","wgtd":null}]},{"value":"FRACTURAS EN LAS DOS MANOS Y EN EL PIE","labl":null,"is_missing":null,"stats":[{"value":"1","type":"freq","wgtd":null}]},{"value":"FRACTURA DEDO CORAZON","labl":null,"is_missing":null,"stats":[{"value":"1","type":"freq","wgtd":null}]},{"value":"FRACTURA CLAVICULA","labl":null,"is_missing":null,"stats":[{"value":"1","type":"freq","wgtd":null}]},{"value":"FRACTURA BRAZO Y UNDIMIENTO COSTILLA","labl":null,"is_missing":null,"stats":[{"value":"1","type":"freq","wgtd":null}]},{"value":"FISICA EN LAS EXTREMIDADES","labl":null,"is_missing":null,"stats":[{"value":"1","type":"freq","wgtd":null}]},{"value":"FISICA COGNITIVA.","labl":null,"is_missing":null,"stats":[{"value":"1","type":"freq","wgtd":null}]},{"value":"FISICA ATENCION","labl":null,"is_missing":null,"stats":[{"value":"1","type":"freq","wgtd":null}]},{"value":"FALTA MIEMBRO SUPERIOR IZQUIERDO","labl":null,"is_missing":null,"stats":[{"value":"1","type":"freq","wgtd":null}]},{"value":"FALTA DEDO MANO DERECHA","labl":null,"is_missing":null,"stats":[{"value":"1","type":"freq","wgtd":null}]},{"value":"FALTA DE MANO IZQUIERDA","labl":null,"is_missing":null,"stats":[{"value":"1","type":"freq","wgtd":null}]},{"value":"EXTRAVISMO OCULAR","labl":null,"is_missing":null,"stats":[{"value":"1","type":"freq","wgtd":null}]},{"value":"ESQUIZOFRENIA","labl":null,"is_missing":null,"stats":[{"value":"1","type":"freq","wgtd":null}]},{"value":"ESPECIAL INCAPACITADO PARA CAMINAR Y PARA HABLAR","labl":null,"is_missing":null,"stats":[{"value":"1","type":"freq","wgtd":null}]},{"value":"ESPASMOS INFANTILES(SINDROME WEED)","labl":null,"is_missing":null,"stats":[{"value":"1","type":"freq","wgtd":null}]},{"value":"ES SORDA","labl":null,"is_missing":null,"stats":[{"value":"1","type":"freq","wgtd":null}]},{"value":"ES INVIDENTE","labl":null,"is_missing":null,"stats":[{"value":"1","type":"freq","wgtd":null}]},{"value":"ES ESPECIAL TIENE UN ATRASO SICOMOTRIZ","labl":null,"is_missing":null,"stats":[{"value":"1","type":"freq","wgtd":null}]},{"value":"ES COJA DE UNA PIERNA Y PROBLEMAS PSICOLOGICOS","labl":null,"is_missing":null,"stats":[{"value":"1","type":"freq","wgtd":null}]},{"value":"ES  UN NI\u00d1O  ESPECIAL","labl":null,"is_missing":null,"stats":[{"value":"1","type":"freq","wgtd":null}]},{"value":"ERNIA UMBILICAL","labl":null,"is_missing":null,"stats":[{"value":"1","type":"freq","wgtd":null}]},{"value":"EQUIXENCEFALIA","labl":null,"is_missing":null,"stats":[{"value":"1","type":"freq","wgtd":null}]},{"value":"EPILEXIA SINDROMETIZADA DE DIFICIL MANEJO","labl":null,"is_missing":null,"stats":[{"value":"1","type":"freq","wgtd":null}]},{"value":"EPILEPTICO","labl":null,"is_missing":null,"stats":[{"value":"1","type":"freq","wgtd":null}]},{"value":"EPILEPTICA","labl":null,"is_missing":null,"stats":[{"value":"1","type":"freq","wgtd":null}]},{"value":"ENFERMEDAD INCOGNITIVA","labl":null,"is_missing":null,"stats":[{"value":"1","type":"freq","wgtd":null}]},{"value":"ENFERMEDAD DEL CORAZON Y PEQUE\u00d1O RETRAZO MENTAL","labl":null,"is_missing":null,"stats":[{"value":"1","type":"freq","wgtd":null}]},{"value":"ENFERMEDA DE NACIMIENTO NO IDENTIFICADA MEDICAMENTE","labl":null,"is_missing":null,"stats":[{"value":"1","type":"freq","wgtd":null}]},{"value":"ENCEFALOMALASIA","labl":null,"is_missing":null,"stats":[{"value":"1","type":"freq","wgtd":null}]},{"value":"ENCEFALOGRAMA","labl":null,"is_missing":null,"stats":[{"value":"1","type":"freq","wgtd":null}]},{"value":"EMIPARECIA DERECHA","labl":null,"is_missing":null,"stats":[{"value":"1","type":"freq","wgtd":null}]},{"value":"EMIARECIA CEREBRAL","labl":null,"is_missing":null,"stats":[{"value":"1","type":"freq","wgtd":null}]},{"value":"EMAGIMA VENOSO (MALFORMACION DE VENAS)","labl":null,"is_missing":null,"stats":[{"value":"1","type":"freq","wgtd":null}]},{"value":"EL NI\u00d1O CONSTA DE DISCAPACIDAD FISICA Y MENTAL (SINDROME DE DOWN)","labl":null,"is_missing":null,"stats":[{"value":"1","type":"freq","wgtd":null}]},{"value":"DISTROFIA MUSCULAR Y RETRASO MENTAL LEVE","labl":null,"is_missing":null,"stats":[{"value":"1","type":"freq","wgtd":null}]},{"value":"DISTROFIA MUSCULAR DE DUCHEN ENCOGIMIENTO DE TENDONES","labl":null,"is_missing":null,"stats":[{"value":"1","type":"freq","wgtd":null}]},{"value":"DISRITMIA MUSCULAR","labl":null,"is_missing":null,"stats":[{"value":"1","type":"freq","wgtd":null}]},{"value":"DISPLASIA  DE  CADERA","labl":null,"is_missing":null,"stats":[{"value":"1","type":"freq","wgtd":null}]},{"value":"DISPLACIA POSTERIOR","labl":null,"is_missing":null,"stats":[{"value":"1","type":"freq","wgtd":null}]},{"value":"DISPLACIA DE CADERA, RETARDO MENTAL LEVE","labl":null,"is_missing":null,"stats":[{"value":"1","type":"freq","wgtd":null}]},{"value":"DISPLACIA DE CADERA (COJEA AL CAMINAR)","labl":null,"is_missing":null,"stats":[{"value":"1","type":"freq","wgtd":null}]},{"value":"DISPLACIA DE CADERA","labl":null,"is_missing":null,"stats":[{"value":"1","type":"freq","wgtd":null}]},{"value":"DISPLACIA CEREBRAL","labl":null,"is_missing":null,"stats":[{"value":"1","type":"freq","wgtd":null}]},{"value":"DISPACIDAD COGNITIVA Y DE APRENDIZAJE","labl":null,"is_missing":null,"stats":[{"value":"1","type":"freq","wgtd":null}]},{"value":"DISMORFISMO","labl":null,"is_missing":null,"stats":[{"value":"1","type":"freq","wgtd":null}]},{"value":"DISMINUCION FUNCIONES CEREBRALES","labl":null,"is_missing":null,"stats":[{"value":"1","type":"freq","wgtd":null}]},{"value":"DISMINUCION AGUDEZA VISUAL","labl":null,"is_missing":null,"stats":[{"value":"1","type":"freq","wgtd":null}]},{"value":"DISMINUCION  AUITIVA UNILTERAL","labl":null,"is_missing":null,"stats":[{"value":"1","type":"freq","wgtd":null}]},{"value":"DISLOCACION DE LA RODILLA","labl":null,"is_missing":null,"stats":[{"value":"1","type":"freq","wgtd":null}]},{"value":"DISLEXIA LEVE","labl":null,"is_missing":null,"stats":[{"value":"1","type":"freq","wgtd":null}]},{"value":"DISLEGIA ESPASTICA (TEJIDOS BLANDOS)","labl":null,"is_missing":null,"stats":[{"value":"1","type":"freq","wgtd":null}]},{"value":"DISLECCIA","labl":null,"is_missing":null,"stats":[{"value":"1","type":"freq","wgtd":null}]},{"value":"DISGRAFIA ADQUIRIDA POR ACCIDENTE CRANEOECEFALICO","labl":null,"is_missing":null,"stats":[{"value":"1","type":"freq","wgtd":null}]},{"value":"DISCAPCIDAD COMNITIVA","labl":null,"is_missing":null,"stats":[{"value":"1","type":"freq","wgtd":null}]},{"value":"DISCAPASIDAD VISUAL","labl":null,"is_missing":null,"stats":[{"value":"1","type":"freq","wgtd":null}]},{"value":"DISCAPASIDAD CONGNITIVA","labl":null,"is_missing":null,"stats":[{"value":"1","type":"freq","wgtd":null}]},{"value":"DISCAPASIDAD COGNITIVA","labl":null,"is_missing":null,"stats":[{"value":"1","type":"freq","wgtd":null}]},{"value":"DISCAPAIDAD COGNITIVA","labl":null,"is_missing":null,"stats":[{"value":"1","type":"freq","wgtd":null}]},{"value":"DISCAPACIDAD VISUAL Y   PROBLEMAS  DE  APRENDIZAJE","labl":null,"is_missing":null,"stats":[{"value":"1","type":"freq","wgtd":null}]},{"value":"DISCAPACIDAD VISUAL NO VE POR UN OJO","labl":null,"is_missing":null,"stats":[{"value":"1","type":"freq","wgtd":null}]},{"value":"DISCAPACIDAD VISUAL","labl":null,"is_missing":null,"stats":[{"value":"1","type":"freq","wgtd":null}]},{"value":"DISCAPACIDAD SICOMOTRIZ","labl":null,"is_missing":null,"stats":[{"value":"1","type":"freq","wgtd":null}]},{"value":"DISCAPACIDAD PELVICA  Y DE COLUMNA","labl":null,"is_missing":null,"stats":[{"value":"1","type":"freq","wgtd":null}]},{"value":"DISCAPACIDAD PARA OIR","labl":null,"is_missing":null,"stats":[{"value":"1","type":"freq","wgtd":null}]},{"value":"DISCAPACIDAD MOTORA Y DE HABLA","labl":null,"is_missing":null,"stats":[{"value":"1","type":"freq","wgtd":null}]},{"value":"DISCAPACIDAD MOTORA","labl":null,"is_missing":null,"stats":[{"value":"1","type":"freq","wgtd":null}]},{"value":"DISCAPACIDAD MENTAL  (EPILECCIA)","labl":null,"is_missing":null,"stats":[{"value":"1","type":"freq","wgtd":null}]},{"value":"DISCAPACIDAD INTELECTUAL","labl":null,"is_missing":null,"stats":[{"value":"1","type":"freq","wgtd":null}]},{"value":"DISCAPACIDAD GUILLAN BARRE","labl":null,"is_missing":null,"stats":[{"value":"1","type":"freq","wgtd":null}]},{"value":"DISCAPACIDAD FISICA Y MENTAL (NI\u00d1O ESPECIAL)","labl":null,"is_missing":null,"stats":[{"value":"1","type":"freq","wgtd":null}]},{"value":"DISCAPACIDAD FISICA Y MENTAL","labl":null,"is_missing":null,"stats":[{"value":"1","type":"freq","wgtd":null}]},{"value":"DISCAPACIDAD DE OIDO MEDIO","labl":null,"is_missing":null,"stats":[{"value":"1","type":"freq","wgtd":null}]},{"value":"DISCAPACIDAD CONIGTIVA Y TRASTORNOS MENTALES","labl":null,"is_missing":null,"stats":[{"value":"1","type":"freq","wgtd":null}]},{"value":"DISCAPACIDAD CONIGTIVA","labl":null,"is_missing":null,"stats":[{"value":"1","type":"freq","wgtd":null}]},{"value":"DISCAPACIDAD CONGNITIVA","labl":null,"is_missing":null,"stats":[{"value":"1","type":"freq","wgtd":null}]},{"value":"DISCAPACIDAD COGNITIVA && MOTRIZ","labl":null,"is_missing":null,"stats":[{"value":"1","type":"freq","wgtd":null}]},{"value":"DISCAPACIDAD CEREBRAL","labl":null,"is_missing":null,"stats":[{"value":"1","type":"freq","wgtd":null}]},{"value":"DISCAPACIDAD  COGNITIVA","labl":null,"is_missing":null,"stats":[{"value":"1","type":"freq","wgtd":null}]},{"value":"DISCAPACIDA AUDITIVA AUDICION MEDIA","labl":null,"is_missing":null,"stats":[{"value":"1","type":"freq","wgtd":null}]},{"value":"DISCACIDAD VISUAL VISION BORROSA","labl":null,"is_missing":null,"stats":[{"value":"1","type":"freq","wgtd":null}]},{"value":"DIPLEJIA ESPASTICA","labl":null,"is_missing":null,"stats":[{"value":"1","type":"freq","wgtd":null}]},{"value":"DIFICULTADES DEL HABLA","labl":null,"is_missing":null,"stats":[{"value":"1","type":"freq","wgtd":null}]},{"value":"DIFICULTAD SELECTIVA EN EL APRENDIZAJE Y LA ATENCION","labl":null,"is_missing":null,"stats":[{"value":"1","type":"freq","wgtd":null}]},{"value":"DIFICULTAD RESPIRATORIA","labl":null,"is_missing":null,"stats":[{"value":"1","type":"freq","wgtd":null}]},{"value":"DIFICULTAD PARA HABLAR","labl":null,"is_missing":null,"stats":[{"value":"1","type":"freq","wgtd":null}]},{"value":"DIFICULTAD PARA APRENDER","labl":null,"is_missing":null,"stats":[{"value":"1","type":"freq","wgtd":null}]},{"value":"DIFICULTAD MENTAL","labl":null,"is_missing":null,"stats":[{"value":"1","type":"freq","wgtd":null}]},{"value":"DIFICULTAD EN EL APRENDIZAJE","labl":null,"is_missing":null,"stats":[{"value":"1","type":"freq","wgtd":null}]},{"value":"DIFICULTAD DE APRENDIZAJE","labl":null,"is_missing":null,"stats":[{"value":"1","type":"freq","wgtd":null}]},{"value":"DIFICULTAD AUDITVA","labl":null,"is_missing":null,"stats":[{"value":"1","type":"freq","wgtd":null}]},{"value":"DIFICULTA DE MOVIMIENTO EN LA PIERNA ISQUIERDA","labl":null,"is_missing":null,"stats":[{"value":"1","type":"freq","wgtd":null}]},{"value":"DIFICIT COGNITIVO LEVE","labl":null,"is_missing":null,"stats":[{"value":"1","type":"freq","wgtd":null}]},{"value":"DIAGNOSTICO MEDICO DE RETARDO MENTAL","labl":null,"is_missing":null,"stats":[{"value":"1","type":"freq","wgtd":null}]},{"value":"DESVIADO DE UN OJO","labl":null,"is_missing":null,"stats":[{"value":"1","type":"freq","wgtd":null}]},{"value":"DESVIACION OJO IZQUIERDO","labl":null,"is_missing":null,"stats":[{"value":"1","type":"freq","wgtd":null}]},{"value":"DESVIACION OJO DERECHO","labl":null,"is_missing":null,"stats":[{"value":"1","type":"freq","wgtd":null}]},{"value":"DESVIACION EN LA VISTA","labl":null,"is_missing":null,"stats":[{"value":"1","type":"freq","wgtd":null}]},{"value":"DESVIACION DEL OJO","labl":null,"is_missing":null,"stats":[{"value":"1","type":"freq","wgtd":null}]},{"value":"DESTROFIA MUSCULAR","labl":null,"is_missing":null,"stats":[{"value":"1","type":"freq","wgtd":null}]},{"value":"DESPLACIA DE CADERA","labl":null,"is_missing":null,"stats":[{"value":"1","type":"freq","wgtd":null}]},{"value":"DESLIZAMIENTO DE PELVIS","labl":null,"is_missing":null,"stats":[{"value":"1","type":"freq","wgtd":null}]},{"value":"DESGASTE ACETABULAR EN CADERA","labl":null,"is_missing":null,"stats":[{"value":"1","type":"freq","wgtd":null}]},{"value":"DESCAPACIDAD SICOMOTRIZ","labl":null,"is_missing":null,"stats":[{"value":"1","type":"freq","wgtd":null}]},{"value":"DESCALCIFICACION OSEA","labl":null,"is_missing":null,"stats":[{"value":"1","type":"freq","wgtd":null}]},{"value":"DERMATOMIOSITIS","labl":null,"is_missing":null,"stats":[{"value":"1","type":"freq","wgtd":null}]},{"value":"DEL SISTEMA MOTRIZ","labl":null,"is_missing":null,"stats":[{"value":"1","type":"freq","wgtd":null}]},{"value":"DEFORMIDAD EN LOS PIES","labl":null,"is_missing":null,"stats":[{"value":"1","type":"freq","wgtd":null}]},{"value":"DEFORMIDAD DE EL HUESO DE UNA PIERNA","labl":null,"is_missing":null,"stats":[{"value":"1","type":"freq","wgtd":null}]},{"value":"DEFORMACION DE MANOS CARA Y PIES","labl":null,"is_missing":null,"stats":[{"value":"1","type":"freq","wgtd":null}]},{"value":"DEFISIS MENTAL","labl":null,"is_missing":null,"stats":[{"value":"1","type":"freq","wgtd":null}]},{"value":"DEFICIT DE APRENDIZAJE","labl":null,"is_missing":null,"stats":[{"value":"1","type":"freq","wgtd":null}]},{"value":"DEFICIT DE APRENDISAJE YATENCION","labl":null,"is_missing":null,"stats":[{"value":"1","type":"freq","wgtd":null}]},{"value":"DEFICIENCIA MENTAL MODERADA","labl":null,"is_missing":null,"stats":[{"value":"1","type":"freq","wgtd":null}]},{"value":"DEFICIENCIA EN EL OIDO IZQUIERDO Y EN LA VISTA IZQUIERDA","labl":null,"is_missing":null,"stats":[{"value":"1","type":"freq","wgtd":null}]},{"value":"DEFICIENCIA AUDITIVA","labl":null,"is_missing":null,"stats":[{"value":"1","type":"freq","wgtd":null}]},{"value":"DEFICID DE ATENCION","labl":null,"is_missing":null,"stats":[{"value":"1","type":"freq","wgtd":null}]},{"value":"DE LENGUAJE","labl":null,"is_missing":null,"stats":[{"value":"1","type":"freq","wgtd":null}]},{"value":"DE LA VISION","labl":null,"is_missing":null,"stats":[{"value":"1","type":"freq","wgtd":null}]},{"value":"CUADRAPLEJICO","labl":null,"is_missing":null,"stats":[{"value":"1","type":"freq","wgtd":null}]},{"value":"CRANEOCEFALIA","labl":null,"is_missing":null,"stats":[{"value":"1","type":"freq","wgtd":null}]},{"value":"CRANECINOSTOSIS SECUNDARIA","labl":null,"is_missing":null,"stats":[{"value":"1","type":"freq","wgtd":null}]},{"value":"CORTO DE VISTA","labl":null,"is_missing":null,"stats":[{"value":"1","type":"freq","wgtd":null}]},{"value":"CONVULSIONES PARALISIS TEMPORAL","labl":null,"is_missing":null,"stats":[{"value":"1","type":"freq","wgtd":null}]},{"value":"CONVULSIONES FEBRILES","labl":null,"is_missing":null,"stats":[{"value":"1","type":"freq","wgtd":null}]},{"value":"CONNITIVA","labl":null,"is_missing":null,"stats":[{"value":"1","type":"freq","wgtd":null}]},{"value":"CONGNITIVA","labl":null,"is_missing":null,"stats":[{"value":"1","type":"freq","wgtd":null}]},{"value":"CONCENTRACION DISPERSA","labl":null,"is_missing":null,"stats":[{"value":"1","type":"freq","wgtd":null}]},{"value":"COMVULCIONES","labl":null,"is_missing":null,"stats":[{"value":"1","type":"freq","wgtd":null}]},{"value":"COJO DE POR VIDA POR MALA APLICACION DE INYECCION","labl":null,"is_missing":null,"stats":[{"value":"1","type":"freq","wgtd":null}]},{"value":"COGNITIVA(APRENDIZAJE)","labl":null,"is_missing":null,"stats":[{"value":"1","type":"freq","wgtd":null}]},{"value":"COGNITIVA (SINDROME DE DOWN)","labl":null,"is_missing":null,"stats":[{"value":"1","type":"freq","wgtd":null}]},{"value":"CINTROME DEBEAL","labl":null,"is_missing":null,"stats":[{"value":"1","type":"freq","wgtd":null}]},{"value":"CIEGO","labl":null,"is_missing":null,"stats":[{"value":"1","type":"freq","wgtd":null}]},{"value":"CIEGA","labl":null,"is_missing":null,"stats":[{"value":"1","type":"freq","wgtd":null}]},{"value":"CEFALEAS PERMANENTES","labl":null,"is_missing":null,"stats":[{"value":"1","type":"freq","wgtd":null}]},{"value":"CARDIOEPATIA CONJENITA Y PROBLEMAS DE LENGUAJE","labl":null,"is_missing":null,"stats":[{"value":"1","type":"freq","wgtd":null}]},{"value":"CARDIO HEPATIA CONGENITA","labl":null,"is_missing":null,"stats":[{"value":"1","type":"freq","wgtd":null}]},{"value":"CAMINA EN CAMINADOR","labl":null,"is_missing":null,"stats":[{"value":"1","type":"freq","wgtd":null}]},{"value":"CAMINA CON CAMINADOR","labl":null,"is_missing":null,"stats":[{"value":"1","type":"freq","wgtd":null}]},{"value":"BRAZO IZQUIERDO PARALIZADO","labl":null,"is_missing":null,"stats":[{"value":"1","type":"freq","wgtd":null}]},{"value":"BLOQUIADA  LA  CADERA","labl":null,"is_missing":null,"stats":[{"value":"1","type":"freq","wgtd":null}]},{"value":"AUTISTA ATIPICO","labl":null,"is_missing":null,"stats":[{"value":"1","type":"freq","wgtd":null}]},{"value":"AUTISNMO IMPERACTIVO","labl":null,"is_missing":null,"stats":[{"value":"1","type":"freq","wgtd":null}]},{"value":"AUTISMO Y RETARDO MENTAL","labl":null,"is_missing":null,"stats":[{"value":"1","type":"freq","wgtd":null}]},{"value":"AUTISMO PRIMER GRADO","labl":null,"is_missing":null,"stats":[{"value":"1","type":"freq","wgtd":null}]},{"value":"AUTISMO LEVE","labl":null,"is_missing":null,"stats":[{"value":"1","type":"freq","wgtd":null}]},{"value":"AUTISMO CON RETRASO MENTAL SEVERO","labl":null,"is_missing":null,"stats":[{"value":"1","type":"freq","wgtd":null}]},{"value":"AUTISMO ATIPICO","labl":null,"is_missing":null,"stats":[{"value":"1","type":"freq","wgtd":null}]},{"value":"AUSENCIA DEL CUERPO CALLOSO, COLOBOMA DEL NERVIO OPTICO","labl":null,"is_missing":null,"stats":[{"value":"1","type":"freq","wgtd":null}]},{"value":"AUSENCIA DE UN  ORGANO AUDITIVO","labl":null,"is_missing":null,"stats":[{"value":"1","type":"freq","wgtd":null}]},{"value":"AUDTIVA Y DE LENGUAJE","labl":null,"is_missing":null,"stats":[{"value":"1","type":"freq","wgtd":null}]},{"value":"AUDITIVO BILATERAL","labl":null,"is_missing":null,"stats":[{"value":"1","type":"freq","wgtd":null}]},{"value":"AUDITIVA Y DE LENGUAJE","labl":null,"is_missing":null,"stats":[{"value":"1","type":"freq","wgtd":null}]},{"value":"AUDITIBA","labl":null,"is_missing":null,"stats":[{"value":"1","type":"freq","wgtd":null}]},{"value":"ATROFIA MUSCULAR","labl":null,"is_missing":null,"stats":[{"value":"1","type":"freq","wgtd":null}]},{"value":"ATROFIA CEREBRAL POR MENINGITIS","labl":null,"is_missing":null,"stats":[{"value":"1","type":"freq","wgtd":null}]},{"value":"ATROFIA CEREBRAL DIFUSA","labl":null,"is_missing":null,"stats":[{"value":"1","type":"freq","wgtd":null}]},{"value":"ATRAZO CEREBRAL","labl":null,"is_missing":null,"stats":[{"value":"1","type":"freq","wgtd":null}]},{"value":"ATRASO SICOMOTRIZ","labl":null,"is_missing":null,"stats":[{"value":"1","type":"freq","wgtd":null}]},{"value":"ATRASO PSICOMOTOR","labl":null,"is_missing":null,"stats":[{"value":"1","type":"freq","wgtd":null}]},{"value":"ATRASO  DEL DESARROLLO Y LENGUAJE","labl":null,"is_missing":null,"stats":[{"value":"1","type":"freq","wgtd":null}]},{"value":"ATAQUES","labl":null,"is_missing":null,"stats":[{"value":"1","type":"freq","wgtd":null}]},{"value":"ASMATICO CRONICO","labl":null,"is_missing":null,"stats":[{"value":"1","type":"freq","wgtd":null}]},{"value":"ARTROGRIPOSIS","labl":null,"is_missing":null,"stats":[{"value":"1","type":"freq","wgtd":null}]},{"value":"ARTRITIS REUMA........","labl":null,"is_missing":null,"stats":[{"value":"1","type":"freq","wgtd":null}]},{"value":"ARTRITIS REMAUTIDEA EN LOS HUESO","labl":null,"is_missing":null,"stats":[{"value":"1","type":"freq","wgtd":null}]},{"value":"ARTRITIS NO ESPECIFICADA","labl":null,"is_missing":null,"stats":[{"value":"1","type":"freq","wgtd":null}]},{"value":"ARTRITIS","labl":null,"is_missing":null,"stats":[{"value":"1","type":"freq","wgtd":null}]},{"value":"APRENDIZAJE","labl":null,"is_missing":null,"stats":[{"value":"1","type":"freq","wgtd":null}]},{"value":"ANEMIA DREPANOSITICA","labl":null,"is_missing":null,"stats":[{"value":"1","type":"freq","wgtd":null}]},{"value":"AMPUTACION DEL BRAZO IZQUIERDO A NIVEL DEL CODO","labl":null,"is_missing":null,"stats":[{"value":"1","type":"freq","wgtd":null}]},{"value":"AMPUTACION DE PIERNA","labl":null,"is_missing":null,"stats":[{"value":"1","type":"freq","wgtd":null}]},{"value":"AMBLIOPIA","labl":null,"is_missing":null,"stats":[{"value":"1","type":"freq","wgtd":null}]},{"value":"ALTERACIONES CONDUCTUALES  TRASTORNO PSICOLOGICO","labl":null,"is_missing":null,"stats":[{"value":"1","type":"freq","wgtd":null}]},{"value":"ALTERACION ARTICULACION DE LAS PALABRAS","labl":null,"is_missing":null,"stats":[{"value":"1","type":"freq","wgtd":null}]},{"value":"ALA NI\u00d1A LE DIO POLIO","labl":null,"is_missing":null,"stats":[{"value":"1","type":"freq","wgtd":null}]},{"value":"AGRESIVIDAD MEDIA","labl":null,"is_missing":null,"stats":[{"value":"1","type":"freq","wgtd":null}]},{"value":"AGENESIA DE CUERPO CALLOSO","labl":null,"is_missing":null,"stats":[{"value":"1","type":"freq","wgtd":null}]},{"value":"ACORTAMIENTO PIERNA IZQUIERDA-BRAZO DERECHO Y CARA PARTE IZQUIERDA","labl":null,"is_missing":null,"stats":[{"value":"1","type":"freq","wgtd":null}]},{"value":"ACORTAMIENTO DE FEMUR","labl":null,"is_missing":null,"stats":[{"value":"1","type":"freq","wgtd":null}]}],"var_codinstr":null,"var_concept":[],"var_format":{"type":"character","schema":"other","category":null,"name":null},"var_notes":null,"var_val_range":{"min":null,"max":null},"fid":"F1","sid":"372","survey_idno":"DANE-DIRPEN-ENTI-2011"}