{"file_id":"F1","vid":"V107","name":"P6069","var_intrvl":"discrete","var_dcml":"0","var_wgt":null,"var_is_wgt":null,"loc_start_pos":"550","loc_end_pos":"550","loc_width":"1","loc_rec_seg_no":"1","labl":"\u00bf\u2026 ha vivido toda la vida en este hogar?","var_imputation":null,"var_security":"El acceso a microdatos y Mam-up se considera como de tratamiento especial respecto a la reserva estad\u00edstica por tanto estar\u00e1 sujeto a la reglamentaci\u00f3n que para el efecto defina el Comit\u00e9 de Aseguramiento de la reserva estad\u00edstica. Resoluci\u00f3n 173 de 2008.","var_resp_unit":"Directo","var_analysis_unit":null,"var_qstn_preqtxt":"C12. Actualmente \u2026\n\n1\tNo est\u00e1 casado(a) y vive en pareja hace menos de dos a\u00f1os\n2\tNo est\u00e1 casado(a) y vive en pareja hace m\u00e1s de dos a\u00f1os\n3\tEst\u00e1 casado(a)\n4\tEst\u00e1 separado(a) o divorciado(a)\n5\tEsta viudo(a)\n6\tEst\u00e1 soltero","var_qstn_qstnlit":"C13. \u00bf\u2026ha vivido toda la vida en este hogar?\n\n1\tS\u00ed\n2\tNo","var_qstn_postqtxt":"C14. \u00bfCu\u00e1l es la raz\u00f3n principal por la que \u2026 vive en este hogar?\n\n1\tPor estudio\n2\tPorque trabaja o colabora en el hogar\n3\tPorque la mam\u00e1, el pap\u00e1 o ambos padres trabajan en el hogar\n4\tPorque su familia lo maltrataba\n5\tPor desplazamiento forzado por la violencia\n6\tPor desplazamiento causado por desastres naturales\n7\tPor la conformaci\u00f3n de un nuevo hogar\n8\tPorque es el hogar de sus padres o de sus familiares\n9\tOtra raz\u00f3n","var_qstn_ivuinstr":"Se desea establecer si el ni\u00f1o, ni\u00f1a o adolescente ha vivido toda la vida con ese hogar o por el contrario ha vivido con otros hogares, en este caso se busca indagar por el tiempo que lleva viviendo con el hogar actual.\nSe compone de dos partes, la primera de \u00fanica respuesta si o no, si responde  si, entonces se le pregunta el tiempo en a\u00f1os y meses\n\nFlujo: Si el ni\u00f1o, ni\u00f1a o adolescente ha vivido toda la vida con ese hogar, debe pasar a  la pregunta 1 del cap\u00edtulo D, en caso contrario, contin\u00faa con la pregunta C14","var_universe":"Lo constituyen los ni\u00f1os, ni\u00f1as y adolescentes entre 5 y 17 a\u00f1os de edad, residentes en el territorio nacional excluyendo los antiguos territorios nacionales.","var_universe_clusion":"I","var_sumstat":[{"value":"48909","type":"vald","wgtd":null},{"value":"50","type":"invd","wgtd":null},{"value":"1","type":"min","wgtd":null},{"value":"2","type":"max","wgtd":null},{"value":"1.055","type":"mean","wgtd":null},{"value":"0.228","type":"stdev","wgtd":null}],"var_txt":null,"var_catgry":[{"value":"1","labl":"S\u00ed","is_missing":null,"stats":[{"value":"46227","type":"freq","wgtd":null}]},{"value":"2","labl":"No","is_missing":null,"stats":[{"value":"2682","type":"freq","wgtd":null}]},{"value":"Sysmiss","labl":null,"is_missing":"Y","stats":[{"value":"50","type":"freq","wgtd":null}]}],"var_codinstr":null,"var_concept":[],"var_format":{"type":"numeric","schema":"other","category":null,"name":null},"var_notes":null,"var_val_range":{"min":"1","max":"2"},"fid":"F1","sid":"372","survey_idno":"DANE-DIRPEN-ENTI-2011"}