{"file_id":"F1","vid":"V109","name":"P6068","var_intrvl":"discrete","var_dcml":"0","var_wgt":null,"var_is_wgt":null,"loc_start_pos":"553","loc_end_pos":"554","loc_width":"2","loc_rec_seg_no":"1","labl":"\u00bftiempo que lleva viviendo en este hogar? meses","var_imputation":null,"var_security":"El acceso a microdatos y Mam-up se considera como de tratamiento especial respecto a la reserva estad\u00edstica por tanto estar\u00e1 sujeto a la reglamentaci\u00f3n que para el efecto defina el Comit\u00e9 de Aseguramiento de la reserva estad\u00edstica. Resoluci\u00f3n 173 de 2008.","var_resp_unit":"Directo","var_analysis_unit":null,"var_qstn_preqtxt":"C13. Tiempo que lleva viviendo en este hogar:\n\nA\u00f1os:","var_qstn_qstnlit":"C13. Tiempo que lleva viviendo en este hogar:\n\nmeses:","var_qstn_postqtxt":"C14. \u00bfCu\u00e1l es la raz\u00f3n principal por la que \u2026 vive en este hogar?\n\n1\tPor estudio\n2\tPorque trabaja o colabora en el hogar\n3\tPorque la mam\u00e1, el pap\u00e1 o ambos padres trabajan en el hogar\n4\tPorque su familia lo maltrataba\n5\tPor desplazamiento forzado por la violencia\n6\tPor desplazamiento causado por desastres naturales\n7\tPor la conformaci\u00f3n de un nuevo hogar\n8\tPorque es el hogar de sus padres o de sus familiares\n9\tOtra raz\u00f3n","var_qstn_ivuinstr":null,"var_universe":"Lo constituyen los ni\u00f1os, ni\u00f1as y adolescentes entre 5 y 17 a\u00f1os de edad, residentes en el territorio nacional excluyendo los antiguos territorios nacionales.","var_universe_clusion":"I","var_sumstat":[{"value":"2682","type":"vald","wgtd":null},{"value":"46277","type":"invd","wgtd":null},{"value":"0","type":"min","wgtd":null},{"value":"12","type":"max","wgtd":null},{"value":"3.19","type":"mean","wgtd":null},{"value":"3.829","type":"stdev","wgtd":null}],"var_txt":null,"var_catgry":[{"value":"0","labl":null,"is_missing":null,"stats":[{"value":"1180","type":"freq","wgtd":null}]},{"value":"6","labl":null,"is_missing":null,"stats":[{"value":"228","type":"freq","wgtd":null}]},{"value":"2","labl":null,"is_missing":null,"stats":[{"value":"198","type":"freq","wgtd":null}]},{"value":"1","labl":null,"is_missing":null,"stats":[{"value":"176","type":"freq","wgtd":null}]},{"value":"3","labl":null,"is_missing":null,"stats":[{"value":"147","type":"freq","wgtd":null}]},{"value":"11","labl":null,"is_missing":null,"stats":[{"value":"126","type":"freq","wgtd":null}]},{"value":"10","labl":null,"is_missing":null,"stats":[{"value":"116","type":"freq","wgtd":null}]},{"value":"4","labl":null,"is_missing":null,"stats":[{"value":"112","type":"freq","wgtd":null}]},{"value":"5","labl":null,"is_missing":null,"stats":[{"value":"101","type":"freq","wgtd":null}]},{"value":"8","labl":null,"is_missing":null,"stats":[{"value":"88","type":"freq","wgtd":null}]},{"value":"9","labl":null,"is_missing":null,"stats":[{"value":"83","type":"freq","wgtd":null}]},{"value":"12","labl":null,"is_missing":null,"stats":[{"value":"67","type":"freq","wgtd":null}]},{"value":"7","labl":null,"is_missing":null,"stats":[{"value":"60","type":"freq","wgtd":null}]},{"value":"Sysmiss","labl":null,"is_missing":"Y","stats":[{"value":"46277","type":"freq","wgtd":null}]}],"var_codinstr":null,"var_concept":[],"var_format":{"type":"numeric","schema":"other","category":null,"name":null},"var_notes":null,"var_val_range":{"min":"0","max":"12"},"fid":"F1","sid":"372","survey_idno":"DANE-DIRPEN-ENTI-2011"}