{"file_id":"F1","vid":"V110","name":"P6066","var_intrvl":"discrete","var_dcml":"0","var_wgt":null,"var_is_wgt":null,"loc_start_pos":"555","loc_end_pos":"555","loc_width":"1","loc_rec_seg_no":"1","labl":"\u00bfcu\u00e1l es la raz\u00f3n principal por la que (nombre del ni\u00f1o) vive en este hogar?","var_imputation":null,"var_security":"El acceso a microdatos y Mam-up se considera como de tratamiento especial respecto a la reserva estad\u00edstica por tanto estar\u00e1 sujeto a la reglamentaci\u00f3n que para el efecto defina el Comit\u00e9 de Aseguramiento de la reserva estad\u00edstica. Resoluci\u00f3n 173 de 2008.","var_resp_unit":"Directo","var_analysis_unit":null,"var_qstn_preqtxt":"C13. \u00bf\u2026ha vivido toda la vida en este hogar?\n\n1\tS\u00ed\n2\tNo","var_qstn_qstnlit":"C14. \u00bfCu\u00e1l es la raz\u00f3n principal por la que \u2026 vive en este hogar?\n\n1\tPor estudio\n2\tPorque trabaja o colabora en el hogar\n3\tPorque la mam\u00e1, el pap\u00e1 o ambos padres trabajan en el hogar\n4\tPorque su familia lo maltrataba\n5\tPor desplazamiento forzado por la violencia\n6\tPor desplazamiento causado por desastres naturales\n7\tPor la conformaci\u00f3n de un nuevo hogar\n8\tPorque es el hogar de sus padres o de sus familiares\n9\tOtra raz\u00f3n","var_qstn_postqtxt":"D1. \u00bf\u2026sabe leer y escribir?\n\n1\tS\u00ed\n2\tNo","var_qstn_ivuinstr":"Se pretende establecer la principal raz\u00f3n por la que el ni\u00f1o, ni\u00f1a o adolescente vive con este hogar. esta pregunta es de \u00fanica respuesta.\n\n\nTenga en cuenta las siguientes precisiones:\n\n\nPorque trabaja  o colabora  en el hogar,  c\u00f3digo  2: hace  referencia  a aquellos  ni\u00f1os, ni\u00f1as o adolescentes que desarrollan una actividad dentro  del hogar, independiente del parentesco que tenga con el jefe de hogar y en contraprestaci\u00f3n recibe un pago en dinero o en especie.\n\n\nPor la conformaci\u00f3n de un nuevo hogar, c\u00f3digo 7: se refiere a que la ni\u00f1a, el ni\u00f1o o adolescente conform\u00f3  un  nuevo  hogar  con su  pareja  o  que  el padre  o la madre conform\u00f3 un nuevo hogar al que llev\u00f3 a su hijo o hijos.\n\n\nPorque es el hogar de sus padres o de sus familiares, c\u00f3digo 8: cuando el ni\u00f1o, ni\u00f1a o adolescente no ha vivido toda la vida con sus padres y en el momento  de la encuesta regres\u00f3 para quedarse  a vivir con ellos; cuando el ni\u00f1o, ni\u00f1a o adolescente vive con sus familiares porque sus padres fallecieron, no lo pueden tener, o porque estudia en esta ciudad, etc...\n\n\nRecuerde que en la alternativa Otra raz\u00f3n, \u00bfcu\u00e1l?, c\u00f3digo 9: debe  quedar  registrada alguna raz\u00f3n que no haya sido contemplada en las alternativas 1 a 6.","var_universe":"Lo constituyen los ni\u00f1os, ni\u00f1as y adolescentes entre 5 y 17 a\u00f1os de edad, residentes en el territorio nacional excluyendo los antiguos territorios nacionales.","var_universe_clusion":"I","var_sumstat":[{"value":"2682","type":"vald","wgtd":null},{"value":"46277","type":"invd","wgtd":null},{"value":"1","type":"min","wgtd":null},{"value":"9","type":"max","wgtd":null},{"value":"5.924","type":"mean","wgtd":null},{"value":"2.986","type":"stdev","wgtd":null}],"var_txt":null,"var_catgry":[{"value":"8","labl":"Porque es el hogar de sus padres o de sus familiares","is_missing":null,"stats":[{"value":"687","type":"freq","wgtd":null}]},{"value":"7","labl":"Por la conformaci\u00f3n de un nuevo hogar","is_missing":null,"stats":[{"value":"613","type":"freq","wgtd":null}]},{"value":"1","labl":"Por estudio","is_missing":null,"stats":[{"value":"553","type":"freq","wgtd":null}]},{"value":"9","labl":"Otra raz\u00f3n","is_missing":null,"stats":[{"value":"473","type":"freq","wgtd":null}]},{"value":"3","labl":"Porque la mam\u00e1, el pap\u00e1 o ambos padres trabajan en el hogar","is_missing":null,"stats":[{"value":"108","type":"freq","wgtd":null}]},{"value":"4","labl":"Porque su familia lo maltrataba","is_missing":null,"stats":[{"value":"97","type":"freq","wgtd":null}]},{"value":"2","labl":"Porque trabaja o colabora en el hogar","is_missing":null,"stats":[{"value":"66","type":"freq","wgtd":null}]},{"value":"5","labl":"Por desplazamiento forzado por la violencia","is_missing":null,"stats":[{"value":"63","type":"freq","wgtd":null}]},{"value":"6","labl":"Por desplazamiento causado por desastres naturales","is_missing":null,"stats":[{"value":"22","type":"freq","wgtd":null}]},{"value":"Sysmiss","labl":null,"is_missing":"Y","stats":[{"value":"46277","type":"freq","wgtd":null}]}],"var_codinstr":null,"var_concept":[],"var_format":{"type":"numeric","schema":"other","category":null,"name":null},"var_notes":null,"var_val_range":{"min":"1","max":"9"},"fid":"F1","sid":"372","survey_idno":"DANE-DIRPEN-ENTI-2011"}